{"id":12804,"date":"2015-03-03T22:46:14","date_gmt":"2015-03-03T20:46:14","guid":{"rendered":"http:\/\/susanne-frigge.de\/?post_type=avada_portfolio&#038;p=12804"},"modified":"2022-10-09T11:30:15","modified_gmt":"2022-10-09T09:30:15","slug":"perlen","status":"publish","type":"avada_portfolio","link":"http:\/\/www.susanne-frigge.de\/schmuck\/blog\/portfolio-items\/perlen\/","title":{"rendered":"Perlen"},"content":{"rendered":"<p><div class=\"fusion-fullwidth fullwidth-box fusion-builder-row-1 fusion-flex-container nonhundred-percent-fullwidth non-hundred-percent-height-scrolling\" style=\"--awb-background-position:left top;--awb-border-color:#f6f6f6;--awb-border-radius-top-left:0px;--awb-border-radius-top-right:0px;--awb-border-radius-bottom-right:0px;--awb-border-radius-bottom-left:0px;--awb-padding-top:10px;--awb-padding-right:0px;--awb-padding-bottom:10px;--awb-padding-left:0px;--awb-background-color:no;--awb-border-sizes-top:1px;--awb-border-sizes-bottom:1px;--awb-flex-wrap:wrap;\" ><div class=\"fusion-builder-row fusion-row fusion-flex-align-items-flex-start fusion-flex-content-wrap\" style=\"max-width:1144px;margin-left: calc(-4% \/ 2 );margin-right: calc(-4% \/ 2 );\"><div class=\"fusion-layout-column fusion_builder_column fusion-builder-column-0 fusion_builder_column_1_2 1_2 fusion-flex-column\" style=\"--awb-bg-size:cover;--awb-width-large:50%;--awb-margin-top-large:0px;--awb-spacing-right-large:3.84%;--awb-margin-bottom-large:20px;--awb-spacing-left-large:3.84%;--awb-width-medium:50%;--awb-spacing-right-medium:3.84%;--awb-spacing-left-medium:3.84%;--awb-width-small:100%;--awb-spacing-right-small:1.92%;--awb-spacing-left-small:1.92%;\"><div class=\"fusion-column-wrapper fusion-flex-justify-content-flex-start fusion-content-layout-column\"><div class=\"fusion-separator fusion-full-width-sep\" style=\"align-self: center;margin-left: auto;margin-right: auto;margin-top:60px;width:100%;\"><\/div><div class=\"fusion-text fusion-text-1\"><p><a href=\"http:\/\/susanne-frigge.de\/schmuck-update\/wp-content\/uploads\/2015\/02\/Gold-Perle-wei\u00df.jpg\"><img decoding=\"async\" class=\"alignnone size-full wp-image-12248\" src=\"http:\/\/susanne-frigge.de\/schmuck-update\/wp-content\/uploads\/2015\/02\/Gold-Perle-wei\u00df.jpg\" alt=\"Gold Perle wei\u00df\" width=\"900\" height=\"600\" srcset=\"http:\/\/www.susanne-frigge.de\/schmuck\/wp-content\/uploads\/2015\/02\/Gold-Perle-wei\u00df-120x80.jpg 120w, http:\/\/www.susanne-frigge.de\/schmuck\/wp-content\/uploads\/2015\/02\/Gold-Perle-wei\u00df-300x200.jpg 300w, http:\/\/www.susanne-frigge.de\/schmuck\/wp-content\/uploads\/2015\/02\/Gold-Perle-wei\u00df-500x333.jpg 500w, http:\/\/www.susanne-frigge.de\/schmuck\/wp-content\/uploads\/2015\/02\/Gold-Perle-wei\u00df.jpg 900w\" sizes=\"(max-width: 900px) 100vw, 900px\" \/><\/a><\/p>\n<\/div><\/div><\/div><div class=\"fusion-layout-column fusion_builder_column fusion-builder-column-1 fusion_builder_column_1_2 1_2 fusion-flex-column\" style=\"--awb-bg-size:cover;--awb-width-large:50%;--awb-margin-top-large:0px;--awb-spacing-right-large:3.84%;--awb-margin-bottom-large:20px;--awb-spacing-left-large:3.84%;--awb-width-medium:50%;--awb-spacing-right-medium:3.84%;--awb-spacing-left-medium:3.84%;--awb-width-small:100%;--awb-spacing-right-small:1.92%;--awb-spacing-left-small:1.92%;\"><div class=\"fusion-column-wrapper fusion-flex-justify-content-flex-start fusion-content-layout-column\"><div class=\"fusion-text fusion-text-2\"><h2>Allgemeines zu Perlen<\/h2>\n<\/div><div class=\"fusion-separator fusion-full-width-sep\" style=\"align-self: center;margin-left: auto;margin-right: auto;margin-top:5px;margin-bottom:25px;width:100%;\"><div class=\"fusion-separator-border sep-single sep-solid\" style=\"--awb-height:20px;--awb-amount:20px;border-color:#e0dede;border-top-width:1px;\"><\/div><\/div><div class=\"fusion-text fusion-text-3\"><p>Es wird h\u00e4uftig gefragt, ob ein bestimmter Perlenstrang aus S\u00fc\u00dfwasser oder Zuchtperlen bestehe. Diese Frage ist so nicht exakt zu beantworten, so werden die Begrifflichkeiten oft durcheinandergebracht. Im Folgenden wird erkl\u00e4rt, welche Perlen ich verwende und wie genau diese entstehen.<\/p>\n<p>Jede Perle, die heutzutage in Schmuckst\u00fccken pr\u00e4sentiert wird ist eine Zuchtperle. (Nat\u00fcrlich gibt es einzelne Ausnahmen, wie Perlen vom Persischen Golf.) Somit sind S\u00fc\u00dfwasserperlen genau wie Salzwasserperlen vom Menschen kultiviert. Insgesamt sind S\u00fc\u00dfwasserperlen wesentlich einfacher zu z\u00fcchten und somit kosteng\u00fcnstiger, weshalb sie in gr\u00f6\u00dferen Mengen verarbeitet werden. Ich arbeite deshalb mit S\u00fc\u00dfwasserperlen in Colliers und Armb\u00e4ndern. Salzwasserperlen sind perfekter und strahlender, weshalb ich sie als Einzelst\u00fccke in Ringe einsetze.<\/p>\n<\/div><\/div><\/div><\/div><\/div><div class=\"fusion-fullwidth fullwidth-box fusion-builder-row-2 fusion-flex-container fusion-parallax-fixed nonhundred-percent-fullwidth non-hundred-percent-height-scrolling\" style=\"--awb-border-color:#dadada;--awb-border-radius-top-left:0px;--awb-border-radius-top-right:0px;--awb-border-radius-bottom-right:0px;--awb-border-radius-bottom-left:0px;--awb-padding-top:40px;--awb-padding-right:0px;--awb-padding-bottom:40px;--awb-padding-left:0px;--awb-background-color:no;--awb-background-image:url(&quot;http:\/\/susanne-frigge.de\/schmuck-update\/wp-content\/uploads\/2015\/03\/Armband-graue-Perle-copy.jpg&quot;);--awb-background-size:cover;--awb-border-sizes-top:1px;--awb-border-sizes-bottom:1px;--awb-flex-wrap:wrap;background-attachment:fixed;\" ><div class=\"fusion-builder-row fusion-row fusion-flex-align-items-flex-start fusion-flex-content-wrap\" style=\"max-width:calc( 1100px + 0px );margin-left: calc(-0px \/ 2 );margin-right: calc(-0px \/ 2 );\"><div class=\"fusion-layout-column fusion_builder_column fusion-builder-column-2 fusion_builder_column_1_1 1_1 fusion-flex-column fusion-flex-align-self-flex-start fusion-column-no-min-height\" style=\"--awb-bg-size:cover;--awb-width-large:100%;--awb-margin-top-large:0px;--awb-spacing-right-large:0px;--awb-margin-bottom-large:0px;--awb-spacing-left-large:0px;--awb-width-medium:100%;--awb-spacing-right-medium:0px;--awb-spacing-left-medium:0px;--awb-width-small:100%;--awb-spacing-right-small:0px;--awb-spacing-left-small:0px;\"><div class=\"fusion-column-wrapper fusion-flex-justify-content-flex-start fusion-content-layout-column\"><div class=\"fusion-separator fusion-full-width-sep\" style=\"align-self: center;margin-left: auto;margin-right: auto;margin-top:200px;margin-bottom:100px;width:100%;\"><\/div><\/div><\/div><\/div><\/div><div class=\"fusion-fullwidth fullwidth-box fusion-builder-row-3 fusion-flex-container nonhundred-percent-fullwidth non-hundred-percent-height-scrolling\" style=\"--awb-background-position:left top;--awb-border-color:#f6f6f6;--awb-border-radius-top-left:0px;--awb-border-radius-top-right:0px;--awb-border-radius-bottom-right:0px;--awb-border-radius-bottom-left:0px;--awb-padding-top:40px;--awb-padding-right:0px;--awb-padding-bottom:10px;--awb-padding-left:0px;--awb-background-color:no;--awb-border-sizes-top:1px;--awb-border-sizes-bottom:1px;--awb-flex-wrap:wrap;\" ><div class=\"fusion-builder-row fusion-row fusion-flex-align-items-flex-start fusion-flex-content-wrap\" style=\"max-width:1144px;margin-left: calc(-4% \/ 2 );margin-right: calc(-4% \/ 2 );\"><div class=\"fusion-layout-column fusion_builder_column fusion-builder-column-3 fusion_builder_column_1_2 1_2 fusion-flex-column\" style=\"--awb-bg-size:cover;--awb-width-large:50%;--awb-margin-top-large:0px;--awb-spacing-right-large:3.84%;--awb-margin-bottom-large:20px;--awb-spacing-left-large:3.84%;--awb-width-medium:50%;--awb-spacing-right-medium:3.84%;--awb-spacing-left-medium:3.84%;--awb-width-small:100%;--awb-spacing-right-small:1.92%;--awb-spacing-left-small:1.92%;\"><div class=\"fusion-column-wrapper fusion-flex-justify-content-flex-start fusion-content-layout-column\"><div class=\"fusion-text fusion-text-4\"><h2>Die S\u00fcsswasserperle<\/h2>\n<\/div><div class=\"fusion-separator fusion-full-width-sep\" style=\"align-self: center;margin-left: auto;margin-right: auto;margin-top:5px;margin-bottom:25px;width:100%;\"><div class=\"fusion-separator-border sep-single sep-solid\" style=\"--awb-height:20px;--awb-amount:20px;border-color:#e0dede;border-top-width:1px;\"><\/div><\/div><div class=\"fusion-text fusion-text-5\"><p>S\u00fc\u00dfwasserperlen entstehen, indem ein kleiner Schnitt im Gewebe der Muschel vorgenommen und ein Gewebeteilchen einer anderen Muschel eingesetzt wird. Dieser Vorgang wird bis zu 25 mal an jeder H\u00e4lfte der Muschel vorgenommen, so dass bis zu 50 Perlen entstehen k\u00f6nnen. Die Muscheln werden dann zur\u00fcck in ihren Lebensraum im Binnengew\u00e4sser gesetzt. Nachdem die Perlen herausgenommen werden, kann der Vorgang wiederholt werden. Diese Perlen bestehen also aus solidem Perlmutt,\u00a0jedoch sind sie selten rund. Es entstehen alle m\u00f6glichen Formen und Farbenschattierungen wie lila, gelb, blau und gr\u00fcn.<\/p>\n<p>Diese Muscheln sind auch viel leichter anzubauen. Ihre Sterberate ist deutlich niedriger als die der mit Nukleus best\u00fcckten. Au\u00dferdem werden S\u00fc\u00dfwassermuscheln seltener Opfer von Naturkatastrophen wie Taifunen und Flutwellen, die Meerwasser-Perlenfarmen plagen. Durch die unkompliziertere und schnellere Z\u00fcchtung sind S\u00fc\u00dfwasserperlen kosteng\u00fcnstiger als Salzwasserperlen. So gut wie alle S\u00fc\u00dfwasserperlen kommen heutzutage aus China.<\/p>\n<\/div><\/div><\/div><div class=\"fusion-layout-column fusion_builder_column fusion-builder-column-4 fusion_builder_column_1_2 1_2 fusion-flex-column\" style=\"--awb-bg-size:cover;--awb-width-large:50%;--awb-margin-top-large:0px;--awb-spacing-right-large:3.84%;--awb-margin-bottom-large:20px;--awb-spacing-left-large:3.84%;--awb-width-medium:50%;--awb-spacing-right-medium:3.84%;--awb-spacing-left-medium:3.84%;--awb-width-small:100%;--awb-spacing-right-small:1.92%;--awb-spacing-left-small:1.92%;\"><div class=\"fusion-column-wrapper fusion-flex-justify-content-flex-start fusion-content-layout-column\"><div class=\"fusion-separator fusion-full-width-sep\" style=\"align-self: center;margin-left: auto;margin-right: auto;margin-top:60px;width:100%;\"><\/div><div class=\"fusion-text fusion-text-6\"><p><a href=\"http:\/\/susanne-frigge.de\/schmuck-update\/wp-content\/uploads\/2015\/02\/Armband-kleine-Perlen1.jpg\"><img decoding=\"async\" class=\"alignnone size-full wp-image-12174\" src=\"http:\/\/susanne-frigge.de\/schmuck-update\/wp-content\/uploads\/2015\/02\/Armband-kleine-Perlen1.jpg\" alt=\"Armband kleine Perlen\" width=\"900\" height=\"600\" srcset=\"http:\/\/www.susanne-frigge.de\/schmuck\/wp-content\/uploads\/2015\/02\/Armband-kleine-Perlen1-120x80.jpg 120w, http:\/\/www.susanne-frigge.de\/schmuck\/wp-content\/uploads\/2015\/02\/Armband-kleine-Perlen1-300x200.jpg 300w, http:\/\/www.susanne-frigge.de\/schmuck\/wp-content\/uploads\/2015\/02\/Armband-kleine-Perlen1-500x333.jpg 500w, http:\/\/www.susanne-frigge.de\/schmuck\/wp-content\/uploads\/2015\/02\/Armband-kleine-Perlen1.jpg 900w\" sizes=\"(max-width: 900px) 100vw, 900px\" \/><\/a><\/p>\n<\/div><\/div><\/div><\/div><\/div><div class=\"fusion-fullwidth fullwidth-box fusion-builder-row-4 fusion-flex-container fusion-parallax-fixed nonhundred-percent-fullwidth non-hundred-percent-height-scrolling\" style=\"--awb-border-color:#dadada;--awb-border-radius-top-left:0px;--awb-border-radius-top-right:0px;--awb-border-radius-bottom-right:0px;--awb-border-radius-bottom-left:0px;--awb-padding-top:40px;--awb-padding-right:0px;--awb-padding-bottom:40px;--awb-padding-left:0px;--awb-background-color:no;--awb-background-image:url(&quot;http:\/\/susanne-frigge.de\/schmuck-update\/wp-content\/uploads\/2015\/03\/Zweiender-Perle-wei\u00df-2.jpg&quot;);--awb-background-size:cover;--awb-border-sizes-top:1px;--awb-border-sizes-bottom:1px;--awb-flex-wrap:wrap;background-attachment:fixed;\" ><div class=\"fusion-builder-row fusion-row fusion-flex-align-items-flex-start fusion-flex-content-wrap\" style=\"max-width:calc( 1100px + 0px );margin-left: calc(-0px \/ 2 );margin-right: calc(-0px \/ 2 );\"><div class=\"fusion-layout-column fusion_builder_column fusion-builder-column-5 fusion_builder_column_1_1 1_1 fusion-flex-column fusion-flex-align-self-flex-start fusion-column-no-min-height\" style=\"--awb-bg-size:cover;--awb-width-large:100%;--awb-margin-top-large:0px;--awb-spacing-right-large:0px;--awb-margin-bottom-large:0px;--awb-spacing-left-large:0px;--awb-width-medium:100%;--awb-spacing-right-medium:0px;--awb-spacing-left-medium:0px;--awb-width-small:100%;--awb-spacing-right-small:0px;--awb-spacing-left-small:0px;\"><div class=\"fusion-column-wrapper fusion-flex-justify-content-flex-start fusion-content-layout-column\"><div class=\"fusion-separator fusion-full-width-sep\" style=\"align-self: center;margin-left: auto;margin-right: auto;margin-top:200px;margin-bottom:100px;width:100%;\"><\/div><\/div><\/div><\/div><\/div><div class=\"fusion-fullwidth fullwidth-box fusion-builder-row-5 fusion-flex-container nonhundred-percent-fullwidth non-hundred-percent-height-scrolling\" style=\"--awb-background-position:left top;--awb-border-color:#f6f6f6;--awb-border-radius-top-left:0px;--awb-border-radius-top-right:0px;--awb-border-radius-bottom-right:0px;--awb-border-radius-bottom-left:0px;--awb-padding-top:40px;--awb-padding-right:0px;--awb-padding-bottom:10px;--awb-padding-left:0px;--awb-background-color:no;--awb-border-sizes-top:1px;--awb-border-sizes-bottom:1px;--awb-flex-wrap:wrap;\" ><div class=\"fusion-builder-row fusion-row fusion-flex-align-items-flex-start fusion-flex-content-wrap\" style=\"max-width:1144px;margin-left: calc(-4% \/ 2 );margin-right: calc(-4% \/ 2 );\"><div class=\"fusion-layout-column fusion_builder_column fusion-builder-column-6 fusion_builder_column_1_2 1_2 fusion-flex-column\" style=\"--awb-bg-size:cover;--awb-width-large:50%;--awb-margin-top-large:0px;--awb-spacing-right-large:3.84%;--awb-margin-bottom-large:20px;--awb-spacing-left-large:3.84%;--awb-width-medium:50%;--awb-spacing-right-medium:3.84%;--awb-spacing-left-medium:3.84%;--awb-width-small:100%;--awb-spacing-right-small:1.92%;--awb-spacing-left-small:1.92%;\"><div class=\"fusion-column-wrapper fusion-flex-justify-content-flex-start fusion-content-layout-column\"><div class=\"fusion-separator fusion-full-width-sep\" style=\"align-self: center;margin-left: auto;margin-right: auto;margin-top:60px;width:100%;\"><\/div><div class=\"fusion-text fusion-text-7\"><p><a href=\"http:\/\/susanne-frigge.de\/schmuck-update\/wp-content\/uploads\/2015\/03\/Zweiender-Perle-wei\u00df-3.jpg\"><img decoding=\"async\" class=\"alignnone size-full wp-image-13073\" src=\"http:\/\/susanne-frigge.de\/schmuck-update\/wp-content\/uploads\/2015\/03\/Zweiender-Perle-wei\u00df-3.jpg\" alt=\"Zweiender Perle wei\u00df 3\" width=\"2406\" height=\"1604\" srcset=\"http:\/\/www.susanne-frigge.de\/schmuck\/wp-content\/uploads\/2015\/03\/Zweiender-Perle-wei\u00df-3-120x80.jpg 120w, http:\/\/www.susanne-frigge.de\/schmuck\/wp-content\/uploads\/2015\/03\/Zweiender-Perle-wei\u00df-3-300x200.jpg 300w, http:\/\/www.susanne-frigge.de\/schmuck\/wp-content\/uploads\/2015\/03\/Zweiender-Perle-wei\u00df-3-500x333.jpg 500w, http:\/\/www.susanne-frigge.de\/schmuck\/wp-content\/uploads\/2015\/03\/Zweiender-Perle-wei\u00df-3-1024x682.jpg 1024w, http:\/\/www.susanne-frigge.de\/schmuck\/wp-content\/uploads\/2015\/03\/Zweiender-Perle-wei\u00df-3.jpg 2406w\" sizes=\"(max-width: 2406px) 100vw, 2406px\" \/><\/a><\/p>\n<\/div><\/div><\/div><div class=\"fusion-layout-column fusion_builder_column fusion-builder-column-7 fusion_builder_column_1_2 1_2 fusion-flex-column\" style=\"--awb-bg-size:cover;--awb-width-large:50%;--awb-margin-top-large:0px;--awb-spacing-right-large:3.84%;--awb-margin-bottom-large:20px;--awb-spacing-left-large:3.84%;--awb-width-medium:50%;--awb-spacing-right-medium:3.84%;--awb-spacing-left-medium:3.84%;--awb-width-small:100%;--awb-spacing-right-small:1.92%;--awb-spacing-left-small:1.92%;\"><div class=\"fusion-column-wrapper fusion-flex-justify-content-flex-start fusion-content-layout-column\"><div class=\"fusion-text fusion-text-8\"><h2>Die Salzwasserperle<\/h2>\n<\/div><div class=\"fusion-separator fusion-full-width-sep\" style=\"align-self: center;margin-left: auto;margin-right: auto;margin-top:5px;margin-bottom:25px;width:100%;\"><div class=\"fusion-separator-border sep-single sep-solid\" style=\"--awb-height:20px;--awb-amount:20px;border-color:#e0dede;border-top-width:1px;\"><\/div><\/div><div class=\"fusion-text fusion-text-9\"><p>Anders als bei S\u00fc\u00dfwasserperlen wird bei Salzwasserperlen zus\u00e4tzlich zu einem St\u00fcck fremden Muschelgewebe auch noch ein runder Perlmuttkern in die Wirtsauster eingesetzt. Es k\u00f6nnen auch im Gegensatz zu S\u00fc\u00dfwassermuscheln nur zwei bis vier Perlen pro Muschel gez\u00fcchtet werden. Bei S\u00fcdseeperlen sogar nur eine, was diese noch besonderer macht. Au\u00dferdem werden sie nach dem Ernten nicht wieder bekernt.<\/p>\n<p>Der Wert einer Perle richtet sich vor allem nach Gr\u00f6sse, Form, Farbe, Glanz und Beschaffenheit der Oberfl\u00e4che. Salzwasserperlen haben einen strahlenderen Glanz und wachsen langsamer als S\u00fc\u00dfwasserperlen, so sind sie begehrter und h\u00f6her im Wert.<br \/>\nZu den Salzwasserperlen z\u00e4hlen Akoya-, S\u00fcdsee- und Tahitiperlen.<br \/>\nAkoya-Perlen stammen aus China und werden meist nachbehandelt und gebleicht. Hier k\u00f6nnen 2-4 Perlen pro Muschel gez\u00fcchtet werden. Zudem ist ihre Perlmuttschicht d\u00fcnner als die der S\u00fcdseeperlen. Sie sind somit die h\u00e4ufigsten Salzwasserperlen.<\/p>\n<\/div><\/div><\/div><div class=\"fusion-layout-column fusion_builder_column fusion-builder-column-8 fusion_builder_column_1_1 1_1 fusion-flex-column fusion-flex-align-self-flex-start fusion-column-no-min-height\" style=\"--awb-bg-size:cover;--awb-width-large:100%;--awb-margin-top-large:0px;--awb-spacing-right-large:1.92%;--awb-margin-bottom-large:0px;--awb-spacing-left-large:1.92%;--awb-width-medium:100%;--awb-spacing-right-medium:1.92%;--awb-spacing-left-medium:1.92%;--awb-width-small:100%;--awb-spacing-right-small:1.92%;--awb-spacing-left-small:1.92%;\"><div class=\"fusion-column-wrapper fusion-flex-justify-content-flex-start fusion-content-layout-column\"><div class=\"fusion-separator fusion-full-width-sep\" style=\"align-self: center;margin-left: auto;margin-right: auto;margin-top:20px;margin-bottom:25px;width:100%;\"><\/div><\/div><\/div><\/div><\/div><div class=\"fusion-fullwidth fullwidth-box fusion-builder-row-6 fusion-flex-container fusion-parallax-fixed nonhundred-percent-fullwidth non-hundred-percent-height-scrolling\" style=\"--awb-border-color:#dadada;--awb-border-radius-top-left:0px;--awb-border-radius-top-right:0px;--awb-border-radius-bottom-right:0px;--awb-border-radius-bottom-left:0px;--awb-padding-top:40px;--awb-padding-right:0px;--awb-padding-bottom:40px;--awb-padding-left:0px;--awb-background-color:no;--awb-background-image:url(&quot;http:\/\/susanne-frigge.de\/schmuck-update\/wp-content\/uploads\/2015\/03\/Armband-Roseperlen.jpg&quot;);--awb-background-size:cover;--awb-border-sizes-top:1px;--awb-border-sizes-bottom:1px;--awb-flex-wrap:wrap;background-attachment:fixed;\" ><div class=\"fusion-builder-row fusion-row fusion-flex-align-items-flex-start fusion-flex-content-wrap\" style=\"max-width:calc( 1100px + 0px );margin-left: calc(-0px \/ 2 );margin-right: calc(-0px \/ 2 );\"><div class=\"fusion-layout-column fusion_builder_column fusion-builder-column-9 fusion_builder_column_1_1 1_1 fusion-flex-column fusion-flex-align-self-flex-start fusion-column-no-min-height\" style=\"--awb-bg-size:cover;--awb-width-large:100%;--awb-margin-top-large:0px;--awb-spacing-right-large:0px;--awb-margin-bottom-large:0px;--awb-spacing-left-large:0px;--awb-width-medium:100%;--awb-spacing-right-medium:0px;--awb-spacing-left-medium:0px;--awb-width-small:100%;--awb-spacing-right-small:0px;--awb-spacing-left-small:0px;\"><div class=\"fusion-column-wrapper fusion-flex-justify-content-flex-start fusion-content-layout-column\"><div class=\"fusion-separator fusion-full-width-sep\" style=\"align-self: center;margin-left: auto;margin-right: auto;margin-top:200px;margin-bottom:100px;width:100%;\"><\/div><\/div><\/div><\/div><\/div><div class=\"fusion-fullwidth fullwidth-box fusion-builder-row-7 fusion-flex-container nonhundred-percent-fullwidth non-hundred-percent-height-scrolling\" style=\"--awb-background-position:left top;--awb-border-radius-top-left:0px;--awb-border-radius-top-right:0px;--awb-border-radius-bottom-right:0px;--awb-border-radius-bottom-left:0px;--awb-padding-top:0px;--awb-padding-right:0px;--awb-padding-bottom:0px;--awb-padding-left:0px;--awb-background-color:no;--awb-border-sizes-top:0px;--awb-border-sizes-bottom:0px;--awb-flex-wrap:wrap;\" ><div class=\"fusion-builder-row fusion-row fusion-flex-align-items-flex-start fusion-flex-content-wrap\" style=\"max-width:1144px;margin-left: calc(-4% \/ 2 );margin-right: calc(-4% \/ 2 );\"><div class=\"fusion-layout-column fusion_builder_column fusion-builder-column-10 fusion_builder_column_1_1 1_1 fusion-flex-column fusion-flex-align-self-flex-start fusion-column-no-min-height\" style=\"--awb-bg-size:cover;--awb-width-large:100%;--awb-margin-top-large:0px;--awb-spacing-right-large:1.92%;--awb-margin-bottom-large:0px;--awb-spacing-left-large:1.92%;--awb-width-medium:100%;--awb-spacing-right-medium:1.92%;--awb-spacing-left-medium:1.92%;--awb-width-small:100%;--awb-spacing-right-small:1.92%;--awb-spacing-left-small:1.92%;\"><div class=\"fusion-column-wrapper fusion-flex-justify-content-flex-start fusion-content-layout-column\"><div class=\"fusion-separator fusion-full-width-sep\" style=\"align-self: center;margin-left: auto;margin-right: auto;margin-top:20px;margin-bottom:25px;width:100%;\"><\/div><\/div><\/div><div class=\"fusion-layout-column fusion_builder_column fusion-builder-column-11 fusion_builder_column_1_2 1_2 fusion-flex-column\" style=\"--awb-bg-size:cover;--awb-width-large:50%;--awb-margin-top-large:0px;--awb-spacing-right-large:3.84%;--awb-margin-bottom-large:20px;--awb-spacing-left-large:3.84%;--awb-width-medium:50%;--awb-spacing-right-medium:3.84%;--awb-spacing-left-medium:3.84%;--awb-width-small:100%;--awb-spacing-right-small:1.92%;--awb-spacing-left-small:1.92%;\"><div class=\"fusion-column-wrapper fusion-flex-justify-content-flex-start fusion-content-layout-column\"><div class=\"fusion-text fusion-text-10\"><p><a href=\"http:\/\/susanne-frigge.de\/schmuck-update\/wp-content\/uploads\/2015\/03\/Zweiender-Perle-wei\u00df1.jpg\"><img decoding=\"async\" class=\"alignnone size-full wp-image-13071\" src=\"http:\/\/susanne-frigge.de\/schmuck-update\/wp-content\/uploads\/2015\/03\/Zweiender-Perle-wei\u00df1.jpg\" alt=\"Zweiender Perle wei\u00df\" width=\"2460\" height=\"1640\" srcset=\"http:\/\/www.susanne-frigge.de\/schmuck\/wp-content\/uploads\/2015\/03\/Zweiender-Perle-wei\u00df1-120x80.jpg 120w, http:\/\/www.susanne-frigge.de\/schmuck\/wp-content\/uploads\/2015\/03\/Zweiender-Perle-wei\u00df1-300x200.jpg 300w, http:\/\/www.susanne-frigge.de\/schmuck\/wp-content\/uploads\/2015\/03\/Zweiender-Perle-wei\u00df1-500x333.jpg 500w, http:\/\/www.susanne-frigge.de\/schmuck\/wp-content\/uploads\/2015\/03\/Zweiender-Perle-wei\u00df1-1024x682.jpg 1024w, http:\/\/www.susanne-frigge.de\/schmuck\/wp-content\/uploads\/2015\/03\/Zweiender-Perle-wei\u00df1.jpg 2460w\" sizes=\"(max-width: 2460px) 100vw, 2460px\" \/><\/a><\/p>\n<\/div><\/div><\/div><div class=\"fusion-layout-column fusion_builder_column fusion-builder-column-12 fusion_builder_column_1_2 1_2 fusion-flex-column\" style=\"--awb-bg-size:cover;--awb-width-large:50%;--awb-margin-top-large:0px;--awb-spacing-right-large:3.84%;--awb-margin-bottom-large:20px;--awb-spacing-left-large:3.84%;--awb-width-medium:50%;--awb-spacing-right-medium:3.84%;--awb-spacing-left-medium:3.84%;--awb-width-small:100%;--awb-spacing-right-small:1.92%;--awb-spacing-left-small:1.92%;\"><div class=\"fusion-column-wrapper fusion-flex-justify-content-flex-start fusion-content-layout-column\"><div class=\"fusion-text fusion-text-11\"><h2>Die S\u00fcdsee-Perle<\/h2>\n<\/div><div class=\"fusion-separator fusion-full-width-sep\" style=\"align-self: center;margin-left: auto;margin-right: auto;margin-top:5px;margin-bottom:25px;width:100%;\"><div class=\"fusion-separator-border sep-single sep-solid\" style=\"--awb-height:20px;--awb-amount:20px;border-color:#e0dede;border-top-width:1px;\"><\/div><\/div><div class=\"fusion-text fusion-text-12\"><p>Die S\u00fcdseeperle wird in der Auster &#8222;Pinctada Maxima&#8220; gez\u00fcchtet und die Zeitdauer betr\u00e4gt immer zwei Jahre. Nach dem Ernten bleibt sie naturbelassen und wird nicht ver\u00e4ndert. Das Farbspectrum reicht von wei\u00df bis goldgelb und blaugrau. Die Genaugenommen wird die S\u00fcdseeperle bei Australien, den Cook-Islands und Indonesien gez\u00fcchtet, jedoch gibt es seit Kurzem auch gleichwertige Perlen aus dem Roten Meer.<\/p>\n<\/div><\/div><\/div><\/div><\/div><div class=\"fusion-fullwidth fullwidth-box fusion-builder-row-8 fusion-flex-container nonhundred-percent-fullwidth non-hundred-percent-height-scrolling\" style=\"--awb-background-position:left top;--awb-border-radius-top-left:0px;--awb-border-radius-top-right:0px;--awb-border-radius-bottom-right:0px;--awb-border-radius-bottom-left:0px;--awb-padding-top:0px;--awb-padding-right:0px;--awb-padding-bottom:0px;--awb-padding-left:0px;--awb-background-color:no;--awb-border-sizes-top:0px;--awb-border-sizes-bottom:0px;--awb-flex-wrap:wrap;\" ><div class=\"fusion-builder-row fusion-row fusion-flex-align-items-flex-start fusion-flex-content-wrap\" style=\"max-width:1144px;margin-left: calc(-4% \/ 2 );margin-right: calc(-4% \/ 2 );\"><div class=\"fusion-layout-column fusion_builder_column fusion-builder-column-13 fusion_builder_column_1_1 1_1 fusion-flex-column fusion-flex-align-self-flex-start fusion-column-no-min-height\" style=\"--awb-bg-size:cover;--awb-width-large:100%;--awb-margin-top-large:0px;--awb-spacing-right-large:1.92%;--awb-margin-bottom-large:0px;--awb-spacing-left-large:1.92%;--awb-width-medium:100%;--awb-spacing-right-medium:1.92%;--awb-spacing-left-medium:1.92%;--awb-width-small:100%;--awb-spacing-right-small:1.92%;--awb-spacing-left-small:1.92%;\"><div class=\"fusion-column-wrapper fusion-flex-justify-content-flex-start fusion-content-layout-column\"><div class=\"fusion-separator fusion-full-width-sep\" style=\"align-self: center;margin-left: auto;margin-right: auto;margin-top:20px;margin-bottom:25px;width:100%;\"><div class=\"fusion-separator-border sep-single sep-solid\" style=\"--awb-height:20px;--awb-amount:20px;border-color:#e0dede;border-top-width:1px;\"><\/div><\/div><\/div><\/div><div class=\"fusion-layout-column fusion_builder_column fusion-builder-column-14 fusion_builder_column_1_2 1_2 fusion-flex-column\" style=\"--awb-bg-size:cover;--awb-width-large:50%;--awb-margin-top-large:0px;--awb-spacing-right-large:3.84%;--awb-margin-bottom-large:20px;--awb-spacing-left-large:3.84%;--awb-width-medium:50%;--awb-spacing-right-medium:3.84%;--awb-spacing-left-medium:3.84%;--awb-width-small:100%;--awb-spacing-right-small:1.92%;--awb-spacing-left-small:1.92%;\"><div class=\"fusion-column-wrapper fusion-flex-justify-content-flex-start fusion-content-layout-column\"><div class=\"fusion-text fusion-text-13\"><p><a href=\"http:\/\/susanne-frigge.de\/schmuck-update\/wp-content\/uploads\/2015\/03\/IMG_4107-Kopie-2.jpg\"><img decoding=\"async\" class=\"alignnone size-full wp-image-13069\" src=\"http:\/\/susanne-frigge.de\/schmuck-update\/wp-content\/uploads\/2015\/03\/IMG_4107-Kopie-2.jpg\" alt=\"IMG_4107 Kopie 2\" width=\"2988\" height=\"1992\" srcset=\"http:\/\/www.susanne-frigge.de\/schmuck\/wp-content\/uploads\/2015\/03\/IMG_4107-Kopie-2-120x80.jpg 120w, http:\/\/www.susanne-frigge.de\/schmuck\/wp-content\/uploads\/2015\/03\/IMG_4107-Kopie-2-300x200.jpg 300w, http:\/\/www.susanne-frigge.de\/schmuck\/wp-content\/uploads\/2015\/03\/IMG_4107-Kopie-2-500x333.jpg 500w, http:\/\/www.susanne-frigge.de\/schmuck\/wp-content\/uploads\/2015\/03\/IMG_4107-Kopie-2-1024x682.jpg 1024w, http:\/\/www.susanne-frigge.de\/schmuck\/wp-content\/uploads\/2015\/03\/IMG_4107-Kopie-2.jpg 2988w\" sizes=\"(max-width: 2988px) 100vw, 2988px\" \/><\/a><\/p>\n<\/div><\/div><\/div><div class=\"fusion-layout-column fusion_builder_column fusion-builder-column-15 fusion_builder_column_1_2 1_2 fusion-flex-column\" style=\"--awb-bg-size:cover;--awb-width-large:50%;--awb-margin-top-large:0px;--awb-spacing-right-large:3.84%;--awb-margin-bottom-large:20px;--awb-spacing-left-large:3.84%;--awb-width-medium:50%;--awb-spacing-right-medium:3.84%;--awb-spacing-left-medium:3.84%;--awb-width-small:100%;--awb-spacing-right-small:1.92%;--awb-spacing-left-small:1.92%;\"><div class=\"fusion-column-wrapper fusion-flex-justify-content-flex-start fusion-content-layout-column\"><div class=\"fusion-text fusion-text-14\"><h2>Die Tahiti-Perle<\/h2>\n<\/div><div class=\"fusion-separator fusion-full-width-sep\" style=\"align-self: center;margin-left: auto;margin-right: auto;margin-top:5px;margin-bottom:25px;width:100%;\"><div class=\"fusion-separator-border sep-single sep-solid\" style=\"--awb-height:20px;--awb-amount:20px;border-color:#e0dede;border-top-width:1px;\"><\/div><\/div><div class=\"fusion-text fusion-text-15\"><p>Die Tahiti-Perle ist ebenfalls eine Salzwasser-Zuchtperle und wird in der Auster \u201cPinctada Margeritifera\u201d gez\u00fcchtet. Auch hier betr\u00e4gt die Beschichtungszeit zwei Jahre. Strikt gesehen ist die Tahiti-Perle auch eine S\u00fcdseeperle, sie wird jedoch nur in Franz\u00f6sisch Polynesien gez\u00fcchtet und ihre Farbe ist anthrazit mit verschiedenen Farbschattierungen.<\/p>\n<\/div><\/div><\/div><\/div><\/div><div class=\"fusion-fullwidth fullwidth-box fusion-builder-row-9 fusion-flex-container hundred-percent-fullwidth non-hundred-percent-height-scrolling\" style=\"--awb-border-radius-top-left:0px;--awb-border-radius-top-right:0px;--awb-border-radius-bottom-right:0px;--awb-border-radius-bottom-left:0px;--awb-overflow:visible;--awb-margin-top:50px;--awb-background-color:rgba(255,255,255,0);--awb-flex-wrap:wrap;\" ><div class=\"fusion-builder-row fusion-row fusion-flex-align-items-flex-start fusion-flex-content-wrap\" style=\"width:calc( 100% + 0px ) !important;max-width:calc( 100% + 0px ) !important;margin-left: calc(-0px \/ 2 );margin-right: calc(-0px \/ 2 );\"><div class=\"fusion-layout-column fusion_builder_column fusion-builder-column-16 fusion_builder_column_1_1 1_1 fusion-flex-column fusion-flex-align-self-flex-start fusion-column-no-min-height\" style=\"--awb-bg-size:cover;--awb-width-large:100%;--awb-margin-top-large:0px;--awb-spacing-right-large:0px;--awb-margin-bottom-large:0px;--awb-spacing-left-large:0px;--awb-width-medium:100%;--awb-spacing-right-medium:0px;--awb-spacing-left-medium:0px;--awb-width-small:100%;--awb-spacing-right-small:0px;--awb-spacing-left-small:0px;\"><div class=\"fusion-column-wrapper fusion-flex-justify-content-flex-start fusion-content-layout-column\"><div class=\"fusion-separator fusion-full-width-sep\" style=\"align-self: center;margin-left: auto;margin-right: auto;width:100%;\"><\/div><\/div><\/div><\/div><\/div><div class=\"fusion-fullwidth fullwidth-box fusion-builder-row-10 fusion-flex-container hundred-percent-fullwidth non-hundred-percent-height-scrolling\" style=\"--awb-border-radius-top-left:0px;--awb-border-radius-top-right:0px;--awb-border-radius-bottom-right:0px;--awb-border-radius-bottom-left:0px;--awb-overflow:visible;--awb-flex-wrap:wrap;\" ><div class=\"fusion-builder-row fusion-row fusion-flex-align-items-flex-start fusion-flex-content-wrap\" style=\"width:calc( 100% + 0px ) !important;max-width:calc( 100% + 0px ) !important;margin-left: calc(-0px \/ 2 );margin-right: calc(-0px \/ 2 );\"><div class=\"fusion-layout-column fusion_builder_column fusion-builder-column-17 fusion_builder_column_1_1 1_1 fusion-flex-column fusion-flex-align-self-flex-start fusion-column-no-min-height\" style=\"--awb-bg-size:cover;--awb-width-large:100%;--awb-margin-top-large:0px;--awb-spacing-right-large:0px;--awb-margin-bottom-large:0px;--awb-spacing-left-large:0px;--awb-width-medium:100%;--awb-spacing-right-medium:0px;--awb-spacing-left-medium:0px;--awb-width-small:100%;--awb-spacing-right-small:0px;--awb-spacing-left-small:0px;\"><div class=\"fusion-column-wrapper fusion-flex-justify-content-flex-start fusion-content-layout-column\"><div class=\"fusion-title title fusion-title-1 fusion-title-text fusion-title-size-two\"><div class=\"title-sep-container title-sep-container-left fusion-no-large-visibility fusion-no-medium-visibility fusion-no-small-visibility\"><div class=\"title-sep sep-single sep-solid\" style=\"border-color:#e0dede;\"><\/div><\/div><span class=\"awb-title-spacer fusion-no-large-visibility fusion-no-medium-visibility fusion-no-small-visibility\"><\/span><h2 class=\"fusion-title-heading title-heading-left\" style=\"margin:0;\">Hier finden sie meine Werke mit Perlen<\/h2><span class=\"awb-title-spacer\"><\/span><div class=\"title-sep-container title-sep-container-right\"><div class=\"title-sep sep-single sep-solid\" style=\"border-color:#e0dede;\"><\/div><\/div><\/div><div class=\"fusion-separator fusion-full-width-sep\" style=\"align-self: center;margin-left: auto;margin-right: auto;margin-top:20px;width:100%;\"><\/div><\/div><\/div><div class=\"fusion-layout-column fusion_builder_column fusion-builder-column-18 fusion_builder_column_1_1 1_1 fusion-flex-column fusion-flex-align-self-flex-start fusion-column-no-min-height\" style=\"--awb-bg-size:cover;--awb-width-large:100%;--awb-margin-top-large:0px;--awb-spacing-right-large:0px;--awb-margin-bottom-large:0px;--awb-spacing-left-large:0px;--awb-width-medium:100%;--awb-spacing-right-medium:0px;--awb-spacing-left-medium:0px;--awb-width-small:100%;--awb-spacing-right-small:0px;--awb-spacing-left-small:0px;\"><div class=\"fusion-column-wrapper fusion-flex-justify-content-flex-start fusion-content-layout-column\"><div class=\"fusion-recent-works fusion-portfolio-element fusion-portfolio fusion-portfolio-1 fusion-portfolio-carousel fusion-portfolio-paging-none recent-works-carousel portfolio-carousel fusion-portfolio-rollover\" data-id=\"-rw-1\"><div class=\"awb-carousel awb-swiper awb-swiper-carousel fusion-portfolio-carousel-fixed\" style=\"--awb-columns:3;\" data-autoplay=\"no\" data-columns=\"3\" data-itemmargin=\"20\" data-itemwidth=\"180\" data-touchscroll=\"no\" data-imagesize=\"fixed\"><div class=\"swiper-wrapper\"><div class=\"swiper-slide\"><div class=\"fusion-carousel-item-wrapper\"><span class=\"entry-title rich-snippet-hidden\">Armband mit wei\u00dfen Perlen<\/span><span class=\"vcard rich-snippet-hidden\"><span class=\"fn\"><a href=\"http:\/\/www.susanne-frigge.de\/schmuck\/blog\/author\/susannefrigge\/\" title=\"Beitr\u00e4ge von SusanneFrigge\" rel=\"author\">SusanneFrigge<\/a><\/span><\/span><span class=\"updated rich-snippet-hidden\">2022-10-09T11:30:22+02:00<\/span><div  class=\"fusion-image-wrapper fusion-image-size-fixed\" aria-haspopup=\"true\">\n\t\t\t\t<img decoding=\"async\" width=\"420\" height=\"280\" src=\"http:\/\/www.susanne-frigge.de\/schmuck\/wp-content\/uploads\/2015\/02\/Armband-kleine-Perlen2.jpg\" class=\"attachment-portfolio-two size-portfolio-two wp-post-image\" alt=\"\" srcset=\"http:\/\/www.susanne-frigge.de\/schmuck\/wp-content\/uploads\/2015\/02\/Armband-kleine-Perlen2-120x80.jpg 120w, http:\/\/www.susanne-frigge.de\/schmuck\/wp-content\/uploads\/2015\/02\/Armband-kleine-Perlen2-300x200.jpg 300w, http:\/\/www.susanne-frigge.de\/schmuck\/wp-content\/uploads\/2015\/02\/Armband-kleine-Perlen2.jpg 420w\" sizes=\"(max-width: 420px) 100vw, 420px\" \/><div class=\"fusion-rollover\">\n\t<div class=\"fusion-rollover-content\">\n\n\t\t\t\t\t\t\t\t\t\t\t\t\t\t<a class=\"fusion-rollover-link\" href=\"http:\/\/www.susanne-frigge.de\/schmuck\/blog\/portfolio-items\/armband-mit-weissen-perlen\/\">Armband mit wei\u00dfen Perlen<\/a>\n\t\t\t\n\t\t\t\t\t\t\t\t\t\t\t\t\t\t\n\t\t\t\t\t\t\t\t\n\t\t\t\t\t\t\t\t\t\t\t\t\t<div class=\"fusion-rollover-sep\"><\/div>\n\t\t\t\t\n\t\t\t\t\t\t\t\t\t\t\t\t\t\t\t\t\t\t<a class=\"fusion-rollover-gallery\" href=\"http:\/\/www.susanne-frigge.de\/schmuck\/wp-content\/uploads\/2015\/02\/Armband-kleine-Perlen2.jpg\" data-options=\"\" data-id=\"12172\" data-rel=\"iLightbox[gallery-rw-1]\" data-title=\"Armband kleine Perlen\" data-caption=\"\">\n\t\t\t\t\t\tGallerie\t\t\t\t\t<\/a>\n\t\t\t\t\t\t\t\t\t\t\t\t\t\t\n\t\t\n\t\t\t\t\t\t\t\t\t\t\t\t<h4 class=\"fusion-rollover-title\">\n\t\t\t\t\t<a class=\"fusion-rollover-title-link\" href=\"http:\/\/www.susanne-frigge.de\/schmuck\/blog\/portfolio-items\/armband-mit-weissen-perlen\/\">\n\t\t\t\t\t\tArmband mit wei\u00dfen Perlen\t\t\t\t\t<\/a>\n\t\t\t\t<\/h4>\n\t\t\t\n\t\t\t\t\t\t\t\t\t\t<div class=\"fusion-rollover-categories\"><a href=\"http:\/\/www.susanne-frigge.de\/schmuck\/portfolio_category\/armbaender\/\" rel=\"tag\">Armb\u00e4nder<\/a>, <a href=\"http:\/\/www.susanne-frigge.de\/schmuck\/portfolio_category\/fein-2\/\" rel=\"tag\">Fein<\/a>, <a href=\"http:\/\/www.susanne-frigge.de\/schmuck\/portfolio_category\/gold\/\" rel=\"tag\">Gold<\/a>, <a href=\"http:\/\/www.susanne-frigge.de\/schmuck\/portfolio_category\/perlen\/\" rel=\"tag\">Perlen<\/a><\/div>\t\t\t\t\t\n\t\t\n\t\t\t\t\t\t<a class=\"fusion-link-wrapper\" href=\"http:\/\/www.susanne-frigge.de\/schmuck\/blog\/portfolio-items\/armband-mit-weissen-perlen\/\" aria-label=\"Armband mit wei\u00dfen Perlen\"><\/a>\n\t<\/div>\n<\/div>\n<\/div>\n<\/div><\/div><div class=\"swiper-slide\"><div class=\"fusion-carousel-item-wrapper\"><span class=\"entry-title rich-snippet-hidden\">Adelslilie &#8211; Schwarzer Achat<\/span><span class=\"vcard rich-snippet-hidden\"><span class=\"fn\"><a href=\"http:\/\/www.susanne-frigge.de\/schmuck\/blog\/author\/susannefrigge\/\" title=\"Beitr\u00e4ge von SusanneFrigge\" rel=\"author\">SusanneFrigge<\/a><\/span><\/span><span class=\"updated rich-snippet-hidden\">2022-10-09T11:30:23+02:00<\/span><div  class=\"fusion-image-wrapper fusion-image-size-fixed\" aria-haspopup=\"true\">\n\t\t\t\t<img decoding=\"async\" width=\"460\" height=\"295\" src=\"http:\/\/www.susanne-frigge.de\/schmuck\/wp-content\/uploads\/2015\/02\/Adelslilie-Gravur-aus-Achat-graue-S\u00fc\u00dfwasserperlen-750-Wei\u00dfgold-Kopie-Kopie-1-460x295.jpg\" class=\"attachment-portfolio-two size-portfolio-two wp-post-image\" alt=\"\" \/><div class=\"fusion-rollover\">\n\t<div class=\"fusion-rollover-content\">\n\n\t\t\t\t\t\t\t\t\t\t\t\t\t\t<a class=\"fusion-rollover-link\" href=\"http:\/\/www.susanne-frigge.de\/schmuck\/blog\/portfolio-items\/adelslilie\/\">Adelslilie &#8211; Schwarzer Achat<\/a>\n\t\t\t\n\t\t\t\t\t\t\t\t\t\t\t\t\t\t\n\t\t\t\t\t\t\t\t\n\t\t\t\t\t\t\t\t\t\t\t\t\t<div class=\"fusion-rollover-sep\"><\/div>\n\t\t\t\t\n\t\t\t\t\t\t\t\t\t\t\t\t\t\t\t\t\t\t<a class=\"fusion-rollover-gallery\" href=\"http:\/\/www.susanne-frigge.de\/schmuck\/wp-content\/uploads\/2015\/02\/Adelslilie-Gravur-aus-Achat-graue-S\u00fc\u00dfwasserperlen-750-Wei\u00dfgold-Kopie-Kopie-1-e1462204366351.jpg\" data-options=\"\" data-id=\"12158\" data-rel=\"iLightbox[gallery-rw-1]\" data-title=\"Adelslilie Gravur aus Achat graue S\u00fc\u00dfwasserperlen 750 Wei\u00dfgold - Kopie - Kopie\" data-caption=\"\">\n\t\t\t\t\t\tGallerie\t\t\t\t\t<\/a>\n\t\t\t\t\t\t\t\t\t\t\t\t\t\t\n\t\t\n\t\t\t\t\t\t\t\t\t\t\t\t<h4 class=\"fusion-rollover-title\">\n\t\t\t\t\t<a class=\"fusion-rollover-title-link\" href=\"http:\/\/www.susanne-frigge.de\/schmuck\/blog\/portfolio-items\/adelslilie\/\">\n\t\t\t\t\t\tAdelslilie &#8211; Schwarzer Achat\t\t\t\t\t<\/a>\n\t\t\t\t<\/h4>\n\t\t\t\n\t\t\t\t\t\t\t\t\t\t<div class=\"fusion-rollover-categories\"><a href=\"http:\/\/www.susanne-frigge.de\/schmuck\/portfolio_category\/achat\/\" rel=\"tag\">Achat<\/a>, <a href=\"http:\/\/www.susanne-frigge.de\/schmuck\/portfolio_category\/colliers\/\" rel=\"tag\">Colliers<\/a>, <a href=\"http:\/\/www.susanne-frigge.de\/schmuck\/portfolio_category\/grau\/\" rel=\"tag\">Grau<\/a>, <a href=\"http:\/\/www.susanne-frigge.de\/schmuck\/portfolio_category\/perlen\/\" rel=\"tag\">Perlen<\/a>, <a href=\"http:\/\/www.susanne-frigge.de\/schmuck\/portfolio_category\/weissgold\/\" rel=\"tag\">Wei\u00dfgold<\/a><\/div>\t\t\t\t\t\n\t\t\n\t\t\t\t\t\t<a class=\"fusion-link-wrapper\" href=\"http:\/\/www.susanne-frigge.de\/schmuck\/blog\/portfolio-items\/adelslilie\/\" aria-label=\"Adelslilie &#8211; Schwarzer Achat\"><\/a>\n\t<\/div>\n<\/div>\n<\/div>\n<\/div><\/div><div class=\"swiper-slide\"><div class=\"fusion-carousel-item-wrapper\"><span class=\"entry-title rich-snippet-hidden\">Ohrringe mit grauer Perle<\/span><span class=\"vcard rich-snippet-hidden\"><span class=\"fn\"><a href=\"http:\/\/www.susanne-frigge.de\/schmuck\/blog\/author\/susannefrigge\/\" title=\"Beitr\u00e4ge von SusanneFrigge\" rel=\"author\">SusanneFrigge<\/a><\/span><\/span><span class=\"updated rich-snippet-hidden\">2022-10-09T11:30:15+02:00<\/span><div  class=\"fusion-image-wrapper fusion-image-size-fixed\" aria-haspopup=\"true\">\n\t\t\t\t<img decoding=\"async\" width=\"420\" height=\"280\" src=\"http:\/\/www.susanne-frigge.de\/schmuck\/wp-content\/uploads\/2015\/02\/Silber-Perle-grau2.jpg\" class=\"attachment-portfolio-two size-portfolio-two wp-post-image\" alt=\"\" srcset=\"http:\/\/www.susanne-frigge.de\/schmuck\/wp-content\/uploads\/2015\/02\/Silber-Perle-grau2-120x80.jpg 120w, http:\/\/www.susanne-frigge.de\/schmuck\/wp-content\/uploads\/2015\/02\/Silber-Perle-grau2-300x200.jpg 300w, http:\/\/www.susanne-frigge.de\/schmuck\/wp-content\/uploads\/2015\/02\/Silber-Perle-grau2.jpg 420w\" sizes=\"(max-width: 420px) 100vw, 420px\" \/><div class=\"fusion-rollover\">\n\t<div class=\"fusion-rollover-content\">\n\n\t\t\t\t\t\t\t\t\t\t\t\t\t\t<a class=\"fusion-rollover-link\" href=\"http:\/\/www.susanne-frigge.de\/schmuck\/blog\/portfolio-items\/ohrringe-mit-grauer-perle\/\">Ohrringe mit grauer Perle<\/a>\n\t\t\t\n\t\t\t\t\t\t\t\t\t\t\t\t\t\t\n\t\t\t\t\t\t\t\t\n\t\t\t\t\t\t\t\t\t\t\t\t\t<div class=\"fusion-rollover-sep\"><\/div>\n\t\t\t\t\n\t\t\t\t\t\t\t\t\t\t\t\t\t\t\t\t\t\t<a class=\"fusion-rollover-gallery\" href=\"http:\/\/www.susanne-frigge.de\/schmuck\/wp-content\/uploads\/2015\/02\/Silber-Perle-grau2.jpg\" data-options=\"\" data-id=\"12688\" data-rel=\"iLightbox[gallery-rw-1]\" data-title=\"Silber Perle grau\" data-caption=\"\">\n\t\t\t\t\t\tGallerie\t\t\t\t\t<\/a>\n\t\t\t\t\t\t\t\t\t\t\t\t\t\t\n\t\t\n\t\t\t\t\t\t\t\t\t\t\t\t<h4 class=\"fusion-rollover-title\">\n\t\t\t\t\t<a class=\"fusion-rollover-title-link\" href=\"http:\/\/www.susanne-frigge.de\/schmuck\/blog\/portfolio-items\/ohrringe-mit-grauer-perle\/\">\n\t\t\t\t\t\tOhrringe mit grauer Perle\t\t\t\t\t<\/a>\n\t\t\t\t<\/h4>\n\t\t\t\n\t\t\t\t\t\t\t\t\t\t<div class=\"fusion-rollover-categories\"><a href=\"http:\/\/www.susanne-frigge.de\/schmuck\/portfolio_category\/grau\/\" rel=\"tag\">Grau<\/a>, <a href=\"http:\/\/www.susanne-frigge.de\/schmuck\/portfolio_category\/ohrringe\/\" rel=\"tag\">Ohrringe<\/a>, <a href=\"http:\/\/www.susanne-frigge.de\/schmuck\/portfolio_category\/perlen\/\" rel=\"tag\">Perlen<\/a>, <a href=\"http:\/\/www.susanne-frigge.de\/schmuck\/portfolio_category\/silber\/\" rel=\"tag\">Silber<\/a><\/div>\t\t\t\t\t\n\t\t\n\t\t\t\t\t\t<a class=\"fusion-link-wrapper\" href=\"http:\/\/www.susanne-frigge.de\/schmuck\/blog\/portfolio-items\/ohrringe-mit-grauer-perle\/\" aria-label=\"Ohrringe mit grauer Perle\"><\/a>\n\t<\/div>\n<\/div>\n<\/div>\n<\/div><\/div><div class=\"swiper-slide\"><div class=\"fusion-carousel-item-wrapper\"><span class=\"entry-title rich-snippet-hidden\">Feines Collier mit Spinell<\/span><span class=\"vcard rich-snippet-hidden\"><span class=\"fn\"><a href=\"http:\/\/www.susanne-frigge.de\/schmuck\/blog\/author\/susannefrigge\/\" title=\"Beitr\u00e4ge von SusanneFrigge\" rel=\"author\">SusanneFrigge<\/a><\/span><\/span><span class=\"updated rich-snippet-hidden\">2022-10-09T11:30:17+02:00<\/span><div  class=\"fusion-image-wrapper fusion-image-size-fixed\" aria-haspopup=\"true\">\n\t\t\t\t<img decoding=\"async\" width=\"460\" height=\"295\" src=\"http:\/\/www.susanne-frigge.de\/schmuck\/wp-content\/uploads\/2015\/02\/Lange-Kette-750-Gold-Spinell-H\u00e4matit-1-460x295.jpg\" class=\"attachment-portfolio-two size-portfolio-two wp-post-image\" alt=\"\" \/><div class=\"fusion-rollover\">\n\t<div class=\"fusion-rollover-content\">\n\n\t\t\t\t\t\t\t\t\t\t\t\t\t\t<a class=\"fusion-rollover-link\" href=\"http:\/\/www.susanne-frigge.de\/schmuck\/blog\/portfolio-items\/feines-collier-mit-spinell\/\">Feines Collier mit Spinell<\/a>\n\t\t\t\n\t\t\t\t\t\t\t\t\t\t\t\t\t\t\n\t\t\t\t\t\t\t\t\n\t\t\t\t\t\t\t\t\t\t\t\t\t<div class=\"fusion-rollover-sep\"><\/div>\n\t\t\t\t\n\t\t\t\t\t\t\t\t\t\t\t\t\t\t\t\t\t\t<a class=\"fusion-rollover-gallery\" href=\"http:\/\/www.susanne-frigge.de\/schmuck\/wp-content\/uploads\/2015\/02\/Lange-Kette-750-Gold-Spinell-H\u00e4matit-1-e1462205573215.jpg\" data-options=\"\" data-id=\"12569\" data-rel=\"iLightbox[gallery-rw-1]\" data-title=\"Lange Kette 750 Gold Spinell H\u00e4matit\" data-caption=\"\">\n\t\t\t\t\t\tGallerie\t\t\t\t\t<\/a>\n\t\t\t\t\t\t\t\t\t\t\t\t\t\t\n\t\t\n\t\t\t\t\t\t\t\t\t\t\t\t<h4 class=\"fusion-rollover-title\">\n\t\t\t\t\t<a class=\"fusion-rollover-title-link\" href=\"http:\/\/www.susanne-frigge.de\/schmuck\/blog\/portfolio-items\/feines-collier-mit-spinell\/\">\n\t\t\t\t\t\tFeines Collier mit Spinell\t\t\t\t\t<\/a>\n\t\t\t\t<\/h4>\n\t\t\t\n\t\t\t\t\t\t\t\t\t\t<div class=\"fusion-rollover-categories\"><a href=\"http:\/\/www.susanne-frigge.de\/schmuck\/portfolio_category\/colliers\/\" rel=\"tag\">Colliers<\/a>, <a href=\"http:\/\/www.susanne-frigge.de\/schmuck\/portfolio_category\/feine-ketten\/\" rel=\"tag\">Feine Ketten<\/a>, <a href=\"http:\/\/www.susanne-frigge.de\/schmuck\/portfolio_category\/gold\/\" rel=\"tag\">Gold<\/a>, <a href=\"http:\/\/www.susanne-frigge.de\/schmuck\/portfolio_category\/grau\/\" rel=\"tag\">Grau<\/a>, <a href=\"http:\/\/www.susanne-frigge.de\/schmuck\/portfolio_category\/neuheiten\/\" rel=\"tag\">Neuheiten<\/a>, <a href=\"http:\/\/www.susanne-frigge.de\/schmuck\/portfolio_category\/perlen\/\" rel=\"tag\">Perlen<\/a>, <a href=\"http:\/\/www.susanne-frigge.de\/schmuck\/portfolio_category\/schwarz-farben\/\" rel=\"tag\">Schwarz<\/a><\/div>\t\t\t\t\t\n\t\t\n\t\t\t\t\t\t<a class=\"fusion-link-wrapper\" href=\"http:\/\/www.susanne-frigge.de\/schmuck\/blog\/portfolio-items\/feines-collier-mit-spinell\/\" aria-label=\"Feines Collier mit Spinell\"><\/a>\n\t<\/div>\n<\/div>\n<\/div>\n<\/div><\/div><div class=\"swiper-slide\"><div class=\"fusion-carousel-item-wrapper\"><span class=\"entry-title rich-snippet-hidden\">Armband aus grauen Perlen<\/span><span class=\"vcard rich-snippet-hidden\"><span class=\"fn\"><a href=\"http:\/\/www.susanne-frigge.de\/schmuck\/blog\/author\/susannefrigge\/\" title=\"Beitr\u00e4ge von SusanneFrigge\" rel=\"author\">SusanneFrigge<\/a><\/span><\/span><span class=\"updated rich-snippet-hidden\">2022-10-09T11:30:22+02:00<\/span><div  class=\"fusion-image-wrapper fusion-image-size-fixed\" aria-haspopup=\"true\">\n\t\t\t\t<img decoding=\"async\" width=\"420\" height=\"280\" src=\"http:\/\/www.susanne-frigge.de\/schmuck\/wp-content\/uploads\/2015\/02\/Armband-graue-Perle2.jpg\" class=\"attachment-portfolio-two size-portfolio-two wp-post-image\" alt=\"\" srcset=\"http:\/\/www.susanne-frigge.de\/schmuck\/wp-content\/uploads\/2015\/02\/Armband-graue-Perle2-120x80.jpg 120w, http:\/\/www.susanne-frigge.de\/schmuck\/wp-content\/uploads\/2015\/02\/Armband-graue-Perle2-300x200.jpg 300w, http:\/\/www.susanne-frigge.de\/schmuck\/wp-content\/uploads\/2015\/02\/Armband-graue-Perle2.jpg 420w\" sizes=\"(max-width: 420px) 100vw, 420px\" \/><div class=\"fusion-rollover\">\n\t<div class=\"fusion-rollover-content\">\n\n\t\t\t\t\t\t\t\t\t\t\t\t\t\t<a class=\"fusion-rollover-link\" href=\"http:\/\/www.susanne-frigge.de\/schmuck\/blog\/portfolio-items\/armband-aus-grauen-perlen\/\">Armband aus grauen Perlen<\/a>\n\t\t\t\n\t\t\t\t\t\t\t\t\t\t\t\t\t\t\n\t\t\t\t\t\t\t\t\n\t\t\t\t\t\t\t\t\t\t\t\t\t<div class=\"fusion-rollover-sep\"><\/div>\n\t\t\t\t\n\t\t\t\t\t\t\t\t\t\t\t\t\t\t\t\t\t\t<a class=\"fusion-rollover-gallery\" href=\"http:\/\/www.susanne-frigge.de\/schmuck\/wp-content\/uploads\/2015\/02\/Armband-graue-Perle2.jpg\" data-options=\"\" data-id=\"12168\" data-rel=\"iLightbox[gallery-rw-1]\" data-title=\"Armband graue Perle\" data-caption=\"\">\n\t\t\t\t\t\tGallerie\t\t\t\t\t<\/a>\n\t\t\t\t\t\t\t\t\t\t\t\t\t\t\n\t\t\n\t\t\t\t\t\t\t\t\t\t\t\t<h4 class=\"fusion-rollover-title\">\n\t\t\t\t\t<a class=\"fusion-rollover-title-link\" href=\"http:\/\/www.susanne-frigge.de\/schmuck\/blog\/portfolio-items\/armband-aus-grauen-perlen\/\">\n\t\t\t\t\t\tArmband aus grauen Perlen\t\t\t\t\t<\/a>\n\t\t\t\t<\/h4>\n\t\t\t\n\t\t\t\t\t\t\t\t\t\t<div class=\"fusion-rollover-categories\"><a href=\"http:\/\/www.susanne-frigge.de\/schmuck\/portfolio_category\/armbaender\/\" rel=\"tag\">Armb\u00e4nder<\/a>, <a href=\"http:\/\/www.susanne-frigge.de\/schmuck\/portfolio_category\/bestseller\/\" rel=\"tag\">Bestseller<\/a>, <a href=\"http:\/\/www.susanne-frigge.de\/schmuck\/portfolio_category\/grau\/\" rel=\"tag\">Grau<\/a>, <a href=\"http:\/\/www.susanne-frigge.de\/schmuck\/portfolio_category\/graue-perlen\/\" rel=\"tag\">Graue Perlen<\/a>, <a href=\"http:\/\/www.susanne-frigge.de\/schmuck\/portfolio_category\/perlen\/\" rel=\"tag\">Perlen<\/a><\/div>\t\t\t\t\t\n\t\t\n\t\t\t\t\t\t<a class=\"fusion-link-wrapper\" href=\"http:\/\/www.susanne-frigge.de\/schmuck\/blog\/portfolio-items\/armband-aus-grauen-perlen\/\" aria-label=\"Armband aus grauen Perlen\"><\/a>\n\t<\/div>\n<\/div>\n<\/div>\n<\/div><\/div><div class=\"swiper-slide\"><div class=\"fusion-carousel-item-wrapper\"><span class=\"entry-title rich-snippet-hidden\">Perlenring Gold<\/span><span class=\"vcard rich-snippet-hidden\"><span class=\"fn\"><a href=\"http:\/\/www.susanne-frigge.de\/schmuck\/blog\/author\/susannefrigge\/\" title=\"Beitr\u00e4ge von SusanneFrigge\" rel=\"author\">SusanneFrigge<\/a><\/span><\/span><span class=\"updated rich-snippet-hidden\">2022-10-09T11:30:15+02:00<\/span><div  class=\"fusion-image-wrapper fusion-image-size-fixed\" aria-haspopup=\"true\">\n\t\t\t\t<img decoding=\"async\" width=\"420\" height=\"280\" src=\"http:\/\/www.susanne-frigge.de\/schmuck\/wp-content\/uploads\/2015\/02\/Zweiender-Perle-wei\u00df-24.jpg\" class=\"attachment-portfolio-two size-portfolio-two wp-post-image\" alt=\"\" srcset=\"http:\/\/www.susanne-frigge.de\/schmuck\/wp-content\/uploads\/2015\/02\/Zweiender-Perle-wei\u00df-24-120x80.jpg 120w, http:\/\/www.susanne-frigge.de\/schmuck\/wp-content\/uploads\/2015\/02\/Zweiender-Perle-wei\u00df-24-300x200.jpg 300w, http:\/\/www.susanne-frigge.de\/schmuck\/wp-content\/uploads\/2015\/02\/Zweiender-Perle-wei\u00df-24.jpg 420w\" sizes=\"(max-width: 420px) 100vw, 420px\" \/><div class=\"fusion-rollover\">\n\t<div class=\"fusion-rollover-content\">\n\n\t\t\t\t\t\t\t\t\t\t\t\t\t\t<a class=\"fusion-rollover-link\" href=\"http:\/\/www.susanne-frigge.de\/schmuck\/blog\/portfolio-items\/perlenring\/\">Perlenring Gold<\/a>\n\t\t\t\n\t\t\t\t\t\t\t\t\t\t\t\t\t\t\n\t\t\t\t\t\t\t\t\n\t\t\t\t\t\t\t\t\t\t\t\t\t<div class=\"fusion-rollover-sep\"><\/div>\n\t\t\t\t\n\t\t\t\t\t\t\t\t\t\t\t\t\t\t\t\t\t\t<a class=\"fusion-rollover-gallery\" href=\"http:\/\/www.susanne-frigge.de\/schmuck\/wp-content\/uploads\/2015\/02\/Zweiender-Perle-wei\u00df-24.jpg\" data-options=\"\" data-id=\"12707\" data-rel=\"iLightbox[gallery-rw-1]\" data-title=\"Zweiender Perle wei\u00df 2\" data-caption=\"\">\n\t\t\t\t\t\tGallerie\t\t\t\t\t<\/a>\n\t\t\t\t\t\t\t\t\t\t\t\t\t\t\n\t\t\n\t\t\t\t\t\t\t\t\t\t\t\t<h4 class=\"fusion-rollover-title\">\n\t\t\t\t\t<a class=\"fusion-rollover-title-link\" href=\"http:\/\/www.susanne-frigge.de\/schmuck\/blog\/portfolio-items\/perlenring\/\">\n\t\t\t\t\t\tPerlenring Gold\t\t\t\t\t<\/a>\n\t\t\t\t<\/h4>\n\t\t\t\n\t\t\t\t\t\t\t\t\t\t<div class=\"fusion-rollover-categories\"><a href=\"http:\/\/www.susanne-frigge.de\/schmuck\/portfolio_category\/gold\/\" rel=\"tag\">Gold<\/a>, <a href=\"http:\/\/www.susanne-frigge.de\/schmuck\/portfolio_category\/perlen\/\" rel=\"tag\">Perlen<\/a>, <a href=\"http:\/\/www.susanne-frigge.de\/schmuck\/portfolio_category\/perlenring\/\" rel=\"tag\">Perlenring<\/a>, <a href=\"http:\/\/www.susanne-frigge.de\/schmuck\/portfolio_category\/ringe\/\" rel=\"tag\">Ringe<\/a>, <a href=\"http:\/\/www.susanne-frigge.de\/schmuck\/portfolio_category\/weisse-perlen\/\" rel=\"tag\">Wei\u00dfe Perlen<\/a>, <a href=\"http:\/\/www.susanne-frigge.de\/schmuck\/portfolio_category\/zweiender-2\/\" rel=\"tag\">Zweiender<\/a>, <a href=\"http:\/\/www.susanne-frigge.de\/schmuck\/portfolio_category\/zweiender-2-ringe\/\" rel=\"tag\">Zweiender<\/a><\/div>\t\t\t\t\t\n\t\t\n\t\t\t\t\t\t<a class=\"fusion-link-wrapper\" href=\"http:\/\/www.susanne-frigge.de\/schmuck\/blog\/portfolio-items\/perlenring\/\" aria-label=\"Perlenring Gold\"><\/a>\n\t<\/div>\n<\/div>\n<\/div>\n<\/div><\/div><div class=\"swiper-slide\"><div class=\"fusion-carousel-item-wrapper\"><span class=\"entry-title rich-snippet-hidden\">Porzellan-Collier<\/span><span class=\"vcard rich-snippet-hidden\"><span class=\"fn\"><a href=\"http:\/\/www.susanne-frigge.de\/schmuck\/blog\/author\/susannefrigge\/\" title=\"Beitr\u00e4ge von SusanneFrigge\" rel=\"author\">SusanneFrigge<\/a><\/span><\/span><span class=\"updated rich-snippet-hidden\">2022-10-09T11:30:18+02:00<\/span><div  class=\"fusion-image-wrapper fusion-image-size-fixed\" aria-haspopup=\"true\">\n\t\t\t\t<img decoding=\"async\" width=\"420\" height=\"280\" src=\"http:\/\/www.susanne-frigge.de\/schmuck\/wp-content\/uploads\/2015\/02\/IMG_82222.jpg\" class=\"attachment-portfolio-two size-portfolio-two wp-post-image\" alt=\"\" srcset=\"http:\/\/www.susanne-frigge.de\/schmuck\/wp-content\/uploads\/2015\/02\/IMG_82222-120x80.jpg 120w, http:\/\/www.susanne-frigge.de\/schmuck\/wp-content\/uploads\/2015\/02\/IMG_82222-300x200.jpg 300w, http:\/\/www.susanne-frigge.de\/schmuck\/wp-content\/uploads\/2015\/02\/IMG_82222.jpg 420w\" sizes=\"(max-width: 420px) 100vw, 420px\" \/><div class=\"fusion-rollover\">\n\t<div class=\"fusion-rollover-content\">\n\n\t\t\t\t\t\t\t\t\t\t\t\t\t\t<a class=\"fusion-rollover-link\" href=\"http:\/\/www.susanne-frigge.de\/schmuck\/blog\/portfolio-items\/porzellan-collier-2\/\">Porzellan-Collier<\/a>\n\t\t\t\n\t\t\t\t\t\t\t\t\t\t\t\t\t\t\n\t\t\t\t\t\t\t\t\n\t\t\t\t\t\t\t\t\t\t\t\t\t<div class=\"fusion-rollover-sep\"><\/div>\n\t\t\t\t\n\t\t\t\t\t\t\t\t\t\t\t\t\t\t\t\t\t\t<a class=\"fusion-rollover-gallery\" href=\"http:\/\/www.susanne-frigge.de\/schmuck\/wp-content\/uploads\/2015\/02\/IMG_82222.jpg\" data-options=\"\" data-id=\"12495\" data-rel=\"iLightbox[gallery-rw-1]\" data-title=\"IMG_8222\" data-caption=\"\">\n\t\t\t\t\t\tGallerie\t\t\t\t\t<\/a>\n\t\t\t\t\t\t\t\t\t\t\t\t\t\t\n\t\t\n\t\t\t\t\t\t\t\t\t\t\t\t<h4 class=\"fusion-rollover-title\">\n\t\t\t\t\t<a class=\"fusion-rollover-title-link\" href=\"http:\/\/www.susanne-frigge.de\/schmuck\/blog\/portfolio-items\/porzellan-collier-2\/\">\n\t\t\t\t\t\tPorzellan-Collier\t\t\t\t\t<\/a>\n\t\t\t\t<\/h4>\n\t\t\t\n\t\t\t\t\t\t\t\t\t\t<div class=\"fusion-rollover-categories\"><a href=\"http:\/\/www.susanne-frigge.de\/schmuck\/portfolio_category\/anhaenger\/\" rel=\"tag\">Anh\u00e4nger<\/a>, <a href=\"http:\/\/www.susanne-frigge.de\/schmuck\/portfolio_category\/colliers\/\" rel=\"tag\">Colliers<\/a>, <a href=\"http:\/\/www.susanne-frigge.de\/schmuck\/portfolio_category\/fein-2\/\" rel=\"tag\">Fein<\/a>, <a href=\"http:\/\/www.susanne-frigge.de\/schmuck\/portfolio_category\/feine-ketten\/\" rel=\"tag\">Feine Ketten<\/a>, <a href=\"http:\/\/www.susanne-frigge.de\/schmuck\/portfolio_category\/gold\/\" rel=\"tag\">Gold<\/a>, <a href=\"http:\/\/www.susanne-frigge.de\/schmuck\/portfolio_category\/perlen\/\" rel=\"tag\">Perlen<\/a>, <a href=\"http:\/\/www.susanne-frigge.de\/schmuck\/portfolio_category\/porzellan\/\" rel=\"tag\">Porzellan<\/a>, <a href=\"http:\/\/www.susanne-frigge.de\/schmuck\/portfolio_category\/porzellan-gold\/\" rel=\"tag\">Porzellan gold<\/a>, <a href=\"http:\/\/www.susanne-frigge.de\/schmuck\/portfolio_category\/weisse-perlen\/\" rel=\"tag\">Wei\u00dfe Perlen<\/a><\/div>\t\t\t\t\t\n\t\t\n\t\t\t\t\t\t<a class=\"fusion-link-wrapper\" href=\"http:\/\/www.susanne-frigge.de\/schmuck\/blog\/portfolio-items\/porzellan-collier-2\/\" aria-label=\"Porzellan-Collier\"><\/a>\n\t<\/div>\n<\/div>\n<\/div>\n<\/div><\/div><div class=\"swiper-slide\"><div class=\"fusion-carousel-item-wrapper\"><span class=\"entry-title rich-snippet-hidden\">Silberne Ohrringe mit Perle<\/span><span class=\"vcard rich-snippet-hidden\"><span class=\"fn\"><a href=\"http:\/\/www.susanne-frigge.de\/schmuck\/blog\/author\/susannefrigge\/\" title=\"Beitr\u00e4ge von SusanneFrigge\" rel=\"author\">SusanneFrigge<\/a><\/span><\/span><span class=\"updated rich-snippet-hidden\">2022-10-09T11:30:15+02:00<\/span><div  class=\"fusion-image-wrapper fusion-image-size-fixed\" aria-haspopup=\"true\">\n\t\t\t\t<img decoding=\"async\" width=\"420\" height=\"279\" src=\"http:\/\/www.susanne-frigge.de\/schmuck\/wp-content\/uploads\/2015\/02\/Silber-Perle-wei\u00df2.jpg\" class=\"attachment-portfolio-two size-portfolio-two wp-post-image\" alt=\"\" srcset=\"http:\/\/www.susanne-frigge.de\/schmuck\/wp-content\/uploads\/2015\/02\/Silber-Perle-wei\u00df2-120x79.jpg 120w, http:\/\/www.susanne-frigge.de\/schmuck\/wp-content\/uploads\/2015\/02\/Silber-Perle-wei\u00df2-300x199.jpg 300w, http:\/\/www.susanne-frigge.de\/schmuck\/wp-content\/uploads\/2015\/02\/Silber-Perle-wei\u00df2.jpg 420w\" sizes=\"(max-width: 420px) 100vw, 420px\" \/><div class=\"fusion-rollover\">\n\t<div class=\"fusion-rollover-content\">\n\n\t\t\t\t\t\t\t\t\t\t\t\t\t\t<a class=\"fusion-rollover-link\" href=\"http:\/\/www.susanne-frigge.de\/schmuck\/blog\/portfolio-items\/ohrringe-mit-perle\/\">Silberne Ohrringe mit Perle<\/a>\n\t\t\t\n\t\t\t\t\t\t\t\t\t\t\t\t\t\t\n\t\t\t\t\t\t\t\t\n\t\t\t\t\t\t\t\t\t\t\t\t\t<div class=\"fusion-rollover-sep\"><\/div>\n\t\t\t\t\n\t\t\t\t\t\t\t\t\t\t\t\t\t\t\t\t\t\t<a class=\"fusion-rollover-gallery\" href=\"http:\/\/www.susanne-frigge.de\/schmuck\/wp-content\/uploads\/2015\/02\/Silber-Perle-wei\u00df2.jpg\" data-options=\"\" data-id=\"12690\" data-rel=\"iLightbox[gallery-rw-1]\" data-title=\"Silber Perle wei\u00df\" data-caption=\"\">\n\t\t\t\t\t\tGallerie\t\t\t\t\t<\/a>\n\t\t\t\t\t\t\t\t\t\t\t\t\t\t\n\t\t\n\t\t\t\t\t\t\t\t\t\t\t\t<h4 class=\"fusion-rollover-title\">\n\t\t\t\t\t<a class=\"fusion-rollover-title-link\" href=\"http:\/\/www.susanne-frigge.de\/schmuck\/blog\/portfolio-items\/ohrringe-mit-perle\/\">\n\t\t\t\t\t\tSilberne Ohrringe mit Perle\t\t\t\t\t<\/a>\n\t\t\t\t<\/h4>\n\t\t\t\n\t\t\t\t\t\t\t\t\t\t<div class=\"fusion-rollover-categories\"><a href=\"http:\/\/www.susanne-frigge.de\/schmuck\/portfolio_category\/ohrringe\/\" rel=\"tag\">Ohrringe<\/a>, <a href=\"http:\/\/www.susanne-frigge.de\/schmuck\/portfolio_category\/perlen\/\" rel=\"tag\">Perlen<\/a><\/div>\t\t\t\t\t\n\t\t\n\t\t\t\t\t\t<a class=\"fusion-link-wrapper\" href=\"http:\/\/www.susanne-frigge.de\/schmuck\/blog\/portfolio-items\/ohrringe-mit-perle\/\" aria-label=\"Silberne Ohrringe mit Perle\"><\/a>\n\t<\/div>\n<\/div>\n<\/div>\n<\/div><\/div><\/div><div class=\"awb-swiper-button awb-swiper-button-prev\"><i class=\"awb-icon-angle-left\" aria-hidden=\"true\"><\/i><\/div><div class=\"awb-swiper-button awb-swiper-button-next\"><i class=\"awb-icon-angle-right\" aria-hidden=\"true\"><\/i><\/div><\/div><\/div><\/div><\/div><\/div><\/div><\/p>\n","protected":false},"excerpt":{"rendered":"<p>Ich verwende je nach Schmuckst\u00fcck unterschiedliche Perlen von verschiedener Herkunft.<\/p>\n<p>Hier erfahren sie mehr dar\u00fcber.<\/p>\n","protected":false},"author":1,"featured_media":12170,"menu_order":52,"comment_status":"open","ping_status":"open","template":"","format":"standard","meta":{"footnotes":""},"portfolio_category":[110],"portfolio_skills":[],"portfolio_tags":[],"class_list":["post-12804","avada_portfolio","type-avada_portfolio","status-publish","format-standard","has-post-thumbnail","hentry","portfolio_category-materialien"],"_links":{"self":[{"href":"http:\/\/www.susanne-frigge.de\/schmuck\/wp-json\/wp\/v2\/avada_portfolio\/12804","targetHints":{"allow":["GET"]}}],"collection":[{"href":"http:\/\/www.susanne-frigge.de\/schmuck\/wp-json\/wp\/v2\/avada_portfolio"}],"about":[{"href":"http:\/\/www.susanne-frigge.de\/schmuck\/wp-json\/wp\/v2\/types\/avada_portfolio"}],"author":[{"embeddable":true,"href":"http:\/\/www.susanne-frigge.de\/schmuck\/wp-json\/wp\/v2\/users\/1"}],"replies":[{"embeddable":true,"href":"http:\/\/www.susanne-frigge.de\/schmuck\/wp-json\/wp\/v2\/comments?post=12804"}],"version-history":[{"count":32,"href":"http:\/\/www.susanne-frigge.de\/schmuck\/wp-json\/wp\/v2\/avada_portfolio\/12804\/revisions"}],"predecessor-version":[{"id":13945,"href":"http:\/\/www.susanne-frigge.de\/schmuck\/wp-json\/wp\/v2\/avada_portfolio\/12804\/revisions\/13945"}],"wp:featuredmedia":[{"embeddable":true,"href":"http:\/\/www.susanne-frigge.de\/schmuck\/wp-json\/wp\/v2\/media\/12170"}],"wp:attachment":[{"href":"http:\/\/www.susanne-frigge.de\/schmuck\/wp-json\/wp\/v2\/media?parent=12804"}],"wp:term":[{"taxonomy":"portfolio_category","embeddable":true,"href":"http:\/\/www.susanne-frigge.de\/schmuck\/wp-json\/wp\/v2\/portfolio_category?post=12804"},{"taxonomy":"portfolio_skills","embeddable":true,"href":"http:\/\/www.susanne-frigge.de\/schmuck\/wp-json\/wp\/v2\/portfolio_skills?post=12804"},{"taxonomy":"portfolio_tags","embeddable":true,"href":"http:\/\/www.susanne-frigge.de\/schmuck\/wp-json\/wp\/v2\/portfolio_tags?post=12804"}],"curies":[{"name":"wp","href":"https:\/\/api.w.org\/{rel}","templated":true}]}}