{"id":13571,"date":"2016-09-06T17:27:30","date_gmt":"2016-09-06T15:27:30","guid":{"rendered":"http:\/\/www.susanne-frigge.de\/?post_type=avada_portfolio&#038;p=13571"},"modified":"2022-10-09T11:30:13","modified_gmt":"2022-10-09T09:30:13","slug":"malachit-collier","status":"publish","type":"avada_portfolio","link":"http:\/\/www.susanne-frigge.de\/schmuck\/blog\/portfolio-items\/malachit-collier\/","title":{"rendered":"Malachit Collier"},"content":{"rendered":"<div class=\"fusion-fullwidth fullwidth-box fusion-builder-row-1 fusion-flex-container hundred-percent-fullwidth non-hundred-percent-height-scrolling\" style=\"--awb-border-radius-top-left:0px;--awb-border-radius-top-right:0px;--awb-border-radius-bottom-right:0px;--awb-border-radius-bottom-left:0px;--awb-overflow:visible;--awb-flex-wrap:wrap;\" ><div class=\"fusion-builder-row fusion-row fusion-flex-align-items-flex-start fusion-flex-content-wrap\" style=\"width:104% !important;max-width:104% !important;margin-left: calc(-4% \/ 2 );margin-right: calc(-4% \/ 2 );\"><div class=\"fusion-layout-column fusion_builder_column fusion-builder-column-0 fusion_builder_column_3_5 3_5 fusion-flex-column\" style=\"--awb-bg-size:cover;--awb-width-large:60%;--awb-margin-top-large:0px;--awb-spacing-right-large:3.84%;--awb-margin-bottom-large:20px;--awb-spacing-left-large:3.2%;--awb-width-medium:60%;--awb-spacing-right-medium:3.84%;--awb-spacing-left-medium:3.2%;--awb-width-small:100%;--awb-spacing-right-small:1.92%;--awb-spacing-left-small:1.92%;\"><div class=\"fusion-column-wrapper fusion-flex-justify-content-flex-start fusion-content-layout-column\"><div class=\"fusion-image-element \" style=\"--awb-caption-title-font-family:var(--h2_typography-font-family);--awb-caption-title-font-weight:var(--h2_typography-font-weight);--awb-caption-title-font-style:var(--h2_typography-font-style);--awb-caption-title-size:var(--h2_typography-font-size);--awb-caption-title-transform:var(--h2_typography-text-transform);--awb-caption-title-line-height:var(--h2_typography-line-height);--awb-caption-title-letter-spacing:var(--h2_typography-letter-spacing);\"><span class=\" fusion-imageframe imageframe-none imageframe-1 hover-type-none\"><img decoding=\"async\" width=\"900\" height=\"600\" title=\"IMG_1858 Azurit Malachit Navette\" src=\"http:\/\/www.susanne-frigge.de\/schmuck\/wp-content\/uploads\/2016\/09\/IMG_1858-Azurit-Malachit-Navette.jpg\" alt class=\"img-responsive wp-image-13572\" srcset=\"http:\/\/www.susanne-frigge.de\/schmuck\/wp-content\/uploads\/2016\/09\/IMG_1858-Azurit-Malachit-Navette-120x80.jpg 120w, http:\/\/www.susanne-frigge.de\/schmuck\/wp-content\/uploads\/2016\/09\/IMG_1858-Azurit-Malachit-Navette-300x200.jpg 300w, http:\/\/www.susanne-frigge.de\/schmuck\/wp-content\/uploads\/2016\/09\/IMG_1858-Azurit-Malachit-Navette-500x333.jpg 500w, http:\/\/www.susanne-frigge.de\/schmuck\/wp-content\/uploads\/2016\/09\/IMG_1858-Azurit-Malachit-Navette-768x512.jpg 768w, http:\/\/www.susanne-frigge.de\/schmuck\/wp-content\/uploads\/2016\/09\/IMG_1858-Azurit-Malachit-Navette.jpg 900w\" sizes=\"(max-width: 900px) 100vw, 900px\" \/><\/span><\/div><\/div><\/div><div class=\"fusion-layout-column fusion_builder_column fusion-builder-column-1 fusion_builder_column_2_5 2_5 fusion-flex-column\" style=\"--awb-bg-size:cover;--awb-width-large:40%;--awb-margin-top-large:0px;--awb-spacing-right-large:4.8%;--awb-margin-bottom-large:20px;--awb-spacing-left-large:3.84%;--awb-width-medium:40%;--awb-spacing-right-medium:4.8%;--awb-spacing-left-medium:3.84%;--awb-width-small:100%;--awb-spacing-right-small:1.92%;--awb-spacing-left-small:1.92%;\"><div class=\"fusion-column-wrapper fusion-flex-justify-content-flex-start fusion-content-layout-column\"><div class=\"fusion-title title fusion-title-1 fusion-sep-none fusion-title-text fusion-title-size-two\"><h2 class=\"fusion-title-heading title-heading-left\" style=\"margin:0;\">Malachit Collier<\/h2><\/div><div class=\"fusion-separator fusion-full-width-sep\" style=\"align-self: center;margin-left: auto;margin-right: auto;margin-top:-20px;margin-bottom:20px;width:100%;\"><div class=\"fusion-separator-border sep-single sep-solid\" style=\"--awb-height:20px;--awb-amount:20px;border-color:#e0dede;border-top-width:1px;\"><\/div><\/div><div class=\"fusion-text fusion-text-1\"><p>Malachit-Azurit<br \/>\n925er Silber<br \/>\nStahlseil<\/p>\n<\/div><\/div><\/div><div class=\"fusion-layout-column fusion_builder_column fusion-builder-column-2 fusion_builder_column_1_1 1_1 fusion-flex-column fusion-flex-align-self-flex-start fusion-column-no-min-height\" style=\"--awb-bg-size:cover;--awb-width-large:100%;--awb-margin-top-large:0px;--awb-spacing-right-large:1.92%;--awb-margin-bottom-large:0px;--awb-spacing-left-large:1.92%;--awb-width-medium:100%;--awb-spacing-right-medium:1.92%;--awb-spacing-left-medium:1.92%;--awb-width-small:100%;--awb-spacing-right-small:1.92%;--awb-spacing-left-small:1.92%;\"><div class=\"fusion-column-wrapper fusion-flex-justify-content-flex-start fusion-content-layout-column\"><div class=\"fusion-separator fusion-full-width-sep\" style=\"align-self: center;margin-left: auto;margin-right: auto;margin-top:20px;margin-bottom:10px;width:100%;\"><\/div><\/div><\/div><div class=\"fusion-layout-column fusion_builder_column fusion-builder-column-3 fusion_builder_column_1_1 1_1 fusion-flex-column fusion-flex-align-self-flex-start fusion-column-no-min-height\" style=\"--awb-bg-size:cover;--awb-width-large:100%;--awb-margin-top-large:0px;--awb-spacing-right-large:1.92%;--awb-margin-bottom-large:0px;--awb-spacing-left-large:1.92%;--awb-width-medium:100%;--awb-spacing-right-medium:1.92%;--awb-spacing-left-medium:1.92%;--awb-width-small:100%;--awb-spacing-right-small:1.92%;--awb-spacing-left-small:1.92%;\"><div class=\"fusion-column-wrapper fusion-flex-justify-content-flex-start fusion-content-layout-column\"><div class=\"fusion-title title fusion-title-2 fusion-sep-none fusion-title-text fusion-title-size-two\"><h2 class=\"fusion-title-heading title-heading-left\" style=\"margin:0;\">\u00c4hnliche St\u00fccke<\/h2><\/div><div class=\"fusion-separator fusion-full-width-sep\" style=\"align-self: center;margin-left: auto;margin-right: auto;margin-top:-20px;margin-bottom:20px;width:100%;\"><div class=\"fusion-separator-border sep-single sep-solid\" style=\"--awb-height:20px;--awb-amount:20px;border-color:#e0dede;border-top-width:1px;\"><\/div><\/div><\/div><\/div><div class=\"fusion-layout-column fusion_builder_column fusion-builder-column-4 fusion_builder_column_1_1 1_1 fusion-flex-column fusion-flex-align-self-flex-start fusion-column-no-min-height\" style=\"--awb-bg-size:cover;--awb-width-large:100%;--awb-margin-top-large:0px;--awb-spacing-right-large:1.92%;--awb-margin-bottom-large:0px;--awb-spacing-left-large:1.92%;--awb-width-medium:100%;--awb-spacing-right-medium:1.92%;--awb-spacing-left-medium:1.92%;--awb-width-small:100%;--awb-spacing-right-small:1.92%;--awb-spacing-left-small:1.92%;\"><div class=\"fusion-column-wrapper fusion-flex-justify-content-flex-start fusion-content-layout-column\"><div class=\"fusion-recent-works fusion-portfolio-element fusion-portfolio fusion-portfolio-1 fusion-portfolio-carousel fusion-portfolio-paging-none recent-works-carousel portfolio-carousel fusion-portfolio-rollover\" data-id=\"-rw-1\"><div class=\"awb-carousel awb-swiper awb-swiper-carousel fusion-portfolio-carousel-fixed\" style=\"--awb-columns:5;\" data-autoplay=\"no\" data-columns=\"5\" data-itemmargin=\"12\" data-itemwidth=\"180\" data-touchscroll=\"no\" data-imagesize=\"fixed\"><div class=\"swiper-wrapper\"><div class=\"swiper-slide\"><div class=\"fusion-carousel-item-wrapper\"><span class=\"entry-title rich-snippet-hidden\">Muschelzahn<\/span><span class=\"vcard rich-snippet-hidden\"><span class=\"fn\"><a href=\"http:\/\/www.susanne-frigge.de\/schmuck\/blog\/author\/susannefrigge\/\" title=\"Beitr\u00e4ge von SusanneFrigge\" rel=\"author\">SusanneFrigge<\/a><\/span><\/span><span class=\"updated rich-snippet-hidden\">2022-10-09T11:30:13+02:00<\/span><div  class=\"fusion-image-wrapper fusion-image-size-fixed\" aria-haspopup=\"true\">\n\t\t\t\t<img decoding=\"async\" width=\"320\" height=\"202\" src=\"http:\/\/www.susanne-frigge.de\/schmuck\/wp-content\/uploads\/2016\/09\/IMG_1875-Muschel-liegend-schwarz-1-320x202.jpg\" class=\"attachment-blog-medium size-blog-medium wp-post-image\" alt=\"\" srcset=\"http:\/\/www.susanne-frigge.de\/schmuck\/wp-content\/uploads\/2016\/09\/IMG_1875-Muschel-liegend-schwarz-1-320x202.jpg 320w, http:\/\/www.susanne-frigge.de\/schmuck\/wp-content\/uploads\/2016\/09\/IMG_1875-Muschel-liegend-schwarz-1-700x441.jpg 700w\" sizes=\"(max-width: 320px) 100vw, 320px\" \/><div class=\"fusion-rollover\">\n\t<div class=\"fusion-rollover-content\">\n\n\t\t\t\t\t\t\t\t\t\t\t\t\t\t<a class=\"fusion-rollover-link\" href=\"http:\/\/www.susanne-frigge.de\/schmuck\/blog\/portfolio-items\/muschelzahn\/\">Muschelzahn<\/a>\n\t\t\t\n\t\t\t\t\t\t\t\t\t\t\t\t\t\t\n\t\t\t\t\t\t\t\t\n\t\t\t\t\t\t\t\t\t\t\t\t\t<div class=\"fusion-rollover-sep\"><\/div>\n\t\t\t\t\n\t\t\t\t\t\t\t\t\t\t\t\t\t\t\t\t\t\t<a class=\"fusion-rollover-gallery\" href=\"http:\/\/www.susanne-frigge.de\/schmuck\/wp-content\/uploads\/2016\/09\/IMG_1875-Muschel-liegend-schwarz-1-e1473179512592.jpg\" data-options=\"\" data-id=\"13596\" data-rel=\"iLightbox[gallery-rw-1]\" data-title=\"IMG_1875 Muschel liegend schwarz\" data-caption=\"\">\n\t\t\t\t\t\tGallerie\t\t\t\t\t<\/a>\n\t\t\t\t\t\t\t\t\t\t\t\t\t\t\n\t\t\n\t\t\t\t\t\t\t\t\t\t\t\t<h4 class=\"fusion-rollover-title\">\n\t\t\t\t\t<a class=\"fusion-rollover-title-link\" href=\"http:\/\/www.susanne-frigge.de\/schmuck\/blog\/portfolio-items\/muschelzahn\/\">\n\t\t\t\t\t\tMuschelzahn\t\t\t\t\t<\/a>\n\t\t\t\t<\/h4>\n\t\t\t\n\t\t\t\t\t\t\t\t\t\t<div class=\"fusion-rollover-categories\"><a href=\"http:\/\/www.susanne-frigge.de\/schmuck\/portfolio_category\/anhaenger\/\" rel=\"tag\">Anh\u00e4nger<\/a>, <a href=\"http:\/\/www.susanne-frigge.de\/schmuck\/portfolio_category\/colliers\/\" rel=\"tag\">Colliers<\/a>, <a href=\"http:\/\/www.susanne-frigge.de\/schmuck\/portfolio_category\/muschel\/\" rel=\"tag\">Muschel<\/a>, <a href=\"http:\/\/www.susanne-frigge.de\/schmuck\/portfolio_category\/silber\/\" rel=\"tag\">Silber<\/a><\/div>\t\t\t\t\t\n\t\t\n\t\t\t\t\t\t<a class=\"fusion-link-wrapper\" href=\"http:\/\/www.susanne-frigge.de\/schmuck\/blog\/portfolio-items\/muschelzahn\/\" aria-label=\"Muschelzahn\"><\/a>\n\t<\/div>\n<\/div>\n<\/div>\n<\/div><\/div><div class=\"swiper-slide\"><div class=\"fusion-carousel-item-wrapper\"><span class=\"entry-title rich-snippet-hidden\">Muschel Collier &#8222;Z\u00e4hne&#8220;<\/span><span class=\"vcard rich-snippet-hidden\"><span class=\"fn\"><a href=\"http:\/\/www.susanne-frigge.de\/schmuck\/blog\/author\/susannefrigge\/\" title=\"Beitr\u00e4ge von SusanneFrigge\" rel=\"author\">SusanneFrigge<\/a><\/span><\/span><span class=\"updated rich-snippet-hidden\">2022-10-09T11:30:13+02:00<\/span><div  class=\"fusion-image-wrapper fusion-image-size-fixed\" aria-haspopup=\"true\">\n\t\t\t\t<img decoding=\"async\" width=\"320\" height=\"202\" src=\"http:\/\/www.susanne-frigge.de\/schmuck\/wp-content\/uploads\/2016\/09\/IMG_1867-Muschel-Zahn-stehend-1-320x202.jpg\" class=\"attachment-blog-medium size-blog-medium wp-post-image\" alt=\"\" srcset=\"http:\/\/www.susanne-frigge.de\/schmuck\/wp-content\/uploads\/2016\/09\/IMG_1867-Muschel-Zahn-stehend-1-320x202.jpg 320w, http:\/\/www.susanne-frigge.de\/schmuck\/wp-content\/uploads\/2016\/09\/IMG_1867-Muschel-Zahn-stehend-1-700x441.jpg 700w\" sizes=\"(max-width: 320px) 100vw, 320px\" \/><div class=\"fusion-rollover\">\n\t<div class=\"fusion-rollover-content\">\n\n\t\t\t\t\t\t\t\t\t\t\t\t\t\t<a class=\"fusion-rollover-link\" href=\"http:\/\/www.susanne-frigge.de\/schmuck\/blog\/portfolio-items\/muschel-collier-zaehne\/\">Muschel Collier &#8222;Z\u00e4hne&#8220;<\/a>\n\t\t\t\n\t\t\t\t\t\t\t\t\t\t\t\t\t\t\n\t\t\t\t\t\t\t\t\n\t\t\t\t\t\t\t\t\t\t\t\t\t<div class=\"fusion-rollover-sep\"><\/div>\n\t\t\t\t\n\t\t\t\t\t\t\t\t\t\t\t\t\t\t\t\t\t\t<a class=\"fusion-rollover-gallery\" href=\"http:\/\/www.susanne-frigge.de\/schmuck\/wp-content\/uploads\/2016\/09\/IMG_1867-Muschel-Zahn-stehend-1-e1473178539835.jpg\" data-options=\"\" data-id=\"13590\" data-rel=\"iLightbox[gallery-rw-1]\" data-title=\"IMG_1867 Muschel Zahn stehend\" data-caption=\"\">\n\t\t\t\t\t\tGallerie\t\t\t\t\t<\/a>\n\t\t\t\t\t\t\t\t\t\t\t\t\t\t\n\t\t\n\t\t\t\t\t\t\t\t\t\t\t\t<h4 class=\"fusion-rollover-title\">\n\t\t\t\t\t<a class=\"fusion-rollover-title-link\" href=\"http:\/\/www.susanne-frigge.de\/schmuck\/blog\/portfolio-items\/muschel-collier-zaehne\/\">\n\t\t\t\t\t\tMuschel Collier &#8222;Z\u00e4hne&#8220;\t\t\t\t\t<\/a>\n\t\t\t\t<\/h4>\n\t\t\t\n\t\t\t\t\t\t\t\t\t\t<div class=\"fusion-rollover-categories\"><a href=\"http:\/\/www.susanne-frigge.de\/schmuck\/portfolio_category\/anhaenger\/\" rel=\"tag\">Anh\u00e4nger<\/a>, <a href=\"http:\/\/www.susanne-frigge.de\/schmuck\/portfolio_category\/colliers\/\" rel=\"tag\">Colliers<\/a>, <a href=\"http:\/\/www.susanne-frigge.de\/schmuck\/portfolio_category\/muschel\/\" rel=\"tag\">Muschel<\/a>, <a href=\"http:\/\/www.susanne-frigge.de\/schmuck\/portfolio_category\/neuheiten\/\" rel=\"tag\">Neuheiten<\/a>, <a href=\"http:\/\/www.susanne-frigge.de\/schmuck\/portfolio_category\/silber\/\" rel=\"tag\">Silber<\/a><\/div>\t\t\t\t\t\n\t\t\n\t\t\t\t\t\t<a class=\"fusion-link-wrapper\" href=\"http:\/\/www.susanne-frigge.de\/schmuck\/blog\/portfolio-items\/muschel-collier-zaehne\/\" aria-label=\"Muschel Collier &#8222;Z\u00e4hne&#8220;\"><\/a>\n\t<\/div>\n<\/div>\n<\/div>\n<\/div><\/div><div class=\"swiper-slide\"><div class=\"fusion-carousel-item-wrapper\"><span class=\"entry-title rich-snippet-hidden\">Azurit Collier<\/span><span class=\"vcard rich-snippet-hidden\"><span class=\"fn\"><a href=\"http:\/\/www.susanne-frigge.de\/schmuck\/blog\/author\/susannefrigge\/\" title=\"Beitr\u00e4ge von SusanneFrigge\" rel=\"author\">SusanneFrigge<\/a><\/span><\/span><span class=\"updated rich-snippet-hidden\">2022-10-09T11:30:13+02:00<\/span><div  class=\"fusion-image-wrapper fusion-image-size-fixed\" aria-haspopup=\"true\">\n\t\t\t\t<img decoding=\"async\" width=\"320\" height=\"202\" src=\"http:\/\/www.susanne-frigge.de\/schmuck\/wp-content\/uploads\/2016\/09\/IMG_1855-Azurit-Rechteck-1-320x202.jpg\" class=\"attachment-blog-medium size-blog-medium wp-post-image\" alt=\"\" srcset=\"http:\/\/www.susanne-frigge.de\/schmuck\/wp-content\/uploads\/2016\/09\/IMG_1855-Azurit-Rechteck-1-320x202.jpg 320w, http:\/\/www.susanne-frigge.de\/schmuck\/wp-content\/uploads\/2016\/09\/IMG_1855-Azurit-Rechteck-1-700x441.jpg 700w\" sizes=\"(max-width: 320px) 100vw, 320px\" \/><div class=\"fusion-rollover\">\n\t<div class=\"fusion-rollover-content\">\n\n\t\t\t\t\t\t\t\t\t\t\t\t\t\t<a class=\"fusion-rollover-link\" href=\"http:\/\/www.susanne-frigge.de\/schmuck\/blog\/portfolio-items\/azurit-collier\/\">Azurit Collier<\/a>\n\t\t\t\n\t\t\t\t\t\t\t\t\t\t\t\t\t\t\n\t\t\t\t\t\t\t\t\n\t\t\t\t\t\t\t\t\t\t\t\t\t<div class=\"fusion-rollover-sep\"><\/div>\n\t\t\t\t\n\t\t\t\t\t\t\t\t\t\t\t\t\t\t\t\t\t\t<a class=\"fusion-rollover-gallery\" href=\"http:\/\/www.susanne-frigge.de\/schmuck\/wp-content\/uploads\/2016\/09\/IMG_1855-Azurit-Rechteck-1-e1473176330543.jpg\" data-options=\"\" data-id=\"13577\" data-rel=\"iLightbox[gallery-rw-1]\" data-title=\"IMG_1855 Azurit Rechteck\" data-caption=\"\">\n\t\t\t\t\t\tGallerie\t\t\t\t\t<\/a>\n\t\t\t\t\t\t\t\t\t\t\t\t\t\t\n\t\t\n\t\t\t\t\t\t\t\t\t\t\t\t<h4 class=\"fusion-rollover-title\">\n\t\t\t\t\t<a class=\"fusion-rollover-title-link\" href=\"http:\/\/www.susanne-frigge.de\/schmuck\/blog\/portfolio-items\/azurit-collier\/\">\n\t\t\t\t\t\tAzurit Collier\t\t\t\t\t<\/a>\n\t\t\t\t<\/h4>\n\t\t\t\n\t\t\t\t\t\t\t\t\t\t<div class=\"fusion-rollover-categories\"><a href=\"http:\/\/www.susanne-frigge.de\/schmuck\/portfolio_category\/achat\/\" rel=\"tag\">Achat<\/a>, <a href=\"http:\/\/www.susanne-frigge.de\/schmuck\/portfolio_category\/achatuvarovitusw\/\" rel=\"tag\">Achat\/Uvarovit\/usw<\/a>, <a href=\"http:\/\/www.susanne-frigge.de\/schmuck\/portfolio_category\/anhaenger\/\" rel=\"tag\">Anh\u00e4nger<\/a>, <a href=\"http:\/\/www.susanne-frigge.de\/schmuck\/portfolio_category\/blau\/\" rel=\"tag\">Blau<\/a>, <a href=\"http:\/\/www.susanne-frigge.de\/schmuck\/portfolio_category\/colliers\/\" rel=\"tag\">Colliers<\/a><\/div>\t\t\t\t\t\n\t\t\n\t\t\t\t\t\t<a class=\"fusion-link-wrapper\" href=\"http:\/\/www.susanne-frigge.de\/schmuck\/blog\/portfolio-items\/azurit-collier\/\" aria-label=\"Azurit Collier\"><\/a>\n\t<\/div>\n<\/div>\n<\/div>\n<\/div><\/div><div class=\"swiper-slide\"><div class=\"fusion-carousel-item-wrapper\"><span class=\"entry-title rich-snippet-hidden\">Malachit Collier<\/span><span class=\"vcard rich-snippet-hidden\"><span class=\"fn\"><a href=\"http:\/\/www.susanne-frigge.de\/schmuck\/blog\/author\/susannefrigge\/\" title=\"Beitr\u00e4ge von SusanneFrigge\" rel=\"author\">SusanneFrigge<\/a><\/span><\/span><span class=\"updated rich-snippet-hidden\">2022-10-09T11:30:13+02:00<\/span><div  class=\"fusion-image-wrapper fusion-image-size-fixed\" aria-haspopup=\"true\">\n\t\t\t\t<img decoding=\"async\" width=\"320\" height=\"202\" src=\"http:\/\/www.susanne-frigge.de\/schmuck\/wp-content\/uploads\/2016\/09\/IMG_1858-Azurit-Malachit-Navette-1-320x202.jpg\" class=\"attachment-blog-medium size-blog-medium wp-post-image\" alt=\"\" srcset=\"http:\/\/www.susanne-frigge.de\/schmuck\/wp-content\/uploads\/2016\/09\/IMG_1858-Azurit-Malachit-Navette-1-320x202.jpg 320w, http:\/\/www.susanne-frigge.de\/schmuck\/wp-content\/uploads\/2016\/09\/IMG_1858-Azurit-Malachit-Navette-1-700x441.jpg 700w\" sizes=\"(max-width: 320px) 100vw, 320px\" \/><div class=\"fusion-rollover\">\n\t<div class=\"fusion-rollover-content\">\n\n\t\t\t\t\t\t\t\t\t\t\t\t\t\t<a class=\"fusion-rollover-link\" href=\"http:\/\/www.susanne-frigge.de\/schmuck\/blog\/portfolio-items\/malachit-collier\/\">Malachit Collier<\/a>\n\t\t\t\n\t\t\t\t\t\t\t\t\t\t\t\t\t\t\n\t\t\t\t\t\t\t\t\n\t\t\t\t\t\t\t\t\t\t\t\t\t<div class=\"fusion-rollover-sep\"><\/div>\n\t\t\t\t\n\t\t\t\t\t\t\t\t\t\t\t\t\t\t\t\t\t\t<a class=\"fusion-rollover-gallery\" href=\"http:\/\/www.susanne-frigge.de\/schmuck\/wp-content\/uploads\/2016\/09\/IMG_1858-Azurit-Malachit-Navette-1-e1473175316499.jpg\" data-options=\"\" data-id=\"13571\" data-rel=\"iLightbox[gallery-rw-1]\" data-title=\"IMG_1858 Azurit Malachit Navette\" data-caption=\"\">\n\t\t\t\t\t\tGallerie\t\t\t\t\t<\/a>\n\t\t\t\t\t\t\t\t\t\t\t\t\t\t\n\t\t\n\t\t\t\t\t\t\t\t\t\t\t\t<h4 class=\"fusion-rollover-title\">\n\t\t\t\t\t<a class=\"fusion-rollover-title-link\" href=\"http:\/\/www.susanne-frigge.de\/schmuck\/blog\/portfolio-items\/malachit-collier\/\">\n\t\t\t\t\t\tMalachit Collier\t\t\t\t\t<\/a>\n\t\t\t\t<\/h4>\n\t\t\t\n\t\t\t\t\t\t\t\t\t\t<div class=\"fusion-rollover-categories\"><a href=\"http:\/\/www.susanne-frigge.de\/schmuck\/portfolio_category\/achat\/\" rel=\"tag\">Achat<\/a>, <a href=\"http:\/\/www.susanne-frigge.de\/schmuck\/portfolio_category\/achatuvarovitusw\/\" rel=\"tag\">Achat\/Uvarovit\/usw<\/a>, <a href=\"http:\/\/www.susanne-frigge.de\/schmuck\/portfolio_category\/anhaenger\/\" rel=\"tag\">Anh\u00e4nger<\/a>, <a href=\"http:\/\/www.susanne-frigge.de\/schmuck\/portfolio_category\/bajonett-verschluss\/\" rel=\"tag\">Bajonett-Verschluss<\/a>, <a href=\"http:\/\/www.susanne-frigge.de\/schmuck\/portfolio_category\/blau\/\" rel=\"tag\">Blau<\/a>, <a href=\"http:\/\/www.susanne-frigge.de\/schmuck\/portfolio_category\/colliers\/\" rel=\"tag\">Colliers<\/a>, <a href=\"http:\/\/www.susanne-frigge.de\/schmuck\/portfolio_category\/gruen\/\" rel=\"tag\">Gr\u00fcn<\/a>, <a href=\"http:\/\/www.susanne-frigge.de\/schmuck\/portfolio_category\/neuheiten\/\" rel=\"tag\">Neuheiten<\/a>, <a href=\"http:\/\/www.susanne-frigge.de\/schmuck\/portfolio_category\/silber\/\" rel=\"tag\">Silber<\/a><\/div>\t\t\t\t\t\n\t\t\n\t\t\t\t\t\t<a class=\"fusion-link-wrapper\" href=\"http:\/\/www.susanne-frigge.de\/schmuck\/blog\/portfolio-items\/malachit-collier\/\" aria-label=\"Malachit Collier\"><\/a>\n\t<\/div>\n<\/div>\n<\/div>\n<\/div><\/div><div class=\"swiper-slide\"><div class=\"fusion-carousel-item-wrapper\"><span class=\"entry-title rich-snippet-hidden\">Scheibenring mit Turmalin<\/span><span class=\"vcard rich-snippet-hidden\"><span class=\"fn\"><a href=\"http:\/\/www.susanne-frigge.de\/schmuck\/blog\/author\/susannefrigge\/\" title=\"Beitr\u00e4ge von SusanneFrigge\" rel=\"author\">SusanneFrigge<\/a><\/span><\/span><span class=\"updated rich-snippet-hidden\">2022-10-09T11:30:13+02:00<\/span><div  class=\"fusion-image-wrapper fusion-image-size-fixed\" aria-haspopup=\"true\">\n\t\t\t\t<img decoding=\"async\" width=\"320\" height=\"202\" src=\"http:\/\/www.susanne-frigge.de\/schmuck\/wp-content\/uploads\/2015\/09\/IMG_1407-copy1-320x202.jpg\" class=\"attachment-blog-medium size-blog-medium wp-post-image\" alt=\"\" srcset=\"http:\/\/www.susanne-frigge.de\/schmuck\/wp-content\/uploads\/2015\/09\/IMG_1407-copy1-320x202.jpg 320w, http:\/\/www.susanne-frigge.de\/schmuck\/wp-content\/uploads\/2015\/09\/IMG_1407-copy1-700x441.jpg 700w\" sizes=\"(max-width: 320px) 100vw, 320px\" \/><div class=\"fusion-rollover\">\n\t<div class=\"fusion-rollover-content\">\n\n\t\t\t\t\t\t\t\t\t\t\t\t\t\t<a class=\"fusion-rollover-link\" href=\"http:\/\/www.susanne-frigge.de\/schmuck\/blog\/portfolio-items\/scheibenring-mit-turmalin-2\/\">Scheibenring mit Turmalin<\/a>\n\t\t\t\n\t\t\t\t\t\t\t\t\t\t\t\t\t\t\n\t\t\t\t\t\t\t\t\n\t\t\t\t\t\t\t\t\t\t\t\t\t<div class=\"fusion-rollover-sep\"><\/div>\n\t\t\t\t\n\t\t\t\t\t\t\t\t\t\t\t\t\t\t\t\t\t\t<a class=\"fusion-rollover-gallery\" href=\"http:\/\/www.susanne-frigge.de\/schmuck\/wp-content\/uploads\/2015\/09\/IMG_1407-copy1-e1443008339198.jpg\" data-options=\"\" data-id=\"13466\" data-rel=\"iLightbox[gallery-rw-1]\" data-title=\"IMG_1407 copy\" data-caption=\"\">\n\t\t\t\t\t\tGallerie\t\t\t\t\t<\/a>\n\t\t\t\t\t\t\t\t\t\t\t\t\t\t\n\t\t\n\t\t\t\t\t\t\t\t\t\t\t\t<h4 class=\"fusion-rollover-title\">\n\t\t\t\t\t<a class=\"fusion-rollover-title-link\" href=\"http:\/\/www.susanne-frigge.de\/schmuck\/blog\/portfolio-items\/scheibenring-mit-turmalin-2\/\">\n\t\t\t\t\t\tScheibenring mit Turmalin\t\t\t\t\t<\/a>\n\t\t\t\t<\/h4>\n\t\t\t\n\t\t\t\t\t\t\t\t\t\t<div class=\"fusion-rollover-categories\"><a href=\"http:\/\/www.susanne-frigge.de\/schmuck\/portfolio_category\/blau\/\" rel=\"tag\">Blau<\/a>, <a href=\"http:\/\/www.susanne-frigge.de\/schmuck\/portfolio_category\/fein-2\/\" rel=\"tag\">Fein<\/a>, <a href=\"http:\/\/www.susanne-frigge.de\/schmuck\/portfolio_category\/feine-ringe\/\" rel=\"tag\">Feine Ringe<\/a>, <a href=\"http:\/\/www.susanne-frigge.de\/schmuck\/portfolio_category\/ringe\/\" rel=\"tag\">Ringe<\/a>, <a href=\"http:\/\/www.susanne-frigge.de\/schmuck\/portfolio_category\/scheibenringe\/\" rel=\"tag\">Scheibenringe<\/a>, <a href=\"http:\/\/www.susanne-frigge.de\/schmuck\/portfolio_category\/silber\/\" rel=\"tag\">Silber<\/a><\/div>\t\t\t\t\t\n\t\t\n\t\t\t\t\t\t<a class=\"fusion-link-wrapper\" href=\"http:\/\/www.susanne-frigge.de\/schmuck\/blog\/portfolio-items\/scheibenring-mit-turmalin-2\/\" aria-label=\"Scheibenring mit Turmalin\"><\/a>\n\t<\/div>\n<\/div>\n<\/div>\n<\/div><\/div><div class=\"swiper-slide\"><div class=\"fusion-carousel-item-wrapper\"><span class=\"entry-title rich-snippet-hidden\">Scheibenring mit Turmalin<\/span><span class=\"vcard rich-snippet-hidden\"><span class=\"fn\"><a href=\"http:\/\/www.susanne-frigge.de\/schmuck\/blog\/author\/susannefrigge\/\" title=\"Beitr\u00e4ge von SusanneFrigge\" rel=\"author\">SusanneFrigge<\/a><\/span><\/span><span class=\"updated rich-snippet-hidden\">2022-10-09T11:30:14+02:00<\/span><div  class=\"fusion-image-wrapper fusion-image-size-fixed\" aria-haspopup=\"true\">\n\t\t\t\t<img decoding=\"async\" width=\"320\" height=\"202\" src=\"http:\/\/www.susanne-frigge.de\/schmuck\/wp-content\/uploads\/2015\/09\/IMG_1418-copy-320x202.jpg\" class=\"attachment-blog-medium size-blog-medium wp-post-image\" alt=\"\" srcset=\"http:\/\/www.susanne-frigge.de\/schmuck\/wp-content\/uploads\/2015\/09\/IMG_1418-copy-320x202.jpg 320w, http:\/\/www.susanne-frigge.de\/schmuck\/wp-content\/uploads\/2015\/09\/IMG_1418-copy-700x441.jpg 700w\" sizes=\"(max-width: 320px) 100vw, 320px\" \/><div class=\"fusion-rollover\">\n\t<div class=\"fusion-rollover-content\">\n\n\t\t\t\t\t\t\t\t\t\t\t\t\t\t<a class=\"fusion-rollover-link\" href=\"http:\/\/www.susanne-frigge.de\/schmuck\/blog\/portfolio-items\/scheibenring-mit-turmalin\/\">Scheibenring mit Turmalin<\/a>\n\t\t\t\n\t\t\t\t\t\t\t\t\t\t\t\t\t\t\n\t\t\t\t\t\t\t\t\n\t\t\t\t\t\t\t\t\t\t\t\t\t<div class=\"fusion-rollover-sep\"><\/div>\n\t\t\t\t\n\t\t\t\t\t\t\t\t\t\t\t\t\t\t\t\t\t\t<a class=\"fusion-rollover-gallery\" href=\"http:\/\/www.susanne-frigge.de\/schmuck\/wp-content\/uploads\/2015\/09\/IMG_1418-copy-e1443007568131.jpg\" data-options=\"\" data-id=\"13433\" data-rel=\"iLightbox[gallery-rw-1]\" data-title=\"IMG_1418 copy\" data-caption=\"\">\n\t\t\t\t\t\tGallerie\t\t\t\t\t<\/a>\n\t\t\t\t\t\t\t\t\t\t\t\t\t\t\n\t\t\n\t\t\t\t\t\t\t\t\t\t\t\t<h4 class=\"fusion-rollover-title\">\n\t\t\t\t\t<a class=\"fusion-rollover-title-link\" href=\"http:\/\/www.susanne-frigge.de\/schmuck\/blog\/portfolio-items\/scheibenring-mit-turmalin\/\">\n\t\t\t\t\t\tScheibenring mit Turmalin\t\t\t\t\t<\/a>\n\t\t\t\t<\/h4>\n\t\t\t\n\t\t\t\t\t\t\t\t\t\t<div class=\"fusion-rollover-categories\"><a href=\"http:\/\/www.susanne-frigge.de\/schmuck\/portfolio_category\/achatuvarovitusw\/\" rel=\"tag\">Achat\/Uvarovit\/usw<\/a>, <a href=\"http:\/\/www.susanne-frigge.de\/schmuck\/portfolio_category\/braun\/\" rel=\"tag\">Braun<\/a>, <a href=\"http:\/\/www.susanne-frigge.de\/schmuck\/portfolio_category\/fein-2\/\" rel=\"tag\">Fein<\/a>, <a href=\"http:\/\/www.susanne-frigge.de\/schmuck\/portfolio_category\/feine-ringe\/\" rel=\"tag\">Feine Ringe<\/a>, <a href=\"http:\/\/www.susanne-frigge.de\/schmuck\/portfolio_category\/gold\/\" rel=\"tag\">Gold<\/a>, <a href=\"http:\/\/www.susanne-frigge.de\/schmuck\/portfolio_category\/gruen\/\" rel=\"tag\">Gr\u00fcn<\/a>, <a href=\"http:\/\/www.susanne-frigge.de\/schmuck\/portfolio_category\/ringe\/\" rel=\"tag\">Ringe<\/a>, <a href=\"http:\/\/www.susanne-frigge.de\/schmuck\/portfolio_category\/ringe-mit-stein\/\" rel=\"tag\">Ringe mit Stein<\/a>, <a href=\"http:\/\/www.susanne-frigge.de\/schmuck\/portfolio_category\/scheibenringe\/\" rel=\"tag\">Scheibenringe<\/a><\/div>\t\t\t\t\t\n\t\t\n\t\t\t\t\t\t<a class=\"fusion-link-wrapper\" href=\"http:\/\/www.susanne-frigge.de\/schmuck\/blog\/portfolio-items\/scheibenring-mit-turmalin\/\" aria-label=\"Scheibenring mit Turmalin\"><\/a>\n\t<\/div>\n<\/div>\n<\/div>\n<\/div><\/div><div class=\"swiper-slide\"><div class=\"fusion-carousel-item-wrapper\"><span class=\"entry-title rich-snippet-hidden\">Adelslilie &#8211; Schwarzer Achat<\/span><span class=\"vcard rich-snippet-hidden\"><span class=\"fn\"><a href=\"http:\/\/www.susanne-frigge.de\/schmuck\/blog\/author\/susannefrigge\/\" title=\"Beitr\u00e4ge von SusanneFrigge\" rel=\"author\">SusanneFrigge<\/a><\/span><\/span><span class=\"updated rich-snippet-hidden\">2022-10-09T11:30:23+02:00<\/span><div  class=\"fusion-image-wrapper fusion-image-size-fixed\" aria-haspopup=\"true\">\n\t\t\t\t<img decoding=\"async\" width=\"320\" height=\"202\" src=\"http:\/\/www.susanne-frigge.de\/schmuck\/wp-content\/uploads\/2015\/02\/Adelslilie-Gravur-aus-Achat-graue-S\u00fc\u00dfwasserperlen-750-Wei\u00dfgold-Kopie-Kopie-1-320x202.jpg\" class=\"attachment-blog-medium size-blog-medium wp-post-image\" alt=\"\" srcset=\"http:\/\/www.susanne-frigge.de\/schmuck\/wp-content\/uploads\/2015\/02\/Adelslilie-Gravur-aus-Achat-graue-S\u00fc\u00dfwasserperlen-750-Wei\u00dfgold-Kopie-Kopie-1-320x202.jpg 320w, http:\/\/www.susanne-frigge.de\/schmuck\/wp-content\/uploads\/2015\/02\/Adelslilie-Gravur-aus-Achat-graue-S\u00fc\u00dfwasserperlen-750-Wei\u00dfgold-Kopie-Kopie-1-700x441.jpg 700w\" sizes=\"(max-width: 320px) 100vw, 320px\" \/><div class=\"fusion-rollover\">\n\t<div class=\"fusion-rollover-content\">\n\n\t\t\t\t\t\t\t\t\t\t\t\t\t\t<a class=\"fusion-rollover-link\" href=\"http:\/\/www.susanne-frigge.de\/schmuck\/blog\/portfolio-items\/adelslilie\/\">Adelslilie &#8211; Schwarzer Achat<\/a>\n\t\t\t\n\t\t\t\t\t\t\t\t\t\t\t\t\t\t\n\t\t\t\t\t\t\t\t\n\t\t\t\t\t\t\t\t\t\t\t\t\t<div class=\"fusion-rollover-sep\"><\/div>\n\t\t\t\t\n\t\t\t\t\t\t\t\t\t\t\t\t\t\t\t\t\t\t<a class=\"fusion-rollover-gallery\" href=\"http:\/\/www.susanne-frigge.de\/schmuck\/wp-content\/uploads\/2015\/02\/Adelslilie-Gravur-aus-Achat-graue-S\u00fc\u00dfwasserperlen-750-Wei\u00dfgold-Kopie-Kopie-1-e1462204366351.jpg\" data-options=\"\" data-id=\"12158\" data-rel=\"iLightbox[gallery-rw-1]\" data-title=\"Adelslilie Gravur aus Achat graue S\u00fc\u00dfwasserperlen 750 Wei\u00dfgold - Kopie - Kopie\" data-caption=\"\">\n\t\t\t\t\t\tGallerie\t\t\t\t\t<\/a>\n\t\t\t\t\t\t\t\t\t\t\t\t\t\t\n\t\t\n\t\t\t\t\t\t\t\t\t\t\t\t<h4 class=\"fusion-rollover-title\">\n\t\t\t\t\t<a class=\"fusion-rollover-title-link\" href=\"http:\/\/www.susanne-frigge.de\/schmuck\/blog\/portfolio-items\/adelslilie\/\">\n\t\t\t\t\t\tAdelslilie &#8211; Schwarzer Achat\t\t\t\t\t<\/a>\n\t\t\t\t<\/h4>\n\t\t\t\n\t\t\t\t\t\t\t\t\t\t<div class=\"fusion-rollover-categories\"><a href=\"http:\/\/www.susanne-frigge.de\/schmuck\/portfolio_category\/achat\/\" rel=\"tag\">Achat<\/a>, <a href=\"http:\/\/www.susanne-frigge.de\/schmuck\/portfolio_category\/colliers\/\" rel=\"tag\">Colliers<\/a>, <a href=\"http:\/\/www.susanne-frigge.de\/schmuck\/portfolio_category\/grau\/\" rel=\"tag\">Grau<\/a>, <a href=\"http:\/\/www.susanne-frigge.de\/schmuck\/portfolio_category\/perlen\/\" rel=\"tag\">Perlen<\/a>, <a href=\"http:\/\/www.susanne-frigge.de\/schmuck\/portfolio_category\/weissgold\/\" rel=\"tag\">Wei\u00dfgold<\/a><\/div>\t\t\t\t\t\n\t\t\n\t\t\t\t\t\t<a class=\"fusion-link-wrapper\" href=\"http:\/\/www.susanne-frigge.de\/schmuck\/blog\/portfolio-items\/adelslilie\/\" aria-label=\"Adelslilie &#8211; Schwarzer Achat\"><\/a>\n\t<\/div>\n<\/div>\n<\/div>\n<\/div><\/div><div class=\"swiper-slide\"><div class=\"fusion-carousel-item-wrapper\"><span class=\"entry-title rich-snippet-hidden\">Hemimorphit-Ring<\/span><span class=\"vcard rich-snippet-hidden\"><span class=\"fn\"><a href=\"http:\/\/www.susanne-frigge.de\/schmuck\/blog\/author\/susannefrigge\/\" title=\"Beitr\u00e4ge von SusanneFrigge\" rel=\"author\">SusanneFrigge<\/a><\/span><\/span><span class=\"updated rich-snippet-hidden\">2022-10-09T11:30:15+02:00<\/span><div  class=\"fusion-image-wrapper fusion-image-size-fixed\" aria-haspopup=\"true\">\n\t\t\t\t<img decoding=\"async\" width=\"320\" height=\"202\" src=\"http:\/\/www.susanne-frigge.de\/schmuck\/wp-content\/uploads\/2015\/02\/T\u00fcrkis-copy-Kopie-1-320x202.jpg\" class=\"attachment-blog-medium size-blog-medium wp-post-image\" alt=\"\" srcset=\"http:\/\/www.susanne-frigge.de\/schmuck\/wp-content\/uploads\/2015\/02\/T\u00fcrkis-copy-Kopie-1-320x202.jpg 320w, http:\/\/www.susanne-frigge.de\/schmuck\/wp-content\/uploads\/2015\/02\/T\u00fcrkis-copy-Kopie-1-700x441.jpg 700w\" sizes=\"(max-width: 320px) 100vw, 320px\" \/><div class=\"fusion-rollover\">\n\t<div class=\"fusion-rollover-content\">\n\n\t\t\t\t\t\t\t\t\t\t\t\t\t\t<a class=\"fusion-rollover-link\" href=\"http:\/\/www.susanne-frigge.de\/schmuck\/blog\/portfolio-items\/ring\/\">Hemimorphit-Ring<\/a>\n\t\t\t\n\t\t\t\t\t\t\t\t\t\t\t\t\t\t\n\t\t\t\t\t\t\t\t\n\t\t\t\t\t\t\t\t\t\t\t\t\t<div class=\"fusion-rollover-sep\"><\/div>\n\t\t\t\t\n\t\t\t\t\t\t\t\t\t\t\t\t\t\t\t\t\t\t<a class=\"fusion-rollover-gallery\" href=\"http:\/\/www.susanne-frigge.de\/schmuck\/wp-content\/uploads\/2015\/02\/T\u00fcrkis-copy-Kopie-1-e1462205181191.jpg\" data-options=\"\" data-id=\"12703\" data-rel=\"iLightbox[gallery-rw-1]\" data-title=\"T\u00fcrkis copy - Kopie\" data-caption=\"\">\n\t\t\t\t\t\tGallerie\t\t\t\t\t<\/a>\n\t\t\t\t\t\t\t\t\t\t\t\t\t\t\n\t\t\n\t\t\t\t\t\t\t\t\t\t\t\t<h4 class=\"fusion-rollover-title\">\n\t\t\t\t\t<a class=\"fusion-rollover-title-link\" href=\"http:\/\/www.susanne-frigge.de\/schmuck\/blog\/portfolio-items\/ring\/\">\n\t\t\t\t\t\tHemimorphit-Ring\t\t\t\t\t<\/a>\n\t\t\t\t<\/h4>\n\t\t\t\n\t\t\t\t\t\t\t\t\t\t<div class=\"fusion-rollover-categories\"><a href=\"http:\/\/www.susanne-frigge.de\/schmuck\/portfolio_category\/achatuvarovitusw\/\" rel=\"tag\">Achat\/Uvarovit\/usw<\/a>, <a href=\"http:\/\/www.susanne-frigge.de\/schmuck\/portfolio_category\/blau\/\" rel=\"tag\">Blau<\/a>, <a href=\"http:\/\/www.susanne-frigge.de\/schmuck\/portfolio_category\/ringe\/\" rel=\"tag\">Ringe<\/a>, <a href=\"http:\/\/www.susanne-frigge.de\/schmuck\/portfolio_category\/ringe-mit-stein\/\" rel=\"tag\">Ringe mit Stein<\/a>, <a href=\"http:\/\/www.susanne-frigge.de\/schmuck\/portfolio_category\/silber\/\" rel=\"tag\">Silber<\/a><\/div>\t\t\t\t\t\n\t\t\n\t\t\t\t\t\t<a class=\"fusion-link-wrapper\" href=\"http:\/\/www.susanne-frigge.de\/schmuck\/blog\/portfolio-items\/ring\/\" aria-label=\"Hemimorphit-Ring\"><\/a>\n\t<\/div>\n<\/div>\n<\/div>\n<\/div><\/div><\/div><div class=\"awb-swiper-button awb-swiper-button-prev\"><i class=\"awb-icon-angle-left\" aria-hidden=\"true\"><\/i><\/div><div class=\"awb-swiper-button awb-swiper-button-next\"><i class=\"awb-icon-angle-right\" aria-hidden=\"true\"><\/i><\/div><\/div><\/div><\/div><\/div><\/div><\/div>\n","protected":false},"excerpt":{"rendered":"","protected":false},"author":1,"featured_media":13573,"menu_order":24,"comment_status":"open","ping_status":"closed","template":"","format":"standard","meta":{"footnotes":""},"portfolio_category":[147,123,145,118,126,3,127,141,45],"portfolio_skills":[],"portfolio_tags":[],"class_list":["post-13571","avada_portfolio","type-avada_portfolio","status-publish","format-standard","has-post-thumbnail","hentry","portfolio_category-achat","portfolio_category-achatuvarovitusw","portfolio_category-anhaenger","portfolio_category-bajonett-verschluss","portfolio_category-blau","portfolio_category-colliers","portfolio_category-gruen","portfolio_category-neuheiten","portfolio_category-silber"],"_links":{"self":[{"href":"http:\/\/www.susanne-frigge.de\/schmuck\/wp-json\/wp\/v2\/avada_portfolio\/13571","targetHints":{"allow":["GET"]}}],"collection":[{"href":"http:\/\/www.susanne-frigge.de\/schmuck\/wp-json\/wp\/v2\/avada_portfolio"}],"about":[{"href":"http:\/\/www.susanne-frigge.de\/schmuck\/wp-json\/wp\/v2\/types\/avada_portfolio"}],"author":[{"embeddable":true,"href":"http:\/\/www.susanne-frigge.de\/schmuck\/wp-json\/wp\/v2\/users\/1"}],"replies":[{"embeddable":true,"href":"http:\/\/www.susanne-frigge.de\/schmuck\/wp-json\/wp\/v2\/comments?post=13571"}],"version-history":[{"count":3,"href":"http:\/\/www.susanne-frigge.de\/schmuck\/wp-json\/wp\/v2\/avada_portfolio\/13571\/revisions"}],"predecessor-version":[{"id":13918,"href":"http:\/\/www.susanne-frigge.de\/schmuck\/wp-json\/wp\/v2\/avada_portfolio\/13571\/revisions\/13918"}],"wp:featuredmedia":[{"embeddable":true,"href":"http:\/\/www.susanne-frigge.de\/schmuck\/wp-json\/wp\/v2\/media\/13573"}],"wp:attachment":[{"href":"http:\/\/www.susanne-frigge.de\/schmuck\/wp-json\/wp\/v2\/media?parent=13571"}],"wp:term":[{"taxonomy":"portfolio_category","embeddable":true,"href":"http:\/\/www.susanne-frigge.de\/schmuck\/wp-json\/wp\/v2\/portfolio_category?post=13571"},{"taxonomy":"portfolio_skills","embeddable":true,"href":"http:\/\/www.susanne-frigge.de\/schmuck\/wp-json\/wp\/v2\/portfolio_skills?post=13571"},{"taxonomy":"portfolio_tags","embeddable":true,"href":"http:\/\/www.susanne-frigge.de\/schmuck\/wp-json\/wp\/v2\/portfolio_tags?post=13571"}],"curies":[{"name":"wp","href":"https:\/\/api.w.org\/{rel}","templated":true}]}}