{"id":11074,"date":"2014-11-19T23:54:14","date_gmt":"2014-11-19T21:54:14","guid":{"rendered":"http:\/\/susanne-frigge.de\/?page_id=11074"},"modified":"2022-10-09T11:29:53","modified_gmt":"2022-10-09T09:29:53","slug":"colliers","status":"publish","type":"page","link":"http:\/\/www.susanne-frigge.de\/schmuck\/colliers\/","title":{"rendered":"Colliers"},"content":{"rendered":"<p><div class=\"fusion-fullwidth fullwidth-box fusion-builder-row-1 fusion-flex-container nonhundred-percent-fullwidth non-hundred-percent-height-scrolling\" style=\"--awb-background-position:left top;--awb-border-radius-top-left:0px;--awb-border-radius-top-right:0px;--awb-border-radius-bottom-right:0px;--awb-border-radius-bottom-left:0px;--awb-padding-top:0px;--awb-padding-right:0px;--awb-padding-bottom:0px;--awb-padding-left:0px;--awb-background-color:no;--awb-border-sizes-top:0px;--awb-border-sizes-bottom:0px;--awb-flex-wrap:wrap;\" ><div class=\"fusion-builder-row fusion-row fusion-flex-align-items-flex-start fusion-flex-content-wrap\" style=\"max-width:calc( 1100px + 0px );margin-left: calc(-0px \/ 2 );margin-right: calc(-0px \/ 2 );\"><div class=\"fusion-layout-column fusion_builder_column fusion-builder-column-0 fusion_builder_column_1_1 1_1 fusion-flex-column fusion-flex-align-self-flex-start fusion-column-no-min-height\" style=\"--awb-bg-size:cover;--awb-width-large:100%;--awb-margin-top-large:0px;--awb-spacing-right-large:0px;--awb-margin-bottom-large:0px;--awb-spacing-left-large:0px;--awb-width-medium:100%;--awb-spacing-right-medium:0px;--awb-spacing-left-medium:0px;--awb-width-small:100%;--awb-spacing-right-small:0px;--awb-spacing-left-small:0px;\"><div class=\"fusion-column-wrapper fusion-flex-justify-content-flex-start fusion-content-layout-column\"><div class=\"fusion-title title fusion-title-1 fusion-title-text fusion-title-size-two\" style=\"--awb-sep-color:#f6f6f6;\"><div class=\"title-sep-container title-sep-container-left fusion-no-large-visibility fusion-no-medium-visibility fusion-no-small-visibility\"><div class=\"title-sep sep-single sep-solid\" style=\"border-color:#f6f6f6;\"><\/div><\/div><span class=\"awb-title-spacer fusion-no-large-visibility fusion-no-medium-visibility fusion-no-small-visibility\"><\/span><h2 class=\"fusion-title-heading title-heading-left\" style=\"margin:0;\">Colliers<\/h2><span class=\"awb-title-spacer\"><\/span><div class=\"title-sep-container title-sep-container-right\"><div class=\"title-sep sep-single sep-solid\" style=\"border-color:#f6f6f6;\"><\/div><\/div><\/div><\/div><\/div><\/div><\/div><div class=\"fusion-fullwidth fullwidth-box fusion-builder-row-2 fusion-flex-container hundred-percent-fullwidth non-hundred-percent-height-scrolling\" style=\"--awb-border-radius-top-left:0px;--awb-border-radius-top-right:0px;--awb-border-radius-bottom-right:0px;--awb-border-radius-bottom-left:0px;--awb-overflow:visible;--awb-flex-wrap:wrap;\" ><div class=\"fusion-builder-row fusion-row fusion-flex-align-items-flex-start fusion-flex-content-wrap\" style=\"width:calc( 100% + 0px ) !important;max-width:calc( 100% + 0px ) !important;margin-left: calc(-0px \/ 2 );margin-right: calc(-0px \/ 2 );\"><div class=\"fusion-layout-column fusion_builder_column fusion-builder-column-1 fusion_builder_column_1_1 1_1 fusion-flex-column fusion-flex-align-self-flex-start fusion-column-no-min-height\" style=\"--awb-bg-size:cover;--awb-width-large:100%;--awb-margin-top-large:0px;--awb-spacing-right-large:0px;--awb-margin-bottom-large:0px;--awb-spacing-left-large:0px;--awb-width-medium:100%;--awb-spacing-right-medium:0px;--awb-spacing-left-medium:0px;--awb-width-small:100%;--awb-spacing-right-small:0px;--awb-spacing-left-small:0px;\"><div class=\"fusion-column-wrapper fusion-flex-justify-content-flex-start fusion-content-layout-column\"><div class=\"fusion-recent-works fusion-portfolio-element fusion-portfolio fusion-portfolio-1 fusion-portfolio-grid fusion-portfolio-paging-pagination fusion-portfolio-four fusion-portfolio-no_text fusion-portfolio-rollover\" data-id=\"-rw-1\" data-columns=\"four\"><style type=\"text\/css\">.fusion-portfolio-1 .fusion-portfolio-wrapper .fusion-col-spacing{padding:6px;}<\/style><div class=\"fusion-portfolio-wrapper\" id=\"fusion-portfolio-1\" data-picturesize=\"auto\" data-pages=\"5\" style=\"margin:-6px;\"><article id=\"portfolio-1-post-13677\" class=\"fusion-portfolio-post colliers feine-ketten gold fusion-col-spacing post-13677\"><div class=\"fusion-portfolio-content-wrapper\" style=\"border:none;\"><span class=\"entry-title rich-snippet-hidden\">W\u00fcrfel<\/span><span class=\"vcard rich-snippet-hidden\"><span class=\"fn\"><a href=\"http:\/\/www.susanne-frigge.de\/schmuck\/blog\/author\/susannefrigge\/\" title=\"Beitr\u00e4ge von SusanneFrigge\" rel=\"author\">SusanneFrigge<\/a><\/span><\/span><span class=\"updated rich-snippet-hidden\">2022-10-09T11:30:12+02:00<\/span><div  class=\"fusion-image-wrapper\" aria-haspopup=\"true\">\n\t\t\t\t<img decoding=\"async\" width=\"420\" height=\"280\" src=\"http:\/\/www.susanne-frigge.de\/schmuck\/wp-content\/uploads\/2016\/09\/IMG_1963-Kettchen-W\u00fcrfel-1-e1473619952317.jpg\" class=\"attachment-full size-full wp-post-image\" alt=\"\" \/><div class=\"fusion-rollover\">\n\t<div class=\"fusion-rollover-content\">\n\n\t\t\t\t\t\t\t\t\t\t\t\t\t\t<a class=\"fusion-rollover-link\" href=\"http:\/\/www.susanne-frigge.de\/schmuck\/blog\/portfolio-items\/wuerfel\/?portfolioCats=3\">W\u00fcrfel<\/a>\n\t\t\t\n\t\t\t\t\t\t\t\t\t\t\t\t\t\t\n\t\t\t\t\t\t\t\t\n\t\t\t\t\t\t\t\t\t\t\t\t\t<div class=\"fusion-rollover-sep\"><\/div>\n\t\t\t\t\n\t\t\t\t\t\t\t\t\t\t\t\t\t\t\t\t\t\t<a class=\"fusion-rollover-gallery\" href=\"http:\/\/www.susanne-frigge.de\/schmuck\/wp-content\/uploads\/2016\/09\/IMG_1963-Kettchen-W\u00fcrfel-1-e1473619952317.jpg\" data-options=\"\" data-id=\"13677\" data-rel=\"iLightbox[gallery-rw-1]\" data-title=\"img_1963-kettchen-wuerfel\" data-caption=\"\">\n\t\t\t\t\t\tGallerie\t\t\t\t\t<\/a>\n\t\t\t\t\t\t\t\t\t\t\t\t\t\t\n\t\t\n\t\t\t\t\t\t\t\t\t\t\t\t<h4 class=\"fusion-rollover-title\">\n\t\t\t\t\t<a class=\"fusion-rollover-title-link\" href=\"http:\/\/www.susanne-frigge.de\/schmuck\/blog\/portfolio-items\/wuerfel\/?portfolioCats=3\">\n\t\t\t\t\t\tW\u00fcrfel\t\t\t\t\t<\/a>\n\t\t\t\t<\/h4>\n\t\t\t\n\t\t\t\t\t\t\t\t\t\t<div class=\"fusion-rollover-categories\"><a href=\"http:\/\/www.susanne-frigge.de\/schmuck\/portfolio_category\/colliers\/\" rel=\"tag\">Colliers<\/a>, <a href=\"http:\/\/www.susanne-frigge.de\/schmuck\/portfolio_category\/feine-ketten\/\" rel=\"tag\">Feine Ketten<\/a>, <a href=\"http:\/\/www.susanne-frigge.de\/schmuck\/portfolio_category\/gold\/\" rel=\"tag\">Gold<\/a><\/div>\t\t\t\t\t\n\t\t\n\t\t\t\t\t\t<a class=\"fusion-link-wrapper\" href=\"http:\/\/www.susanne-frigge.de\/schmuck\/blog\/portfolio-items\/wuerfel\/?portfolioCats=3\" aria-label=\"W\u00fcrfel\"><\/a>\n\t<\/div>\n<\/div>\n<\/div>\n<\/div><\/article><article id=\"portfolio-1-post-13670\" class=\"fusion-portfolio-post colliers feine-ketten gold fusion-col-spacing post-13670\"><div class=\"fusion-portfolio-content-wrapper\" style=\"border:none;\"><span class=\"entry-title rich-snippet-hidden\">Froschk\u00f6nig<\/span><span class=\"vcard rich-snippet-hidden\"><span class=\"fn\"><a href=\"http:\/\/www.susanne-frigge.de\/schmuck\/blog\/author\/susannefrigge\/\" title=\"Beitr\u00e4ge von SusanneFrigge\" rel=\"author\">SusanneFrigge<\/a><\/span><\/span><span class=\"updated rich-snippet-hidden\">2022-10-09T11:30:13+02:00<\/span><div  class=\"fusion-image-wrapper\" aria-haspopup=\"true\">\n\t\t\t\t<img decoding=\"async\" width=\"420\" height=\"280\" src=\"http:\/\/www.susanne-frigge.de\/schmuck\/wp-content\/uploads\/2016\/09\/IMG_1959-Kettchen-Frosch-1-e1473619836704.jpg\" class=\"attachment-full size-full wp-post-image\" alt=\"\" \/><div class=\"fusion-rollover\">\n\t<div class=\"fusion-rollover-content\">\n\n\t\t\t\t\t\t\t\t\t\t\t\t\t\t<a class=\"fusion-rollover-link\" href=\"http:\/\/www.susanne-frigge.de\/schmuck\/blog\/portfolio-items\/froschkoenig\/?portfolioCats=3\">Froschk\u00f6nig<\/a>\n\t\t\t\n\t\t\t\t\t\t\t\t\t\t\t\t\t\t\n\t\t\t\t\t\t\t\t\n\t\t\t\t\t\t\t\t\t\t\t\t\t<div class=\"fusion-rollover-sep\"><\/div>\n\t\t\t\t\n\t\t\t\t\t\t\t\t\t\t\t\t\t\t\t\t\t\t<a class=\"fusion-rollover-gallery\" href=\"http:\/\/www.susanne-frigge.de\/schmuck\/wp-content\/uploads\/2016\/09\/IMG_1959-Kettchen-Frosch-1-e1473619836704.jpg\" data-options=\"\" data-id=\"13670\" data-rel=\"iLightbox[gallery-rw-1]\" data-title=\"img_1959-kettchen-frosch\" data-caption=\"\">\n\t\t\t\t\t\tGallerie\t\t\t\t\t<\/a>\n\t\t\t\t\t\t\t\t\t\t\t\t\t\t\n\t\t\n\t\t\t\t\t\t\t\t\t\t\t\t<h4 class=\"fusion-rollover-title\">\n\t\t\t\t\t<a class=\"fusion-rollover-title-link\" href=\"http:\/\/www.susanne-frigge.de\/schmuck\/blog\/portfolio-items\/froschkoenig\/?portfolioCats=3\">\n\t\t\t\t\t\tFroschk\u00f6nig\t\t\t\t\t<\/a>\n\t\t\t\t<\/h4>\n\t\t\t\n\t\t\t\t\t\t\t\t\t\t<div class=\"fusion-rollover-categories\"><a href=\"http:\/\/www.susanne-frigge.de\/schmuck\/portfolio_category\/colliers\/\" rel=\"tag\">Colliers<\/a>, <a href=\"http:\/\/www.susanne-frigge.de\/schmuck\/portfolio_category\/feine-ketten\/\" rel=\"tag\">Feine Ketten<\/a>, <a href=\"http:\/\/www.susanne-frigge.de\/schmuck\/portfolio_category\/gold\/\" rel=\"tag\">Gold<\/a><\/div>\t\t\t\t\t\n\t\t\n\t\t\t\t\t\t<a class=\"fusion-link-wrapper\" href=\"http:\/\/www.susanne-frigge.de\/schmuck\/blog\/portfolio-items\/froschkoenig\/?portfolioCats=3\" aria-label=\"Froschk\u00f6nig\"><\/a>\n\t<\/div>\n<\/div>\n<\/div>\n<\/div><\/article><article id=\"portfolio-1-post-13667\" class=\"fusion-portfolio-post colliers feine-ketten gold fusion-col-spacing post-13667\"><div class=\"fusion-portfolio-content-wrapper\" style=\"border:none;\"><span class=\"entry-title rich-snippet-hidden\">Herzchen<\/span><span class=\"vcard rich-snippet-hidden\"><span class=\"fn\"><a href=\"http:\/\/www.susanne-frigge.de\/schmuck\/blog\/author\/susannefrigge\/\" title=\"Beitr\u00e4ge von SusanneFrigge\" rel=\"author\">SusanneFrigge<\/a><\/span><\/span><span class=\"updated rich-snippet-hidden\">2022-10-09T11:30:13+02:00<\/span><div  class=\"fusion-image-wrapper\" aria-haspopup=\"true\">\n\t\t\t\t<img decoding=\"async\" width=\"420\" height=\"280\" src=\"http:\/\/www.susanne-frigge.de\/schmuck\/wp-content\/uploads\/2016\/09\/IMG_1955-Kettchen-Herz-1-e1473619049910.jpg\" class=\"attachment-full size-full wp-post-image\" alt=\"\" \/><div class=\"fusion-rollover\">\n\t<div class=\"fusion-rollover-content\">\n\n\t\t\t\t\t\t\t\t\t\t\t\t\t\t<a class=\"fusion-rollover-link\" href=\"http:\/\/www.susanne-frigge.de\/schmuck\/blog\/portfolio-items\/herzchen\/?portfolioCats=3\">Herzchen<\/a>\n\t\t\t\n\t\t\t\t\t\t\t\t\t\t\t\t\t\t\n\t\t\t\t\t\t\t\t\n\t\t\t\t\t\t\t\t\t\t\t\t\t<div class=\"fusion-rollover-sep\"><\/div>\n\t\t\t\t\n\t\t\t\t\t\t\t\t\t\t\t\t\t\t\t\t\t\t<a class=\"fusion-rollover-gallery\" href=\"http:\/\/www.susanne-frigge.de\/schmuck\/wp-content\/uploads\/2016\/09\/IMG_1955-Kettchen-Herz-1-e1473619049910.jpg\" data-options=\"\" data-id=\"13667\" data-rel=\"iLightbox[gallery-rw-1]\" data-title=\"img_1955-kettchen-herz\" data-caption=\"\">\n\t\t\t\t\t\tGallerie\t\t\t\t\t<\/a>\n\t\t\t\t\t\t\t\t\t\t\t\t\t\t\n\t\t\n\t\t\t\t\t\t\t\t\t\t\t\t<h4 class=\"fusion-rollover-title\">\n\t\t\t\t\t<a class=\"fusion-rollover-title-link\" href=\"http:\/\/www.susanne-frigge.de\/schmuck\/blog\/portfolio-items\/herzchen\/?portfolioCats=3\">\n\t\t\t\t\t\tHerzchen\t\t\t\t\t<\/a>\n\t\t\t\t<\/h4>\n\t\t\t\n\t\t\t\t\t\t\t\t\t\t<div class=\"fusion-rollover-categories\"><a href=\"http:\/\/www.susanne-frigge.de\/schmuck\/portfolio_category\/colliers\/\" rel=\"tag\">Colliers<\/a>, <a href=\"http:\/\/www.susanne-frigge.de\/schmuck\/portfolio_category\/feine-ketten\/\" rel=\"tag\">Feine Ketten<\/a>, <a href=\"http:\/\/www.susanne-frigge.de\/schmuck\/portfolio_category\/gold\/\" rel=\"tag\">Gold<\/a><\/div>\t\t\t\t\t\n\t\t\n\t\t\t\t\t\t<a class=\"fusion-link-wrapper\" href=\"http:\/\/www.susanne-frigge.de\/schmuck\/blog\/portfolio-items\/herzchen\/?portfolioCats=3\" aria-label=\"Herzchen\"><\/a>\n\t<\/div>\n<\/div>\n<\/div>\n<\/div><\/article><article id=\"portfolio-1-post-13660\" class=\"fusion-portfolio-post colliers feine-ketten gold fusion-col-spacing post-13660\"><div class=\"fusion-portfolio-content-wrapper\" style=\"border:none;\"><span class=\"entry-title rich-snippet-hidden\">Die kleinste Badeente<\/span><span class=\"vcard rich-snippet-hidden\"><span class=\"fn\"><a href=\"http:\/\/www.susanne-frigge.de\/schmuck\/blog\/author\/susannefrigge\/\" title=\"Beitr\u00e4ge von SusanneFrigge\" rel=\"author\">SusanneFrigge<\/a><\/span><\/span><span class=\"updated rich-snippet-hidden\">2022-10-09T11:30:13+02:00<\/span><div  class=\"fusion-image-wrapper\" aria-haspopup=\"true\">\n\t\t\t\t<img decoding=\"async\" width=\"420\" height=\"280\" src=\"http:\/\/www.susanne-frigge.de\/schmuck\/wp-content\/uploads\/2016\/09\/IMG_1954-Kettchen-Ente-1-e1473618785897.jpg\" class=\"attachment-full size-full wp-post-image\" alt=\"\" \/><div class=\"fusion-rollover\">\n\t<div class=\"fusion-rollover-content\">\n\n\t\t\t\t\t\t\t\t\t\t\t\t\t\t<a class=\"fusion-rollover-link\" href=\"http:\/\/www.susanne-frigge.de\/schmuck\/blog\/portfolio-items\/die-kleinste-badeente\/?portfolioCats=3\">Die kleinste Badeente<\/a>\n\t\t\t\n\t\t\t\t\t\t\t\t\t\t\t\t\t\t\n\t\t\t\t\t\t\t\t\n\t\t\t\t\t\t\t\t\t\t\t\t\t<div class=\"fusion-rollover-sep\"><\/div>\n\t\t\t\t\n\t\t\t\t\t\t\t\t\t\t\t\t\t\t\t\t\t\t<a class=\"fusion-rollover-gallery\" href=\"http:\/\/www.susanne-frigge.de\/schmuck\/wp-content\/uploads\/2016\/09\/IMG_1954-Kettchen-Ente-1-e1473618785897.jpg\" data-options=\"\" data-id=\"13660\" data-rel=\"iLightbox[gallery-rw-1]\" data-title=\"img_1954-kettchen-ente\" data-caption=\"\">\n\t\t\t\t\t\tGallerie\t\t\t\t\t<\/a>\n\t\t\t\t\t\t\t\t\t\t\t\t\t\t\n\t\t\n\t\t\t\t\t\t\t\t\t\t\t\t<h4 class=\"fusion-rollover-title\">\n\t\t\t\t\t<a class=\"fusion-rollover-title-link\" href=\"http:\/\/www.susanne-frigge.de\/schmuck\/blog\/portfolio-items\/die-kleinste-badeente\/?portfolioCats=3\">\n\t\t\t\t\t\tDie kleinste Badeente\t\t\t\t\t<\/a>\n\t\t\t\t<\/h4>\n\t\t\t\n\t\t\t\t\t\t\t\t\t\t<div class=\"fusion-rollover-categories\"><a href=\"http:\/\/www.susanne-frigge.de\/schmuck\/portfolio_category\/colliers\/\" rel=\"tag\">Colliers<\/a>, <a href=\"http:\/\/www.susanne-frigge.de\/schmuck\/portfolio_category\/feine-ketten\/\" rel=\"tag\">Feine Ketten<\/a>, <a href=\"http:\/\/www.susanne-frigge.de\/schmuck\/portfolio_category\/gold\/\" rel=\"tag\">Gold<\/a><\/div>\t\t\t\t\t\n\t\t\n\t\t\t\t\t\t<a class=\"fusion-link-wrapper\" href=\"http:\/\/www.susanne-frigge.de\/schmuck\/blog\/portfolio-items\/die-kleinste-badeente\/?portfolioCats=3\" aria-label=\"Die kleinste Badeente\"><\/a>\n\t<\/div>\n<\/div>\n<\/div>\n<\/div><\/article><article id=\"portfolio-1-post-13654\" class=\"fusion-portfolio-post colliers feine-ketten gold fusion-col-spacing post-13654\"><div class=\"fusion-portfolio-content-wrapper\" style=\"border:none;\"><span class=\"entry-title rich-snippet-hidden\">Geometrie in zartester Form<\/span><span class=\"vcard rich-snippet-hidden\"><span class=\"fn\"><a href=\"http:\/\/www.susanne-frigge.de\/schmuck\/blog\/author\/susannefrigge\/\" title=\"Beitr\u00e4ge von SusanneFrigge\" rel=\"author\">SusanneFrigge<\/a><\/span><\/span><span class=\"updated rich-snippet-hidden\">2022-10-09T11:30:13+02:00<\/span><div  class=\"fusion-image-wrapper\" aria-haspopup=\"true\">\n\t\t\t\t<img decoding=\"async\" width=\"420\" height=\"280\" src=\"http:\/\/www.susanne-frigge.de\/schmuck\/wp-content\/uploads\/2016\/09\/IMG_1948-Kettchen-Kreis-1-e1473618548225.jpg\" class=\"attachment-full size-full wp-post-image\" alt=\"\" \/><div class=\"fusion-rollover\">\n\t<div class=\"fusion-rollover-content\">\n\n\t\t\t\t\t\t\t\t\t\t\t\t\t\t<a class=\"fusion-rollover-link\" href=\"http:\/\/www.susanne-frigge.de\/schmuck\/blog\/portfolio-items\/geometrie-in-zartester-form\/?portfolioCats=3\">Geometrie in zartester Form<\/a>\n\t\t\t\n\t\t\t\t\t\t\t\t\t\t\t\t\t\t\n\t\t\t\t\t\t\t\t\n\t\t\t\t\t\t\t\t\t\t\t\t\t<div class=\"fusion-rollover-sep\"><\/div>\n\t\t\t\t\n\t\t\t\t\t\t\t\t\t\t\t\t\t\t\t\t\t\t<a class=\"fusion-rollover-gallery\" href=\"http:\/\/www.susanne-frigge.de\/schmuck\/wp-content\/uploads\/2016\/09\/IMG_1948-Kettchen-Kreis-1-e1473618548225.jpg\" data-options=\"\" data-id=\"13654\" data-rel=\"iLightbox[gallery-rw-1]\" data-title=\"img_1948-kettchen-kreis\" data-caption=\"\">\n\t\t\t\t\t\tGallerie\t\t\t\t\t<\/a>\n\t\t\t\t\t\t\t\t\t\t\t\t\t\t\n\t\t\n\t\t\t\t\t\t\t\t\t\t\t\t<h4 class=\"fusion-rollover-title\">\n\t\t\t\t\t<a class=\"fusion-rollover-title-link\" href=\"http:\/\/www.susanne-frigge.de\/schmuck\/blog\/portfolio-items\/geometrie-in-zartester-form\/?portfolioCats=3\">\n\t\t\t\t\t\tGeometrie in zartester Form\t\t\t\t\t<\/a>\n\t\t\t\t<\/h4>\n\t\t\t\n\t\t\t\t\t\t\t\t\t\t<div class=\"fusion-rollover-categories\"><a href=\"http:\/\/www.susanne-frigge.de\/schmuck\/portfolio_category\/colliers\/\" rel=\"tag\">Colliers<\/a>, <a href=\"http:\/\/www.susanne-frigge.de\/schmuck\/portfolio_category\/feine-ketten\/\" rel=\"tag\">Feine Ketten<\/a>, <a href=\"http:\/\/www.susanne-frigge.de\/schmuck\/portfolio_category\/gold\/\" rel=\"tag\">Gold<\/a><\/div>\t\t\t\t\t\n\t\t\n\t\t\t\t\t\t<a class=\"fusion-link-wrapper\" href=\"http:\/\/www.susanne-frigge.de\/schmuck\/blog\/portfolio-items\/geometrie-in-zartester-form\/?portfolioCats=3\" aria-label=\"Geometrie in zartester Form\"><\/a>\n\t<\/div>\n<\/div>\n<\/div>\n<\/div><\/article><article id=\"portfolio-1-post-13649\" class=\"fusion-portfolio-post colliers feine-ketten gold fusion-col-spacing post-13649\"><div class=\"fusion-portfolio-content-wrapper\" style=\"border:none;\"><span class=\"entry-title rich-snippet-hidden\">Zu zweit<\/span><span class=\"vcard rich-snippet-hidden\"><span class=\"fn\"><a href=\"http:\/\/www.susanne-frigge.de\/schmuck\/blog\/author\/susannefrigge\/\" title=\"Beitr\u00e4ge von SusanneFrigge\" rel=\"author\">SusanneFrigge<\/a><\/span><\/span><span class=\"updated rich-snippet-hidden\">2022-10-09T11:30:13+02:00<\/span><div  class=\"fusion-image-wrapper\" aria-haspopup=\"true\">\n\t\t\t\t<img decoding=\"async\" width=\"420\" height=\"280\" src=\"http:\/\/www.susanne-frigge.de\/schmuck\/wp-content\/uploads\/2016\/09\/IMG_1946-Kettchen-2-Ringe-1-e1473614101311.jpg\" class=\"attachment-full size-full wp-post-image\" alt=\"\" \/><div class=\"fusion-rollover\">\n\t<div class=\"fusion-rollover-content\">\n\n\t\t\t\t\t\t\t\t\t\t\t\t\t\t<a class=\"fusion-rollover-link\" href=\"http:\/\/www.susanne-frigge.de\/schmuck\/blog\/portfolio-items\/zu-zweit\/?portfolioCats=3\">Zu zweit<\/a>\n\t\t\t\n\t\t\t\t\t\t\t\t\t\t\t\t\t\t\n\t\t\t\t\t\t\t\t\n\t\t\t\t\t\t\t\t\t\t\t\t\t<div class=\"fusion-rollover-sep\"><\/div>\n\t\t\t\t\n\t\t\t\t\t\t\t\t\t\t\t\t\t\t\t\t\t\t<a class=\"fusion-rollover-gallery\" href=\"http:\/\/www.susanne-frigge.de\/schmuck\/wp-content\/uploads\/2016\/09\/IMG_1946-Kettchen-2-Ringe-1-e1473614101311.jpg\" data-options=\"\" data-id=\"13649\" data-rel=\"iLightbox[gallery-rw-1]\" data-title=\"img_1946-kettchen-2-ringe\" data-caption=\"\">\n\t\t\t\t\t\tGallerie\t\t\t\t\t<\/a>\n\t\t\t\t\t\t\t\t\t\t\t\t\t\t\n\t\t\n\t\t\t\t\t\t\t\t\t\t\t\t<h4 class=\"fusion-rollover-title\">\n\t\t\t\t\t<a class=\"fusion-rollover-title-link\" href=\"http:\/\/www.susanne-frigge.de\/schmuck\/blog\/portfolio-items\/zu-zweit\/?portfolioCats=3\">\n\t\t\t\t\t\tZu zweit\t\t\t\t\t<\/a>\n\t\t\t\t<\/h4>\n\t\t\t\n\t\t\t\t\t\t\t\t\t\t<div class=\"fusion-rollover-categories\"><a href=\"http:\/\/www.susanne-frigge.de\/schmuck\/portfolio_category\/colliers\/\" rel=\"tag\">Colliers<\/a>, <a href=\"http:\/\/www.susanne-frigge.de\/schmuck\/portfolio_category\/feine-ketten\/\" rel=\"tag\">Feine Ketten<\/a>, <a href=\"http:\/\/www.susanne-frigge.de\/schmuck\/portfolio_category\/gold\/\" rel=\"tag\">Gold<\/a><\/div>\t\t\t\t\t\n\t\t\n\t\t\t\t\t\t<a class=\"fusion-link-wrapper\" href=\"http:\/\/www.susanne-frigge.de\/schmuck\/blog\/portfolio-items\/zu-zweit\/?portfolioCats=3\" aria-label=\"Zu zweit\"><\/a>\n\t<\/div>\n<\/div>\n<\/div>\n<\/div><\/article><article id=\"portfolio-1-post-13644\" class=\"fusion-portfolio-post colliers feine-ketten gold fusion-col-spacing post-13644\"><div class=\"fusion-portfolio-content-wrapper\" style=\"border:none;\"><span class=\"entry-title rich-snippet-hidden\">Wei\u00dft du eigentlich wie lieb ich Dich hab<\/span><span class=\"vcard rich-snippet-hidden\"><span class=\"fn\"><a href=\"http:\/\/www.susanne-frigge.de\/schmuck\/blog\/author\/susannefrigge\/\" title=\"Beitr\u00e4ge von SusanneFrigge\" rel=\"author\">SusanneFrigge<\/a><\/span><\/span><span class=\"updated rich-snippet-hidden\">2022-10-09T11:30:13+02:00<\/span><div  class=\"fusion-image-wrapper\" aria-haspopup=\"true\">\n\t\t\t\t<img decoding=\"async\" width=\"420\" height=\"280\" src=\"http:\/\/www.susanne-frigge.de\/schmuck\/wp-content\/uploads\/2016\/09\/IMG_1944-Kettchen-Herz-1-e1473613759926.jpg\" class=\"attachment-full size-full wp-post-image\" alt=\"\" \/><div class=\"fusion-rollover\">\n\t<div class=\"fusion-rollover-content\">\n\n\t\t\t\t\t\t\t\t\t\t\t\t\t\t<a class=\"fusion-rollover-link\" href=\"http:\/\/www.susanne-frigge.de\/schmuck\/blog\/portfolio-items\/weisst-du-eigentlich-wie-lieb-ich-dich-hab\/?portfolioCats=3\">Wei\u00dft du eigentlich wie lieb ich Dich hab<\/a>\n\t\t\t\n\t\t\t\t\t\t\t\t\t\t\t\t\t\t\n\t\t\t\t\t\t\t\t\n\t\t\t\t\t\t\t\t\t\t\t\t\t<div class=\"fusion-rollover-sep\"><\/div>\n\t\t\t\t\n\t\t\t\t\t\t\t\t\t\t\t\t\t\t\t\t\t\t<a class=\"fusion-rollover-gallery\" href=\"http:\/\/www.susanne-frigge.de\/schmuck\/wp-content\/uploads\/2016\/09\/IMG_1944-Kettchen-Herz-1-e1473613759926.jpg\" data-options=\"\" data-id=\"13644\" data-rel=\"iLightbox[gallery-rw-1]\" data-title=\"img_1944-kettchen-herz\" data-caption=\"\">\n\t\t\t\t\t\tGallerie\t\t\t\t\t<\/a>\n\t\t\t\t\t\t\t\t\t\t\t\t\t\t\n\t\t\n\t\t\t\t\t\t\t\t\t\t\t\t<h4 class=\"fusion-rollover-title\">\n\t\t\t\t\t<a class=\"fusion-rollover-title-link\" href=\"http:\/\/www.susanne-frigge.de\/schmuck\/blog\/portfolio-items\/weisst-du-eigentlich-wie-lieb-ich-dich-hab\/?portfolioCats=3\">\n\t\t\t\t\t\tWei\u00dft du eigentlich wie lieb ich Dich hab\t\t\t\t\t<\/a>\n\t\t\t\t<\/h4>\n\t\t\t\n\t\t\t\t\t\t\t\t\t\t<div class=\"fusion-rollover-categories\"><a href=\"http:\/\/www.susanne-frigge.de\/schmuck\/portfolio_category\/colliers\/\" rel=\"tag\">Colliers<\/a>, <a href=\"http:\/\/www.susanne-frigge.de\/schmuck\/portfolio_category\/feine-ketten\/\" rel=\"tag\">Feine Ketten<\/a>, <a href=\"http:\/\/www.susanne-frigge.de\/schmuck\/portfolio_category\/gold\/\" rel=\"tag\">Gold<\/a><\/div>\t\t\t\t\t\n\t\t\n\t\t\t\t\t\t<a class=\"fusion-link-wrapper\" href=\"http:\/\/www.susanne-frigge.de\/schmuck\/blog\/portfolio-items\/weisst-du-eigentlich-wie-lieb-ich-dich-hab\/?portfolioCats=3\" aria-label=\"Wei\u00dft du eigentlich wie lieb ich Dich hab\"><\/a>\n\t<\/div>\n<\/div>\n<\/div>\n<\/div><\/article><article id=\"portfolio-1-post-13639\" class=\"fusion-portfolio-post colliers feine-ketten gold fusion-col-spacing post-13639\"><div class=\"fusion-portfolio-content-wrapper\" style=\"border:none;\"><span class=\"entry-title rich-snippet-hidden\">Wo bleibt der Prinz<\/span><span class=\"vcard rich-snippet-hidden\"><span class=\"fn\"><a href=\"http:\/\/www.susanne-frigge.de\/schmuck\/blog\/author\/susannefrigge\/\" title=\"Beitr\u00e4ge von SusanneFrigge\" rel=\"author\">SusanneFrigge<\/a><\/span><\/span><span class=\"updated rich-snippet-hidden\">2022-10-09T11:30:13+02:00<\/span><div  class=\"fusion-image-wrapper\" aria-haspopup=\"true\">\n\t\t\t\t<img decoding=\"async\" width=\"420\" height=\"280\" src=\"http:\/\/www.susanne-frigge.de\/schmuck\/wp-content\/uploads\/2016\/09\/IMG_1936Kettchen-Krone-1-e1473613288725.jpg\" class=\"attachment-full size-full wp-post-image\" alt=\"\" \/><div class=\"fusion-rollover\">\n\t<div class=\"fusion-rollover-content\">\n\n\t\t\t\t\t\t\t\t\t\t\t\t\t\t<a class=\"fusion-rollover-link\" href=\"http:\/\/www.susanne-frigge.de\/schmuck\/blog\/portfolio-items\/wo-bleibt-der-prinz\/?portfolioCats=3\">Wo bleibt der Prinz<\/a>\n\t\t\t\n\t\t\t\t\t\t\t\t\t\t\t\t\t\t\n\t\t\t\t\t\t\t\t\n\t\t\t\t\t\t\t\t\t\t\t\t\t<div class=\"fusion-rollover-sep\"><\/div>\n\t\t\t\t\n\t\t\t\t\t\t\t\t\t\t\t\t\t\t\t\t\t\t<a class=\"fusion-rollover-gallery\" href=\"http:\/\/www.susanne-frigge.de\/schmuck\/wp-content\/uploads\/2016\/09\/IMG_1936Kettchen-Krone-1-e1473613288725.jpg\" data-options=\"\" data-id=\"13639\" data-rel=\"iLightbox[gallery-rw-1]\" data-title=\"img_1936kettchen-krone\" data-caption=\"\">\n\t\t\t\t\t\tGallerie\t\t\t\t\t<\/a>\n\t\t\t\t\t\t\t\t\t\t\t\t\t\t\n\t\t\n\t\t\t\t\t\t\t\t\t\t\t\t<h4 class=\"fusion-rollover-title\">\n\t\t\t\t\t<a class=\"fusion-rollover-title-link\" href=\"http:\/\/www.susanne-frigge.de\/schmuck\/blog\/portfolio-items\/wo-bleibt-der-prinz\/?portfolioCats=3\">\n\t\t\t\t\t\tWo bleibt der Prinz\t\t\t\t\t<\/a>\n\t\t\t\t<\/h4>\n\t\t\t\n\t\t\t\t\t\t\t\t\t\t<div class=\"fusion-rollover-categories\"><a href=\"http:\/\/www.susanne-frigge.de\/schmuck\/portfolio_category\/colliers\/\" rel=\"tag\">Colliers<\/a>, <a href=\"http:\/\/www.susanne-frigge.de\/schmuck\/portfolio_category\/feine-ketten\/\" rel=\"tag\">Feine Ketten<\/a>, <a href=\"http:\/\/www.susanne-frigge.de\/schmuck\/portfolio_category\/gold\/\" rel=\"tag\">Gold<\/a><\/div>\t\t\t\t\t\n\t\t\n\t\t\t\t\t\t<a class=\"fusion-link-wrapper\" href=\"http:\/\/www.susanne-frigge.de\/schmuck\/blog\/portfolio-items\/wo-bleibt-der-prinz\/?portfolioCats=3\" aria-label=\"Wo bleibt der Prinz\"><\/a>\n\t<\/div>\n<\/div>\n<\/div>\n<\/div><\/article><article id=\"portfolio-1-post-13629\" class=\"fusion-portfolio-post colliers feine-ketten fusion-col-spacing post-13629\"><div class=\"fusion-portfolio-content-wrapper\" style=\"border:none;\"><span class=\"entry-title rich-snippet-hidden\">Zarte Colliers mit Gold<\/span><span class=\"vcard rich-snippet-hidden\"><span class=\"fn\"><a href=\"http:\/\/www.susanne-frigge.de\/schmuck\/blog\/author\/susannefrigge\/\" title=\"Beitr\u00e4ge von SusanneFrigge\" rel=\"author\">SusanneFrigge<\/a><\/span><\/span><span class=\"updated rich-snippet-hidden\">2022-10-09T11:30:13+02:00<\/span><div  class=\"fusion-image-wrapper\" aria-haspopup=\"true\">\n\t\t\t\t<img decoding=\"async\" width=\"420\" height=\"280\" src=\"http:\/\/www.susanne-frigge.de\/schmuck\/wp-content\/uploads\/2016\/09\/IMG_1902-Kettchen-Gold-oben-1-e1473606028687.jpg\" class=\"attachment-full size-full wp-post-image\" alt=\"\" \/><div class=\"fusion-rollover\">\n\t<div class=\"fusion-rollover-content\">\n\n\t\t\t\t\t\t\t\t\t\t\t\t\t\t<a class=\"fusion-rollover-link\" href=\"http:\/\/www.susanne-frigge.de\/schmuck\/blog\/portfolio-items\/feine-colliers-mit-silber\/?portfolioCats=3\">Zarte Colliers mit Gold<\/a>\n\t\t\t\n\t\t\t\t\t\t\t\t\t\t\t\t\t\t\n\t\t\t\t\t\t\t\t\n\t\t\t\t\t\t\t\t\t\t\t\t\t<div class=\"fusion-rollover-sep\"><\/div>\n\t\t\t\t\n\t\t\t\t\t\t\t\t\t\t\t\t\t\t\t\t\t\t<a class=\"fusion-rollover-gallery\" href=\"http:\/\/www.susanne-frigge.de\/schmuck\/wp-content\/uploads\/2016\/09\/IMG_1902-Kettchen-Gold-oben-1-e1473606028687.jpg\" data-options=\"\" data-id=\"13629\" data-rel=\"iLightbox[gallery-rw-1]\" data-title=\"img_1902-kettchen-gold-oben\" data-caption=\"\">\n\t\t\t\t\t\tGallerie\t\t\t\t\t<\/a>\n\t\t\t\t\t\t\t\t\t\t\t\t\t\t\n\t\t\n\t\t\t\t\t\t\t\t\t\t\t\t<h4 class=\"fusion-rollover-title\">\n\t\t\t\t\t<a class=\"fusion-rollover-title-link\" href=\"http:\/\/www.susanne-frigge.de\/schmuck\/blog\/portfolio-items\/feine-colliers-mit-silber\/?portfolioCats=3\">\n\t\t\t\t\t\tZarte Colliers mit Gold\t\t\t\t\t<\/a>\n\t\t\t\t<\/h4>\n\t\t\t\n\t\t\t\t\t\t\t\t\t\t<div class=\"fusion-rollover-categories\"><a href=\"http:\/\/www.susanne-frigge.de\/schmuck\/portfolio_category\/colliers\/\" rel=\"tag\">Colliers<\/a>, <a href=\"http:\/\/www.susanne-frigge.de\/schmuck\/portfolio_category\/feine-ketten\/\" rel=\"tag\">Feine Ketten<\/a><\/div>\t\t\t\t\t\n\t\t\n\t\t\t\t\t\t<a class=\"fusion-link-wrapper\" href=\"http:\/\/www.susanne-frigge.de\/schmuck\/blog\/portfolio-items\/feine-colliers-mit-silber\/?portfolioCats=3\" aria-label=\"Zarte Colliers mit Gold\"><\/a>\n\t<\/div>\n<\/div>\n<\/div>\n<\/div><\/article><article id=\"portfolio-1-post-13627\" class=\"fusion-portfolio-post colliers feine-ketten fusion-col-spacing post-13627\"><div class=\"fusion-portfolio-content-wrapper\" style=\"border:none;\"><span class=\"entry-title rich-snippet-hidden\">Zarte Colliers mit Silber<\/span><span class=\"vcard rich-snippet-hidden\"><span class=\"fn\"><a href=\"http:\/\/www.susanne-frigge.de\/schmuck\/blog\/author\/susannefrigge\/\" title=\"Beitr\u00e4ge von SusanneFrigge\" rel=\"author\">SusanneFrigge<\/a><\/span><\/span><span class=\"updated rich-snippet-hidden\">2022-10-09T11:30:13+02:00<\/span><div  class=\"fusion-image-wrapper\" aria-haspopup=\"true\">\n\t\t\t\t<img decoding=\"async\" width=\"420\" height=\"280\" src=\"http:\/\/www.susanne-frigge.de\/schmuck\/wp-content\/uploads\/2016\/09\/IMG_1909-Kettchen-Silber-seitlich-oben-1-e1473606100918.jpg\" class=\"attachment-full size-full wp-post-image\" alt=\"\" \/><div class=\"fusion-rollover\">\n\t<div class=\"fusion-rollover-content\">\n\n\t\t\t\t\t\t\t\t\t\t\t\t\t\t<a class=\"fusion-rollover-link\" href=\"http:\/\/www.susanne-frigge.de\/schmuck\/blog\/portfolio-items\/zarte-colliers-in-silber\/?portfolioCats=3\">Zarte Colliers mit Silber<\/a>\n\t\t\t\n\t\t\t\t\t\t\t\t\t\t\t\t\t\t\n\t\t\t\t\t\t\t\t\n\t\t\t\t\t\t\t\t\t\t\t\t\t<div class=\"fusion-rollover-sep\"><\/div>\n\t\t\t\t\n\t\t\t\t\t\t\t\t\t\t\t\t\t\t\t\t\t\t<a class=\"fusion-rollover-gallery\" href=\"http:\/\/www.susanne-frigge.de\/schmuck\/wp-content\/uploads\/2016\/09\/IMG_1909-Kettchen-Silber-seitlich-oben-1-e1473606100918.jpg\" data-options=\"\" data-id=\"13627\" data-rel=\"iLightbox[gallery-rw-1]\" data-title=\"img_1909-kettchen-silber-seitlich-oben\" data-caption=\"\">\n\t\t\t\t\t\tGallerie\t\t\t\t\t<\/a>\n\t\t\t\t\t\t\t\t\t\t\t\t\t\t\n\t\t\n\t\t\t\t\t\t\t\t\t\t\t\t<h4 class=\"fusion-rollover-title\">\n\t\t\t\t\t<a class=\"fusion-rollover-title-link\" href=\"http:\/\/www.susanne-frigge.de\/schmuck\/blog\/portfolio-items\/zarte-colliers-in-silber\/?portfolioCats=3\">\n\t\t\t\t\t\tZarte Colliers mit Silber\t\t\t\t\t<\/a>\n\t\t\t\t<\/h4>\n\t\t\t\n\t\t\t\t\t\t\t\t\t\t<div class=\"fusion-rollover-categories\"><a href=\"http:\/\/www.susanne-frigge.de\/schmuck\/portfolio_category\/colliers\/\" rel=\"tag\">Colliers<\/a>, <a href=\"http:\/\/www.susanne-frigge.de\/schmuck\/portfolio_category\/feine-ketten\/\" rel=\"tag\">Feine Ketten<\/a><\/div>\t\t\t\t\t\n\t\t\n\t\t\t\t\t\t<a class=\"fusion-link-wrapper\" href=\"http:\/\/www.susanne-frigge.de\/schmuck\/blog\/portfolio-items\/zarte-colliers-in-silber\/?portfolioCats=3\" aria-label=\"Zarte Colliers mit Silber\"><\/a>\n\t<\/div>\n<\/div>\n<\/div>\n<\/div><\/article><article id=\"portfolio-1-post-13596\" class=\"fusion-portfolio-post anhaenger colliers muschel silber fusion-col-spacing post-13596\"><div class=\"fusion-portfolio-content-wrapper\" style=\"border:none;\"><span class=\"entry-title rich-snippet-hidden\">Muschelzahn<\/span><span class=\"vcard rich-snippet-hidden\"><span class=\"fn\"><a href=\"http:\/\/www.susanne-frigge.de\/schmuck\/blog\/author\/susannefrigge\/\" title=\"Beitr\u00e4ge von SusanneFrigge\" rel=\"author\">SusanneFrigge<\/a><\/span><\/span><span class=\"updated rich-snippet-hidden\">2022-10-09T11:30:13+02:00<\/span><div  class=\"fusion-image-wrapper\" aria-haspopup=\"true\">\n\t\t\t\t<img decoding=\"async\" width=\"420\" height=\"280\" src=\"http:\/\/www.susanne-frigge.de\/schmuck\/wp-content\/uploads\/2016\/09\/IMG_1875-Muschel-liegend-schwarz-1-e1473179512592.jpg\" class=\"attachment-full size-full wp-post-image\" alt=\"\" \/><div class=\"fusion-rollover\">\n\t<div class=\"fusion-rollover-content\">\n\n\t\t\t\t\t\t\t\t\t\t\t\t\t\t<a class=\"fusion-rollover-link\" href=\"http:\/\/www.susanne-frigge.de\/schmuck\/blog\/portfolio-items\/muschelzahn\/?portfolioCats=3\">Muschelzahn<\/a>\n\t\t\t\n\t\t\t\t\t\t\t\t\t\t\t\t\t\t\n\t\t\t\t\t\t\t\t\n\t\t\t\t\t\t\t\t\t\t\t\t\t<div class=\"fusion-rollover-sep\"><\/div>\n\t\t\t\t\n\t\t\t\t\t\t\t\t\t\t\t\t\t\t\t\t\t\t<a class=\"fusion-rollover-gallery\" href=\"http:\/\/www.susanne-frigge.de\/schmuck\/wp-content\/uploads\/2016\/09\/IMG_1875-Muschel-liegend-schwarz-1-e1473179512592.jpg\" data-options=\"\" data-id=\"13596\" data-rel=\"iLightbox[gallery-rw-1]\" data-title=\"IMG_1875 Muschel liegend schwarz\" data-caption=\"\">\n\t\t\t\t\t\tGallerie\t\t\t\t\t<\/a>\n\t\t\t\t\t\t\t\t\t\t\t\t\t\t\n\t\t\n\t\t\t\t\t\t\t\t\t\t\t\t<h4 class=\"fusion-rollover-title\">\n\t\t\t\t\t<a class=\"fusion-rollover-title-link\" href=\"http:\/\/www.susanne-frigge.de\/schmuck\/blog\/portfolio-items\/muschelzahn\/?portfolioCats=3\">\n\t\t\t\t\t\tMuschelzahn\t\t\t\t\t<\/a>\n\t\t\t\t<\/h4>\n\t\t\t\n\t\t\t\t\t\t\t\t\t\t<div class=\"fusion-rollover-categories\"><a href=\"http:\/\/www.susanne-frigge.de\/schmuck\/portfolio_category\/anhaenger\/\" rel=\"tag\">Anh\u00e4nger<\/a>, <a href=\"http:\/\/www.susanne-frigge.de\/schmuck\/portfolio_category\/colliers\/\" rel=\"tag\">Colliers<\/a>, <a href=\"http:\/\/www.susanne-frigge.de\/schmuck\/portfolio_category\/muschel\/\" rel=\"tag\">Muschel<\/a>, <a href=\"http:\/\/www.susanne-frigge.de\/schmuck\/portfolio_category\/silber\/\" rel=\"tag\">Silber<\/a><\/div>\t\t\t\t\t\n\t\t\n\t\t\t\t\t\t<a class=\"fusion-link-wrapper\" href=\"http:\/\/www.susanne-frigge.de\/schmuck\/blog\/portfolio-items\/muschelzahn\/?portfolioCats=3\" aria-label=\"Muschelzahn\"><\/a>\n\t<\/div>\n<\/div>\n<\/div>\n<\/div><\/article><article id=\"portfolio-1-post-13590\" class=\"fusion-portfolio-post anhaenger colliers muschel neuheiten silber fusion-col-spacing post-13590\"><div class=\"fusion-portfolio-content-wrapper\" style=\"border:none;\"><span class=\"entry-title rich-snippet-hidden\">Muschel Collier &#8222;Z\u00e4hne&#8220;<\/span><span class=\"vcard rich-snippet-hidden\"><span class=\"fn\"><a href=\"http:\/\/www.susanne-frigge.de\/schmuck\/blog\/author\/susannefrigge\/\" title=\"Beitr\u00e4ge von SusanneFrigge\" rel=\"author\">SusanneFrigge<\/a><\/span><\/span><span class=\"updated rich-snippet-hidden\">2022-10-09T11:30:13+02:00<\/span><div  class=\"fusion-image-wrapper\" aria-haspopup=\"true\">\n\t\t\t\t<img decoding=\"async\" width=\"420\" height=\"280\" src=\"http:\/\/www.susanne-frigge.de\/schmuck\/wp-content\/uploads\/2016\/09\/IMG_1867-Muschel-Zahn-stehend-1-e1473178539835.jpg\" class=\"attachment-full size-full wp-post-image\" alt=\"\" \/><div class=\"fusion-rollover\">\n\t<div class=\"fusion-rollover-content\">\n\n\t\t\t\t\t\t\t\t\t\t\t\t\t\t<a class=\"fusion-rollover-link\" href=\"http:\/\/www.susanne-frigge.de\/schmuck\/blog\/portfolio-items\/muschel-collier-zaehne\/?portfolioCats=3\">Muschel Collier &#8222;Z\u00e4hne&#8220;<\/a>\n\t\t\t\n\t\t\t\t\t\t\t\t\t\t\t\t\t\t\n\t\t\t\t\t\t\t\t\n\t\t\t\t\t\t\t\t\t\t\t\t\t<div class=\"fusion-rollover-sep\"><\/div>\n\t\t\t\t\n\t\t\t\t\t\t\t\t\t\t\t\t\t\t\t\t\t\t<a class=\"fusion-rollover-gallery\" href=\"http:\/\/www.susanne-frigge.de\/schmuck\/wp-content\/uploads\/2016\/09\/IMG_1867-Muschel-Zahn-stehend-1-e1473178539835.jpg\" data-options=\"\" data-id=\"13590\" data-rel=\"iLightbox[gallery-rw-1]\" data-title=\"IMG_1867 Muschel Zahn stehend\" data-caption=\"\">\n\t\t\t\t\t\tGallerie\t\t\t\t\t<\/a>\n\t\t\t\t\t\t\t\t\t\t\t\t\t\t\n\t\t\n\t\t\t\t\t\t\t\t\t\t\t\t<h4 class=\"fusion-rollover-title\">\n\t\t\t\t\t<a class=\"fusion-rollover-title-link\" href=\"http:\/\/www.susanne-frigge.de\/schmuck\/blog\/portfolio-items\/muschel-collier-zaehne\/?portfolioCats=3\">\n\t\t\t\t\t\tMuschel Collier &#8222;Z\u00e4hne&#8220;\t\t\t\t\t<\/a>\n\t\t\t\t<\/h4>\n\t\t\t\n\t\t\t\t\t\t\t\t\t\t<div class=\"fusion-rollover-categories\"><a href=\"http:\/\/www.susanne-frigge.de\/schmuck\/portfolio_category\/anhaenger\/\" rel=\"tag\">Anh\u00e4nger<\/a>, <a href=\"http:\/\/www.susanne-frigge.de\/schmuck\/portfolio_category\/colliers\/\" rel=\"tag\">Colliers<\/a>, <a href=\"http:\/\/www.susanne-frigge.de\/schmuck\/portfolio_category\/muschel\/\" rel=\"tag\">Muschel<\/a>, <a href=\"http:\/\/www.susanne-frigge.de\/schmuck\/portfolio_category\/neuheiten\/\" rel=\"tag\">Neuheiten<\/a>, <a href=\"http:\/\/www.susanne-frigge.de\/schmuck\/portfolio_category\/silber\/\" rel=\"tag\">Silber<\/a><\/div>\t\t\t\t\t\n\t\t\n\t\t\t\t\t\t<a class=\"fusion-link-wrapper\" href=\"http:\/\/www.susanne-frigge.de\/schmuck\/blog\/portfolio-items\/muschel-collier-zaehne\/?portfolioCats=3\" aria-label=\"Muschel Collier &#8222;Z\u00e4hne&#8220;\"><\/a>\n\t<\/div>\n<\/div>\n<\/div>\n<\/div><\/article><article id=\"portfolio-1-post-13577\" class=\"fusion-portfolio-post achat achatuvarovitusw anhaenger blau colliers fusion-col-spacing post-13577\"><div class=\"fusion-portfolio-content-wrapper\" style=\"border:none;\"><span class=\"entry-title rich-snippet-hidden\">Azurit Collier<\/span><span class=\"vcard rich-snippet-hidden\"><span class=\"fn\"><a href=\"http:\/\/www.susanne-frigge.de\/schmuck\/blog\/author\/susannefrigge\/\" title=\"Beitr\u00e4ge von SusanneFrigge\" rel=\"author\">SusanneFrigge<\/a><\/span><\/span><span class=\"updated rich-snippet-hidden\">2022-10-09T11:30:13+02:00<\/span><div  class=\"fusion-image-wrapper\" aria-haspopup=\"true\">\n\t\t\t\t<img decoding=\"async\" width=\"420\" height=\"280\" src=\"http:\/\/www.susanne-frigge.de\/schmuck\/wp-content\/uploads\/2016\/09\/IMG_1855-Azurit-Rechteck-1-e1473176330543.jpg\" class=\"attachment-full size-full wp-post-image\" alt=\"\" \/><div class=\"fusion-rollover\">\n\t<div class=\"fusion-rollover-content\">\n\n\t\t\t\t\t\t\t\t\t\t\t\t\t\t<a class=\"fusion-rollover-link\" href=\"http:\/\/www.susanne-frigge.de\/schmuck\/blog\/portfolio-items\/azurit-collier\/?portfolioCats=3\">Azurit Collier<\/a>\n\t\t\t\n\t\t\t\t\t\t\t\t\t\t\t\t\t\t\n\t\t\t\t\t\t\t\t\n\t\t\t\t\t\t\t\t\t\t\t\t\t<div class=\"fusion-rollover-sep\"><\/div>\n\t\t\t\t\n\t\t\t\t\t\t\t\t\t\t\t\t\t\t\t\t\t\t<a class=\"fusion-rollover-gallery\" href=\"http:\/\/www.susanne-frigge.de\/schmuck\/wp-content\/uploads\/2016\/09\/IMG_1855-Azurit-Rechteck-1-e1473176330543.jpg\" data-options=\"\" data-id=\"13577\" data-rel=\"iLightbox[gallery-rw-1]\" data-title=\"IMG_1855 Azurit Rechteck\" data-caption=\"\">\n\t\t\t\t\t\tGallerie\t\t\t\t\t<\/a>\n\t\t\t\t\t\t\t\t\t\t\t\t\t\t\n\t\t\n\t\t\t\t\t\t\t\t\t\t\t\t<h4 class=\"fusion-rollover-title\">\n\t\t\t\t\t<a class=\"fusion-rollover-title-link\" href=\"http:\/\/www.susanne-frigge.de\/schmuck\/blog\/portfolio-items\/azurit-collier\/?portfolioCats=3\">\n\t\t\t\t\t\tAzurit Collier\t\t\t\t\t<\/a>\n\t\t\t\t<\/h4>\n\t\t\t\n\t\t\t\t\t\t\t\t\t\t<div class=\"fusion-rollover-categories\"><a href=\"http:\/\/www.susanne-frigge.de\/schmuck\/portfolio_category\/achat\/\" rel=\"tag\">Achat<\/a>, <a href=\"http:\/\/www.susanne-frigge.de\/schmuck\/portfolio_category\/achatuvarovitusw\/\" rel=\"tag\">Achat\/Uvarovit\/usw<\/a>, <a href=\"http:\/\/www.susanne-frigge.de\/schmuck\/portfolio_category\/anhaenger\/\" rel=\"tag\">Anh\u00e4nger<\/a>, <a href=\"http:\/\/www.susanne-frigge.de\/schmuck\/portfolio_category\/blau\/\" rel=\"tag\">Blau<\/a>, <a href=\"http:\/\/www.susanne-frigge.de\/schmuck\/portfolio_category\/colliers\/\" rel=\"tag\">Colliers<\/a><\/div>\t\t\t\t\t\n\t\t\n\t\t\t\t\t\t<a class=\"fusion-link-wrapper\" href=\"http:\/\/www.susanne-frigge.de\/schmuck\/blog\/portfolio-items\/azurit-collier\/?portfolioCats=3\" aria-label=\"Azurit Collier\"><\/a>\n\t<\/div>\n<\/div>\n<\/div>\n<\/div><\/article><article id=\"portfolio-1-post-13571\" class=\"fusion-portfolio-post achat achatuvarovitusw anhaenger bajonett-verschluss blau colliers gruen neuheiten silber fusion-col-spacing post-13571\"><div class=\"fusion-portfolio-content-wrapper\" style=\"border:none;\"><span class=\"entry-title rich-snippet-hidden\">Malachit Collier<\/span><span class=\"vcard rich-snippet-hidden\"><span class=\"fn\"><a href=\"http:\/\/www.susanne-frigge.de\/schmuck\/blog\/author\/susannefrigge\/\" title=\"Beitr\u00e4ge von SusanneFrigge\" rel=\"author\">SusanneFrigge<\/a><\/span><\/span><span class=\"updated rich-snippet-hidden\">2022-10-09T11:30:13+02:00<\/span><div  class=\"fusion-image-wrapper\" aria-haspopup=\"true\">\n\t\t\t\t<img decoding=\"async\" width=\"420\" height=\"280\" src=\"http:\/\/www.susanne-frigge.de\/schmuck\/wp-content\/uploads\/2016\/09\/IMG_1858-Azurit-Malachit-Navette-1-e1473175316499.jpg\" class=\"attachment-full size-full wp-post-image\" alt=\"\" \/><div class=\"fusion-rollover\">\n\t<div class=\"fusion-rollover-content\">\n\n\t\t\t\t\t\t\t\t\t\t\t\t\t\t<a class=\"fusion-rollover-link\" href=\"http:\/\/www.susanne-frigge.de\/schmuck\/blog\/portfolio-items\/malachit-collier\/?portfolioCats=3\">Malachit Collier<\/a>\n\t\t\t\n\t\t\t\t\t\t\t\t\t\t\t\t\t\t\n\t\t\t\t\t\t\t\t\n\t\t\t\t\t\t\t\t\t\t\t\t\t<div class=\"fusion-rollover-sep\"><\/div>\n\t\t\t\t\n\t\t\t\t\t\t\t\t\t\t\t\t\t\t\t\t\t\t<a class=\"fusion-rollover-gallery\" href=\"http:\/\/www.susanne-frigge.de\/schmuck\/wp-content\/uploads\/2016\/09\/IMG_1858-Azurit-Malachit-Navette-1-e1473175316499.jpg\" data-options=\"\" data-id=\"13571\" data-rel=\"iLightbox[gallery-rw-1]\" data-title=\"IMG_1858 Azurit Malachit Navette\" data-caption=\"\">\n\t\t\t\t\t\tGallerie\t\t\t\t\t<\/a>\n\t\t\t\t\t\t\t\t\t\t\t\t\t\t\n\t\t\n\t\t\t\t\t\t\t\t\t\t\t\t<h4 class=\"fusion-rollover-title\">\n\t\t\t\t\t<a class=\"fusion-rollover-title-link\" href=\"http:\/\/www.susanne-frigge.de\/schmuck\/blog\/portfolio-items\/malachit-collier\/?portfolioCats=3\">\n\t\t\t\t\t\tMalachit Collier\t\t\t\t\t<\/a>\n\t\t\t\t<\/h4>\n\t\t\t\n\t\t\t\t\t\t\t\t\t\t<div class=\"fusion-rollover-categories\"><a href=\"http:\/\/www.susanne-frigge.de\/schmuck\/portfolio_category\/achat\/\" rel=\"tag\">Achat<\/a>, <a href=\"http:\/\/www.susanne-frigge.de\/schmuck\/portfolio_category\/achatuvarovitusw\/\" rel=\"tag\">Achat\/Uvarovit\/usw<\/a>, <a href=\"http:\/\/www.susanne-frigge.de\/schmuck\/portfolio_category\/anhaenger\/\" rel=\"tag\">Anh\u00e4nger<\/a>, <a href=\"http:\/\/www.susanne-frigge.de\/schmuck\/portfolio_category\/bajonett-verschluss\/\" rel=\"tag\">Bajonett-Verschluss<\/a>, <a href=\"http:\/\/www.susanne-frigge.de\/schmuck\/portfolio_category\/blau\/\" rel=\"tag\">Blau<\/a>, <a href=\"http:\/\/www.susanne-frigge.de\/schmuck\/portfolio_category\/colliers\/\" rel=\"tag\">Colliers<\/a>, <a href=\"http:\/\/www.susanne-frigge.de\/schmuck\/portfolio_category\/gruen\/\" rel=\"tag\">Gr\u00fcn<\/a>, <a href=\"http:\/\/www.susanne-frigge.de\/schmuck\/portfolio_category\/neuheiten\/\" rel=\"tag\">Neuheiten<\/a>, <a href=\"http:\/\/www.susanne-frigge.de\/schmuck\/portfolio_category\/silber\/\" rel=\"tag\">Silber<\/a><\/div>\t\t\t\t\t\n\t\t\n\t\t\t\t\t\t<a class=\"fusion-link-wrapper\" href=\"http:\/\/www.susanne-frigge.de\/schmuck\/blog\/portfolio-items\/malachit-collier\/?portfolioCats=3\" aria-label=\"Malachit Collier\"><\/a>\n\t<\/div>\n<\/div>\n<\/div>\n<\/div><\/article><article id=\"portfolio-1-post-13429\" class=\"fusion-portfolio-post colliers gold grafisch metall neuheiten silber fusion-col-spacing post-13429\"><div class=\"fusion-portfolio-content-wrapper\" style=\"border:none;\"><span class=\"entry-title rich-snippet-hidden\">Collier aus Kn\u00f6pfen<\/span><span class=\"vcard rich-snippet-hidden\"><span class=\"fn\"><a href=\"http:\/\/www.susanne-frigge.de\/schmuck\/blog\/author\/susannefrigge\/\" title=\"Beitr\u00e4ge von SusanneFrigge\" rel=\"author\">SusanneFrigge<\/a><\/span><\/span><span class=\"updated rich-snippet-hidden\">2022-10-09T11:30:14+02:00<\/span><div  class=\"fusion-image-wrapper\" aria-haspopup=\"true\">\n\t\t\t\t<img decoding=\"async\" width=\"450\" height=\"300\" src=\"http:\/\/www.susanne-frigge.de\/schmuck\/wp-content\/uploads\/2015\/09\/Knopfkette-Silber-Gold21-e1443003212560.jpg\" class=\"attachment-full size-full wp-post-image\" alt=\"\" \/><div class=\"fusion-rollover\">\n\t<div class=\"fusion-rollover-content\">\n\n\t\t\t\t\t\t\t\t\t\t\t\t\t\t<a class=\"fusion-rollover-link\" href=\"http:\/\/www.susanne-frigge.de\/schmuck\/blog\/portfolio-items\/collier-aus-knoepfen\/?portfolioCats=3\">Collier aus Kn\u00f6pfen<\/a>\n\t\t\t\n\t\t\t\t\t\t\t\t\t\t\t\t\t\t\n\t\t\t\t\t\t\t\t\n\t\t\t\t\t\t\t\t\t\t\t\t\t<div class=\"fusion-rollover-sep\"><\/div>\n\t\t\t\t\n\t\t\t\t\t\t\t\t\t\t\t\t\t\t\t\t\t\t<a class=\"fusion-rollover-gallery\" href=\"http:\/\/www.susanne-frigge.de\/schmuck\/wp-content\/uploads\/2015\/09\/Knopfkette-Silber-Gold21-e1443003212560.jpg\" data-options=\"\" data-id=\"13429\" data-rel=\"iLightbox[gallery-rw-1]\" data-title=\"Knopfkette Silber Gold2\" data-caption=\"\">\n\t\t\t\t\t\tGallerie\t\t\t\t\t<\/a>\n\t\t\t\t\t\t\t\t\t\t\t\t\t\t\n\t\t\n\t\t\t\t\t\t\t\t\t\t\t\t<h4 class=\"fusion-rollover-title\">\n\t\t\t\t\t<a class=\"fusion-rollover-title-link\" href=\"http:\/\/www.susanne-frigge.de\/schmuck\/blog\/portfolio-items\/collier-aus-knoepfen\/?portfolioCats=3\">\n\t\t\t\t\t\tCollier aus Kn\u00f6pfen\t\t\t\t\t<\/a>\n\t\t\t\t<\/h4>\n\t\t\t\n\t\t\t\t\t\t\t\t\t\t<div class=\"fusion-rollover-categories\"><a href=\"http:\/\/www.susanne-frigge.de\/schmuck\/portfolio_category\/colliers\/\" rel=\"tag\">Colliers<\/a>, <a href=\"http:\/\/www.susanne-frigge.de\/schmuck\/portfolio_category\/gold\/\" rel=\"tag\">Gold<\/a>, <a href=\"http:\/\/www.susanne-frigge.de\/schmuck\/portfolio_category\/grafisch\/\" rel=\"tag\">grafisch<\/a>, <a href=\"http:\/\/www.susanne-frigge.de\/schmuck\/portfolio_category\/metall\/\" rel=\"tag\">Metall<\/a>, <a href=\"http:\/\/www.susanne-frigge.de\/schmuck\/portfolio_category\/neuheiten\/\" rel=\"tag\">Neuheiten<\/a>, <a href=\"http:\/\/www.susanne-frigge.de\/schmuck\/portfolio_category\/silber\/\" rel=\"tag\">Silber<\/a><\/div>\t\t\t\t\t\n\t\t\n\t\t\t\t\t\t<a class=\"fusion-link-wrapper\" href=\"http:\/\/www.susanne-frigge.de\/schmuck\/blog\/portfolio-items\/collier-aus-knoepfen\/?portfolioCats=3\" aria-label=\"Collier aus Kn\u00f6pfen\"><\/a>\n\t<\/div>\n<\/div>\n<\/div>\n<\/div><\/article><article id=\"portfolio-1-post-13426\" class=\"fusion-portfolio-post braun colliers gold grafisch metall neuheiten fusion-col-spacing post-13426\"><div class=\"fusion-portfolio-content-wrapper\" style=\"border:none;\"><span class=\"entry-title rich-snippet-hidden\">Ornament am Kunststoffband<\/span><span class=\"vcard rich-snippet-hidden\"><span class=\"fn\"><a href=\"http:\/\/www.susanne-frigge.de\/schmuck\/blog\/author\/susannefrigge\/\" title=\"Beitr\u00e4ge von SusanneFrigge\" rel=\"author\">SusanneFrigge<\/a><\/span><\/span><span class=\"updated rich-snippet-hidden\">2022-10-09T11:30:14+02:00<\/span><div  class=\"fusion-image-wrapper\" aria-haspopup=\"true\">\n\t\t\t\t<img decoding=\"async\" width=\"420\" height=\"280\" src=\"http:\/\/www.susanne-frigge.de\/schmuck\/wp-content\/uploads\/2015\/09\/\u00d6mmelteil-gold.jpg\" class=\"attachment-full size-full wp-post-image\" alt=\"\" \/><div class=\"fusion-rollover\">\n\t<div class=\"fusion-rollover-content\">\n\n\t\t\t\t\t\t\t\t\t\t\t\t\t\t<a class=\"fusion-rollover-link\" href=\"http:\/\/www.susanne-frigge.de\/schmuck\/blog\/portfolio-items\/ornament-am-kunststoffband\/?portfolioCats=3\">Ornament am Kunststoffband<\/a>\n\t\t\t\n\t\t\t\t\t\t\t\t\t\t\t\t\t\t\n\t\t\t\t\t\t\t\t\n\t\t\t\t\t\t\t\t\t\t\t\t\t<div class=\"fusion-rollover-sep\"><\/div>\n\t\t\t\t\n\t\t\t\t\t\t\t\t\t\t\t\t\t\t\t\t\t\t<a class=\"fusion-rollover-gallery\" href=\"http:\/\/www.susanne-frigge.de\/schmuck\/wp-content\/uploads\/2015\/09\/\u00d6mmelteil-gold.jpg\" data-options=\"\" data-id=\"13426\" data-rel=\"iLightbox[gallery-rw-1]\" data-title=\"\u00d6mmelteil gold\" data-caption=\"\">\n\t\t\t\t\t\tGallerie\t\t\t\t\t<\/a>\n\t\t\t\t\t\t\t\t\t\t\t\t\t\t\n\t\t\n\t\t\t\t\t\t\t\t\t\t\t\t<h4 class=\"fusion-rollover-title\">\n\t\t\t\t\t<a class=\"fusion-rollover-title-link\" href=\"http:\/\/www.susanne-frigge.de\/schmuck\/blog\/portfolio-items\/ornament-am-kunststoffband\/?portfolioCats=3\">\n\t\t\t\t\t\tOrnament am Kunststoffband\t\t\t\t\t<\/a>\n\t\t\t\t<\/h4>\n\t\t\t\n\t\t\t\t\t\t\t\t\t\t<div class=\"fusion-rollover-categories\"><a href=\"http:\/\/www.susanne-frigge.de\/schmuck\/portfolio_category\/braun\/\" rel=\"tag\">Braun<\/a>, <a href=\"http:\/\/www.susanne-frigge.de\/schmuck\/portfolio_category\/colliers\/\" rel=\"tag\">Colliers<\/a>, <a href=\"http:\/\/www.susanne-frigge.de\/schmuck\/portfolio_category\/gold\/\" rel=\"tag\">Gold<\/a>, <a href=\"http:\/\/www.susanne-frigge.de\/schmuck\/portfolio_category\/grafisch\/\" rel=\"tag\">grafisch<\/a>, <a href=\"http:\/\/www.susanne-frigge.de\/schmuck\/portfolio_category\/metall\/\" rel=\"tag\">Metall<\/a>, <a href=\"http:\/\/www.susanne-frigge.de\/schmuck\/portfolio_category\/neuheiten\/\" rel=\"tag\">Neuheiten<\/a><\/div>\t\t\t\t\t\n\t\t\n\t\t\t\t\t\t<a class=\"fusion-link-wrapper\" href=\"http:\/\/www.susanne-frigge.de\/schmuck\/blog\/portfolio-items\/ornament-am-kunststoffband\/?portfolioCats=3\" aria-label=\"Ornament am Kunststoffband\"><\/a>\n\t<\/div>\n<\/div>\n<\/div>\n<\/div><\/article><article id=\"portfolio-1-post-12122\" class=\"fusion-portfolio-post bajonett-verschluss bestseller colliers gold gruen lava fusion-col-spacing post-12122\"><div class=\"fusion-portfolio-content-wrapper\" style=\"border:none;\"><span class=\"entry-title rich-snippet-hidden\">Collier Lava Olive<\/span><span class=\"vcard rich-snippet-hidden\"><span class=\"fn\"><a href=\"http:\/\/www.susanne-frigge.de\/schmuck\/blog\/author\/susannefrigge\/\" title=\"Beitr\u00e4ge von SusanneFrigge\" rel=\"author\">SusanneFrigge<\/a><\/span><\/span><span class=\"updated rich-snippet-hidden\">2022-10-09T11:30:23+02:00<\/span><div  class=\"fusion-image-wrapper\" aria-haspopup=\"true\">\n\t\t\t\t<img decoding=\"async\" width=\"420\" height=\"280\" src=\"http:\/\/www.susanne-frigge.de\/schmuck\/wp-content\/uploads\/2015\/02\/Lava-gr\u00fcn-e1462204095149.jpg\" class=\"attachment-full size-full wp-post-image\" alt=\"\" \/><div class=\"fusion-rollover\">\n\t<div class=\"fusion-rollover-content\">\n\n\t\t\t\t\t\t\t\t\t\t\t\t\t\t<a class=\"fusion-rollover-link\" href=\"http:\/\/www.susanne-frigge.de\/schmuck\/blog\/portfolio-items\/collier-lava-olive\/?portfolioCats=3\">Collier Lava Olive<\/a>\n\t\t\t\n\t\t\t\t\t\t\t\t\t\t\t\t\t\t\n\t\t\t\t\t\t\t\t\n\t\t\t\t\t\t\t\t\t\t\t\t\t<div class=\"fusion-rollover-sep\"><\/div>\n\t\t\t\t\n\t\t\t\t\t\t\t\t\t\t\t\t\t\t\t\t\t\t<a class=\"fusion-rollover-gallery\" href=\"http:\/\/www.susanne-frigge.de\/schmuck\/wp-content\/uploads\/2015\/02\/Lava-gr\u00fcn-e1462204095149.jpg\" data-options=\"\" data-id=\"12122\" data-rel=\"iLightbox[gallery-rw-1]\" data-title=\"Lava gr\u00fcn\" data-caption=\"\">\n\t\t\t\t\t\tGallerie\t\t\t\t\t<\/a>\n\t\t\t\t\t\t\t\t\t\t\t\t\t\t\n\t\t\n\t\t\t\t\t\t\t\t\t\t\t\t<h4 class=\"fusion-rollover-title\">\n\t\t\t\t\t<a class=\"fusion-rollover-title-link\" href=\"http:\/\/www.susanne-frigge.de\/schmuck\/blog\/portfolio-items\/collier-lava-olive\/?portfolioCats=3\">\n\t\t\t\t\t\tCollier Lava Olive\t\t\t\t\t<\/a>\n\t\t\t\t<\/h4>\n\t\t\t\n\t\t\t\t\t\t\t\t\t\t<div class=\"fusion-rollover-categories\"><a href=\"http:\/\/www.susanne-frigge.de\/schmuck\/portfolio_category\/bajonett-verschluss\/\" rel=\"tag\">Bajonett-Verschluss<\/a>, <a href=\"http:\/\/www.susanne-frigge.de\/schmuck\/portfolio_category\/bestseller\/\" rel=\"tag\">Bestseller<\/a>, <a href=\"http:\/\/www.susanne-frigge.de\/schmuck\/portfolio_category\/colliers\/\" rel=\"tag\">Colliers<\/a>, <a href=\"http:\/\/www.susanne-frigge.de\/schmuck\/portfolio_category\/gold\/\" rel=\"tag\">Gold<\/a>, <a href=\"http:\/\/www.susanne-frigge.de\/schmuck\/portfolio_category\/gruen\/\" rel=\"tag\">Gr\u00fcn<\/a>, <a href=\"http:\/\/www.susanne-frigge.de\/schmuck\/portfolio_category\/lava\/\" rel=\"tag\">Lava<\/a><\/div>\t\t\t\t\t\n\t\t\n\t\t\t\t\t\t<a class=\"fusion-link-wrapper\" href=\"http:\/\/www.susanne-frigge.de\/schmuck\/blog\/portfolio-items\/collier-lava-olive\/?portfolioCats=3\" aria-label=\"Collier Lava Olive\"><\/a>\n\t<\/div>\n<\/div>\n<\/div>\n<\/div><\/article><article id=\"portfolio-1-post-12158\" class=\"fusion-portfolio-post achat colliers grau perlen weissgold fusion-col-spacing post-12158\"><div class=\"fusion-portfolio-content-wrapper\" style=\"border:none;\"><span class=\"entry-title rich-snippet-hidden\">Adelslilie &#8211; Schwarzer Achat<\/span><span class=\"vcard rich-snippet-hidden\"><span class=\"fn\"><a href=\"http:\/\/www.susanne-frigge.de\/schmuck\/blog\/author\/susannefrigge\/\" title=\"Beitr\u00e4ge von SusanneFrigge\" rel=\"author\">SusanneFrigge<\/a><\/span><\/span><span class=\"updated rich-snippet-hidden\">2022-10-09T11:30:23+02:00<\/span><div  class=\"fusion-image-wrapper\" aria-haspopup=\"true\">\n\t\t\t\t<img decoding=\"async\" width=\"420\" height=\"280\" src=\"http:\/\/www.susanne-frigge.de\/schmuck\/wp-content\/uploads\/2015\/02\/Adelslilie-Gravur-aus-Achat-graue-S\u00fc\u00dfwasserperlen-750-Wei\u00dfgold-Kopie-Kopie-1-e1462204366351.jpg\" class=\"attachment-full size-full wp-post-image\" alt=\"\" \/><div class=\"fusion-rollover\">\n\t<div class=\"fusion-rollover-content\">\n\n\t\t\t\t\t\t\t\t\t\t\t\t\t\t<a class=\"fusion-rollover-link\" href=\"http:\/\/www.susanne-frigge.de\/schmuck\/blog\/portfolio-items\/adelslilie\/?portfolioCats=3\">Adelslilie &#8211; Schwarzer Achat<\/a>\n\t\t\t\n\t\t\t\t\t\t\t\t\t\t\t\t\t\t\n\t\t\t\t\t\t\t\t\n\t\t\t\t\t\t\t\t\t\t\t\t\t<div class=\"fusion-rollover-sep\"><\/div>\n\t\t\t\t\n\t\t\t\t\t\t\t\t\t\t\t\t\t\t\t\t\t\t<a class=\"fusion-rollover-gallery\" href=\"http:\/\/www.susanne-frigge.de\/schmuck\/wp-content\/uploads\/2015\/02\/Adelslilie-Gravur-aus-Achat-graue-S\u00fc\u00dfwasserperlen-750-Wei\u00dfgold-Kopie-Kopie-1-e1462204366351.jpg\" data-options=\"\" data-id=\"12158\" data-rel=\"iLightbox[gallery-rw-1]\" data-title=\"Adelslilie Gravur aus Achat graue S\u00fc\u00dfwasserperlen 750 Wei\u00dfgold - Kopie - Kopie\" data-caption=\"\">\n\t\t\t\t\t\tGallerie\t\t\t\t\t<\/a>\n\t\t\t\t\t\t\t\t\t\t\t\t\t\t\n\t\t\n\t\t\t\t\t\t\t\t\t\t\t\t<h4 class=\"fusion-rollover-title\">\n\t\t\t\t\t<a class=\"fusion-rollover-title-link\" href=\"http:\/\/www.susanne-frigge.de\/schmuck\/blog\/portfolio-items\/adelslilie\/?portfolioCats=3\">\n\t\t\t\t\t\tAdelslilie &#8211; Schwarzer Achat\t\t\t\t\t<\/a>\n\t\t\t\t<\/h4>\n\t\t\t\n\t\t\t\t\t\t\t\t\t\t<div class=\"fusion-rollover-categories\"><a href=\"http:\/\/www.susanne-frigge.de\/schmuck\/portfolio_category\/achat\/\" rel=\"tag\">Achat<\/a>, <a href=\"http:\/\/www.susanne-frigge.de\/schmuck\/portfolio_category\/colliers\/\" rel=\"tag\">Colliers<\/a>, <a href=\"http:\/\/www.susanne-frigge.de\/schmuck\/portfolio_category\/grau\/\" rel=\"tag\">Grau<\/a>, <a href=\"http:\/\/www.susanne-frigge.de\/schmuck\/portfolio_category\/perlen\/\" rel=\"tag\">Perlen<\/a>, <a href=\"http:\/\/www.susanne-frigge.de\/schmuck\/portfolio_category\/weissgold\/\" rel=\"tag\">Wei\u00dfgold<\/a><\/div>\t\t\t\t\t\n\t\t\n\t\t\t\t\t\t<a class=\"fusion-link-wrapper\" href=\"http:\/\/www.susanne-frigge.de\/schmuck\/blog\/portfolio-items\/adelslilie\/?portfolioCats=3\" aria-label=\"Adelslilie &#8211; Schwarzer Achat\"><\/a>\n\t<\/div>\n<\/div>\n<\/div>\n<\/div><\/article><article id=\"portfolio-1-post-12200\" class=\"fusion-portfolio-post colliers fusion-col-spacing post-12200\"><div class=\"fusion-portfolio-content-wrapper\" style=\"border:none;\"><span class=\"entry-title rich-snippet-hidden\">Dreifarbiges Collier<\/span><span class=\"vcard rich-snippet-hidden\"><span class=\"fn\"><a href=\"http:\/\/www.susanne-frigge.de\/schmuck\/blog\/author\/susannefrigge\/\" title=\"Beitr\u00e4ge von SusanneFrigge\" rel=\"author\">SusanneFrigge<\/a><\/span><\/span><span class=\"updated rich-snippet-hidden\">2022-10-09T11:30:21+02:00<\/span><div  class=\"fusion-image-wrapper\" aria-haspopup=\"true\">\n\t\t\t\t<img decoding=\"async\" width=\"420\" height=\"280\" src=\"http:\/\/www.susanne-frigge.de\/schmuck\/wp-content\/uploads\/2015\/02\/CRW_28802.jpg\" class=\"attachment-full size-full wp-post-image\" alt=\"\" \/><div class=\"fusion-rollover\">\n\t<div class=\"fusion-rollover-content\">\n\n\t\t\t\t\t\t\t\t\t\t\t\t\t\t<a class=\"fusion-rollover-link\" href=\"http:\/\/www.susanne-frigge.de\/schmuck\/blog\/portfolio-items\/dreifarbiges-collier\/?portfolioCats=3\">Dreifarbiges Collier<\/a>\n\t\t\t\n\t\t\t\t\t\t\t\t\t\t\t\t\t\t\n\t\t\t\t\t\t\t\t\n\t\t\t\t\t\t\t\t\t\t\t\t\t<div class=\"fusion-rollover-sep\"><\/div>\n\t\t\t\t\n\t\t\t\t\t\t\t\t\t\t\t\t\t\t\t\t\t\t<a class=\"fusion-rollover-gallery\" href=\"http:\/\/www.susanne-frigge.de\/schmuck\/wp-content\/uploads\/2015\/02\/CRW_28802.jpg\" data-options=\"\" data-id=\"12200\" data-rel=\"iLightbox[gallery-rw-1]\" data-title=\"CRW_2880\" data-caption=\"\">\n\t\t\t\t\t\tGallerie\t\t\t\t\t<\/a>\n\t\t\t\t\t\t\t\t\t\t\t\t\t\t\n\t\t\n\t\t\t\t\t\t\t\t\t\t\t\t<h4 class=\"fusion-rollover-title\">\n\t\t\t\t\t<a class=\"fusion-rollover-title-link\" href=\"http:\/\/www.susanne-frigge.de\/schmuck\/blog\/portfolio-items\/dreifarbiges-collier\/?portfolioCats=3\">\n\t\t\t\t\t\tDreifarbiges Collier\t\t\t\t\t<\/a>\n\t\t\t\t<\/h4>\n\t\t\t\n\t\t\t\t\t\t\t\t\t\t<div class=\"fusion-rollover-categories\"><a href=\"http:\/\/www.susanne-frigge.de\/schmuck\/portfolio_category\/colliers\/\" rel=\"tag\">Colliers<\/a><\/div>\t\t\t\t\t\n\t\t\n\t\t\t\t\t\t<a class=\"fusion-link-wrapper\" href=\"http:\/\/www.susanne-frigge.de\/schmuck\/blog\/portfolio-items\/dreifarbiges-collier\/?portfolioCats=3\" aria-label=\"Dreifarbiges Collier\"><\/a>\n\t<\/div>\n<\/div>\n<\/div>\n<\/div><\/article><article id=\"portfolio-1-post-12480\" class=\"fusion-portfolio-post anhaenger colliers fein-2 lilapink porzellan silber fusion-col-spacing post-12480\"><div class=\"fusion-portfolio-content-wrapper\" style=\"border:none;\"><span class=\"entry-title rich-snippet-hidden\">Porzellan-Lilie<\/span><span class=\"vcard rich-snippet-hidden\"><span class=\"fn\"><a href=\"http:\/\/www.susanne-frigge.de\/schmuck\/blog\/author\/susannefrigge\/\" title=\"Beitr\u00e4ge von SusanneFrigge\" rel=\"author\">SusanneFrigge<\/a><\/span><\/span><span class=\"updated rich-snippet-hidden\">2022-10-09T11:30:18+02:00<\/span><div  class=\"fusion-image-wrapper\" aria-haspopup=\"true\">\n\t\t\t\t<img decoding=\"async\" width=\"420\" height=\"280\" src=\"http:\/\/www.susanne-frigge.de\/schmuck\/wp-content\/uploads\/2015\/02\/IMG_6468-Kopie2.jpg\" class=\"attachment-full size-full wp-post-image\" alt=\"\" \/><div class=\"fusion-rollover\">\n\t<div class=\"fusion-rollover-content\">\n\n\t\t\t\t\t\t\t\t\t\t\t\t\t\t<a class=\"fusion-rollover-link\" href=\"http:\/\/www.susanne-frigge.de\/schmuck\/blog\/portfolio-items\/porzellan-lilie-2\/?portfolioCats=3\">Porzellan-Lilie<\/a>\n\t\t\t\n\t\t\t\t\t\t\t\t\t\t\t\t\t\t\n\t\t\t\t\t\t\t\t\n\t\t\t\t\t\t\t\t\t\t\t\t\t<div class=\"fusion-rollover-sep\"><\/div>\n\t\t\t\t\n\t\t\t\t\t\t\t\t\t\t\t\t\t\t\t\t\t\t<a class=\"fusion-rollover-gallery\" href=\"http:\/\/www.susanne-frigge.de\/schmuck\/wp-content\/uploads\/2015\/02\/IMG_6468-Kopie2.jpg\" data-options=\"\" data-id=\"12480\" data-rel=\"iLightbox[gallery-rw-1]\" data-title=\"IMG_6468 Kopie\" data-caption=\"\">\n\t\t\t\t\t\tGallerie\t\t\t\t\t<\/a>\n\t\t\t\t\t\t\t\t\t\t\t\t\t\t\n\t\t\n\t\t\t\t\t\t\t\t\t\t\t\t<h4 class=\"fusion-rollover-title\">\n\t\t\t\t\t<a class=\"fusion-rollover-title-link\" href=\"http:\/\/www.susanne-frigge.de\/schmuck\/blog\/portfolio-items\/porzellan-lilie-2\/?portfolioCats=3\">\n\t\t\t\t\t\tPorzellan-Lilie\t\t\t\t\t<\/a>\n\t\t\t\t<\/h4>\n\t\t\t\n\t\t\t\t\t\t\t\t\t\t<div class=\"fusion-rollover-categories\"><a href=\"http:\/\/www.susanne-frigge.de\/schmuck\/portfolio_category\/anhaenger\/\" rel=\"tag\">Anh\u00e4nger<\/a>, <a href=\"http:\/\/www.susanne-frigge.de\/schmuck\/portfolio_category\/colliers\/\" rel=\"tag\">Colliers<\/a>, <a href=\"http:\/\/www.susanne-frigge.de\/schmuck\/portfolio_category\/fein-2\/\" rel=\"tag\">Fein<\/a>, <a href=\"http:\/\/www.susanne-frigge.de\/schmuck\/portfolio_category\/lilapink\/\" rel=\"tag\">Lila\/Pink<\/a>, <a href=\"http:\/\/www.susanne-frigge.de\/schmuck\/portfolio_category\/porzellan\/\" rel=\"tag\">Porzellan<\/a>, <a href=\"http:\/\/www.susanne-frigge.de\/schmuck\/portfolio_category\/silber\/\" rel=\"tag\">Silber<\/a><\/div>\t\t\t\t\t\n\t\t\n\t\t\t\t\t\t<a class=\"fusion-link-wrapper\" href=\"http:\/\/www.susanne-frigge.de\/schmuck\/blog\/portfolio-items\/porzellan-lilie-2\/?portfolioCats=3\" aria-label=\"Porzellan-Lilie\"><\/a>\n\t<\/div>\n<\/div>\n<\/div>\n<\/div><\/article><\/div><div class=\"pagination clearfix\"><span class=\"current\">1<\/span><a href=\"http:\/\/www.susanne-frigge.de\/schmuck\/wp-json\/wp\/v2\/pages\/11074\/page\/2\/\" class=\"inactive\">2<\/a><a class=\"pagination-next\" rel=\"next\" href=\"http:\/\/www.susanne-frigge.de\/schmuck\/wp-json\/wp\/v2\/pages\/11074\/page\/2\/\"><span class=\"page-text\">Vor<\/span><span class=\"page-next\"><\/span><\/a><\/div><div class=\"fusion-clearfix\"><\/div><\/div><\/div><\/div><\/div><\/div><\/p>\n","protected":false},"excerpt":{"rendered":"","protected":false},"author":1,"featured_media":0,"parent":0,"menu_order":0,"comment_status":"open","ping_status":"open","template":"","meta":{"footnotes":""},"class_list":["post-11074","page","type-page","status-publish","hentry"],"_links":{"self":[{"href":"http:\/\/www.susanne-frigge.de\/schmuck\/wp-json\/wp\/v2\/pages\/11074","targetHints":{"allow":["GET"]}}],"collection":[{"href":"http:\/\/www.susanne-frigge.de\/schmuck\/wp-json\/wp\/v2\/pages"}],"about":[{"href":"http:\/\/www.susanne-frigge.de\/schmuck\/wp-json\/wp\/v2\/types\/page"}],"author":[{"embeddable":true,"href":"http:\/\/www.susanne-frigge.de\/schmuck\/wp-json\/wp\/v2\/users\/1"}],"replies":[{"embeddable":true,"href":"http:\/\/www.susanne-frigge.de\/schmuck\/wp-json\/wp\/v2\/comments?post=11074"}],"version-history":[{"count":7,"href":"http:\/\/www.susanne-frigge.de\/schmuck\/wp-json\/wp\/v2\/pages\/11074\/revisions"}],"predecessor-version":[{"id":13770,"href":"http:\/\/www.susanne-frigge.de\/schmuck\/wp-json\/wp\/v2\/pages\/11074\/revisions\/13770"}],"wp:attachment":[{"href":"http:\/\/www.susanne-frigge.de\/schmuck\/wp-json\/wp\/v2\/media?parent=11074"}],"curies":[{"name":"wp","href":"https:\/\/api.w.org\/{rel}","templated":true}]}}